{"id":1066,"date":"2024-01-29T10:44:57","date_gmt":"2024-01-29T08:44:57","guid":{"rendered":"https:\/\/fashionedproject.eu\/home\/"},"modified":"2025-12-03T15:39:17","modified_gmt":"2025-12-03T13:39:17","slug":"home","status":"publish","type":"page","link":"https:\/\/fashionedproject.eu\/es\/","title":{"rendered":"Inicio"},"content":{"rendered":"<!--themify_builder_content-->\n<div id=\"themify_builder_content-1066\" data-postid=\"1066\" class=\"themify_builder_content themify_builder_content-1066 themify_builder tf_clear\">\n    \t\t\t\t<!-- module_row -->\n\t\t<div  data-css_id=\"aka8443\" data-lazy=\"1\" class=\"module_row themify_builder_row fullwidth tb_aka8443 tb_first tf_w tf_clearfix\">\n\t\t\t\t\t<div class=\"row_inner col_align_top tb_col_count_1 tf_box tf_rel\">\n\t\t\t\t\t<div  data-lazy=\"1\" class=\"module_column tb-column col-full tb_h4bq444 first\">\n\t\t\t\t\t\t\t\t\t<div class=\"tb-column-inner tf_box tf_w\">\n\t\t\t\t<!-- module image -->\n<div  class=\"module module-image tb_o060880   image-top auto_fullwidth tf_mw\" data-lazy=\"1\">\n        <div class=\"image-wrap tf_rel tf_mw\">\n\t\t    <img loading=\"lazy\" decoding=\"async\" width=\"1600\" height=\"556\" src=\"https:\/\/fashionedproject.eu\/wp-content\/uploads\/2025\/12\/sp-7.png\" class=\"wp-post-image wp-image-3932\" title=\"sp (7)\" alt=\"sp (7)\" srcset=\"https:\/\/fashionedproject.eu\/wp-content\/uploads\/2025\/12\/sp-7.png 1600w, https:\/\/fashionedproject.eu\/wp-content\/uploads\/2025\/12\/sp-7-300x104.png 300w, https:\/\/fashionedproject.eu\/wp-content\/uploads\/2025\/12\/sp-7-1024x356.png 1024w, https:\/\/fashionedproject.eu\/wp-content\/uploads\/2025\/12\/sp-7-768x267.png 768w, https:\/\/fashionedproject.eu\/wp-content\/uploads\/2025\/12\/sp-7-1536x534.png 1536w\" sizes=\"auto, (max-width: 1600px) 100vw, 1600px\" \/>\t\n\t\t<\/div>\n\t<!-- \/image-wrap -->\n    \n    \t<\/div>\n<!-- \/module image -->\t\t\t\t<\/div><!-- .tb-column-inner -->\n\t\t\t\t\t\t<\/div><!-- .module_column -->\n\t\t\t\t\t\t<\/div><!-- .row_inner -->\n\t\t<\/div><!-- .module_row -->\n\t\t\t\t\t\t\t\t<!-- module_row -->\n\t\t<div  data-css_id=\"kqyi18\" data-lazy=\"1\" class=\"module_row themify_builder_row fullwidth tb_kqyi18 tf_w tf_clearfix\">\n\t\t\t\t\t<div class=\"row_inner col_align_top tb_col_count_2 tf_box tf_rel\">\n\t\t\t\t\t<div  data-lazy=\"1\" class=\"module_column tb-column col4-2 tb_mosg18 first\">\n\t\t\t\t\t\t\t\t\t<div class=\"tb-column-inner tf_box tf_w\">\n\t\t\t\t<!-- module text -->\n<div  class=\"module module-text tb_jsmm229  repeat \" data-lazy=\"1\">\n        <div  class=\"tb_text_wrap\">\n    <h1>Inicio<\/h1>    <\/div>\n<\/div>\n<!-- \/module text --><!-- module text -->\n<div  class=\"module module-text tb_wdah859   \" data-lazy=\"1\">\n        <div  class=\"tb_text_wrap\">\n    <p>La industria de la moda, considerada la segunda m\u00e1s contaminante del mundo despu\u00e9s del petr\u00f3leo, est\u00e1 causando importantes da\u00f1os al medio ambiente. Esto incluye un exceso de residuos, productos qu\u00edmicos nocivos y contaminaci\u00f3n del agua y suelo.<\/p>\n<p>Para hacer frente a esta situaci\u00f3n, Fashion.ED trata de crear ropa de forma m\u00e1s sostenible, teniendo en cuenta todas las etapas, desde el abastecimiento de materiales hasta su eliminaci\u00f3n. Es crucial utilizar materiales ecol\u00f3gicos, minimizar los residuos y garantizar pr\u00e1cticas laborales justas para reducir el impacto ambiental de la moda y promover una industria m\u00e1s responsable.<\/p>    <\/div>\n<\/div>\n<!-- \/module text -->\t\t\t\t<\/div><!-- .tb-column-inner -->\n\t\t\t\t\t\t<\/div><!-- .module_column -->\n\t\t\t\t\t<div  data-lazy=\"1\" class=\"module_column tb-column col4-2 tb_6onj18 last\">\n\t\t\t\t\t\t\t\t\t<div class=\"tb-column-inner tf_box tf_w\">\n\t\t\t\t<!-- module image -->\n<div  class=\"module module-image tb_6z0d51   image-center tf_mw\" data-lazy=\"1\">\n        <div class=\"image-wrap tf_rel tf_mw\">\n\t\t    <img loading=\"lazy\" decoding=\"async\" src=\"https:\/\/fashionedproject.eu\/wp-content\/uploads\/2024\/01\/Frame-2-449x299.png\" width=\"449\" height=\"299\" class=\"wp-post-image wp-image-926\" title=\"Frame 2\" alt=\"Frame 2\" srcset=\"https:\/\/fashionedproject.eu\/wp-content\/uploads\/2024\/01\/Frame-2-449x299.png 449w, https:\/\/fashionedproject.eu\/wp-content\/uploads\/2024\/01\/Frame-2-300x200.png 300w, https:\/\/fashionedproject.eu\/wp-content\/uploads\/2024\/01\/Frame-2-317x210.png 317w, https:\/\/fashionedproject.eu\/wp-content\/uploads\/2024\/01\/Frame-2.png 477w\" sizes=\"auto, (max-width: 449px) 100vw, 449px\" \/>\t\n\t\t<\/div>\n\t<!-- \/image-wrap -->\n    \n    \t<\/div>\n<!-- \/module image -->\t\t\t\t<\/div><!-- .tb-column-inner -->\n\t\t\t\t\t\t<\/div><!-- .module_column -->\n\t\t\t\t\t\t<\/div><!-- .row_inner -->\n\t\t<\/div><!-- .module_row -->\n\t\t\t\t\t\t\t\t<!-- module_row -->\n\t\t<div  data-css_id=\"atog879\" data-lazy=\"1\" class=\"module_row themify_builder_row fullwidth_row_container tb_atog879 tf_w tf_clearfix\">\n\t\t\t\t\t<div class=\"row_inner col_align_top tb_col_count_1 tf_box tf_rel\">\n\t\t\t\t\t<div  data-lazy=\"1\" class=\"module_column tb-column col-full tb_p9n0879 first\">\n\t\t\t\t\t\t\t\t\t<div class=\"tb-column-inner tf_box tf_w\">\n\t\t\t\t<!-- module image -->\n<div  class=\"module module-image tb_mhrn343   image-center tf_mw\" data-lazy=\"1\">\n        <div class=\"image-wrap tf_rel tf_mw\">\n\t\t    <img loading=\"lazy\" decoding=\"async\" width=\"72\" height=\"78\" src=\"https:\/\/fashionedproject.eu\/wp-content\/uploads\/2024\/01\/Frame-23.png\" class=\"wp-post-image wp-image-931\" title=\"Frame 23\" alt=\"Frame 23\">\t\n\t\t<\/div>\n\t<!-- \/image-wrap -->\n    \n    \t<\/div>\n<!-- \/module image -->\t\t\t\t<\/div><!-- .tb-column-inner -->\n\t\t\t\t\t\t<\/div><!-- .module_column -->\n\t\t\t\t\t\t<\/div><!-- .row_inner -->\n\t\t<\/div><!-- .module_row -->\n\t\t\t\t\t\t\t\t<!-- module_row -->\n\t\t<div  data-css_id=\"4xmh804\" data-lazy=\"1\" class=\"module_row themify_builder_row fullwidth_row_container tb_4xmh804 tf_w tf_clearfix\">\n\t\t\t\t\t<div class=\"row_inner col_align_top tb_col_count_1 tf_box tf_rel\">\n\t\t\t\t\t<div  data-lazy=\"1\" class=\"module_column tb-column col-full tb_t05e804 first\">\n\t\t\t\t\t\t\t\t\t<div class=\"tb-column-inner tf_box tf_w\">\n\t\t\t\t<!-- module text -->\n<div  class=\"module module-text tb_3pto308   \" data-lazy=\"1\">\n        <div  class=\"tb_text_wrap\">\n    <p style=\"text-align: center;\">Fashion.ED aspira a cultivar un panorama de educaci\u00f3n superior emprendedora, digital e innovadora. Su objetivo es mejorar las habilidades empresariales de los estudiantes, anim\u00e1ndoles a seguir carreras en la moda ecol\u00f3gica. Esta iniciativa pretende contribuir al crecimiento de la econom\u00eda circular y promover el ecodise\u00f1o dentro de la industria de la moda, aline\u00e1ndose con los objetivos del Espacio Europeo de Educaci\u00f3n.<\/p>    <\/div>\n<\/div>\n<!-- \/module text -->\t\t\t\t<\/div><!-- .tb-column-inner -->\n\t\t\t\t\t\t<\/div><!-- .module_column -->\n\t\t\t\t\t\t<\/div><!-- .row_inner -->\n\t\t<\/div><!-- .module_row -->\n\t\t\t\t\t\t\t\t<!-- module_row -->\n\t\t<div  data-lazy=\"1\" class=\"module_row themify_builder_row tb_l6d2899 tf_w tf_clearfix\">\n\t\t\t\t\t<div class=\"row_inner col_align_top tb_col_count_1 tf_box tf_rel\">\n\t\t\t\t\t<div  data-lazy=\"1\" class=\"module_column tb-column col-full tb_0pn8899 first\">\n\t\t\t\t\t\t\t\t\t<div class=\"tb-column-inner tf_box tf_w\">\n\t\t\t\t<!-- module text -->\n<div  class=\"module module-text tb_qg3n604   \" data-lazy=\"1\">\n        <div  class=\"tb_text_wrap\">\n    <h2 style=\"text-align: center;\"><strong>#FASHIONED\u00a0 #ERASMUSPLUS\u00a0 #SEPIE<\/strong><\/h2>    <\/div>\n<\/div>\n<!-- \/module text -->\t\t\t\t<\/div><!-- .tb-column-inner -->\n\t\t\t\t\t\t<\/div><!-- .module_column -->\n\t\t\t\t\t\t<\/div><!-- .row_inner -->\n\t\t<\/div><!-- .module_row -->\n\t\t\t\t\t\t\t\t<!-- module_row -->\n\t\t<div  data-css_id=\"g8k6978\" data-lazy=\"1\" class=\"module_row themify_builder_row fullwidth tb_g8k6978 tf_w tf_clearfix\">\n\t\t\t\t\t<div class=\"row_inner col_align_top tb_col_count_1 tf_box tf_rel\">\n\t\t\t\t\t<div  data-lazy=\"1\" class=\"module_column tb-column col-full tb_zht8978 first\">\n\t\t\t\t\t\t\t\t\t<div class=\"tb-column-inner tf_box tf_w\">\n\t\t\t\t<!-- module image -->\n<div  class=\"module module-image tb_bbyz571   image-top auto_fullwidth tf_mw\" data-lazy=\"1\">\n        <div class=\"image-wrap tf_rel tf_mw\">\n\t\t    <img loading=\"lazy\" decoding=\"async\" width=\"1600\" height=\"64\" src=\"https:\/\/fashionedproject.eu\/wp-content\/uploads\/2024\/01\/Frame-10.png\" class=\"wp-post-image wp-image-936\" title=\"Frame 10\" alt=\"Frame 10\" srcset=\"https:\/\/fashionedproject.eu\/wp-content\/uploads\/2024\/01\/Frame-10.png 1600w, https:\/\/fashionedproject.eu\/wp-content\/uploads\/2024\/01\/Frame-10-300x12.png 300w, https:\/\/fashionedproject.eu\/wp-content\/uploads\/2024\/01\/Frame-10-1024x41.png 1024w, https:\/\/fashionedproject.eu\/wp-content\/uploads\/2024\/01\/Frame-10-768x31.png 768w, https:\/\/fashionedproject.eu\/wp-content\/uploads\/2024\/01\/Frame-10-1536x61.png 1536w\" sizes=\"auto, (max-width: 1600px) 100vw, 1600px\" \/>\t\n\t\t<\/div>\n\t<!-- \/image-wrap -->\n    \n    \t<\/div>\n<!-- \/module image -->\t\t\t\t<\/div><!-- .tb-column-inner -->\n\t\t\t\t\t\t<\/div><!-- .module_column -->\n\t\t\t\t\t\t<\/div><!-- .row_inner -->\n\t\t<\/div><!-- .module_row -->\n\t\t\t\t\t\t\t\t<!-- module_row -->\n\t\t<div  data-lazy=\"1\" class=\"module_row themify_builder_row tb_kghj502 tf_w tf_clearfix\">\n\t\t\t\t\t<div class=\"row_inner col_align_top tb_col_count_1 tf_box tf_rel\">\n\t\t\t\t\t<div  data-lazy=\"1\" class=\"module_column tb-column col-full tb_gdfd502 first\">\n\t\t\t\t\t\t\t\t\t<div class=\"tb-column-inner tf_box tf_w\">\n\t\t\t\t<!-- module text -->\n<div  class=\"module module-text tb_hfrq575   \" data-lazy=\"1\">\n        <div  class=\"tb_text_wrap\">\n    <h1 style=\"text-align: center;\">Objetivos<\/h1>    <\/div>\n<\/div>\n<!-- \/module text -->\t\t\t\t<\/div><!-- .tb-column-inner -->\n\t\t\t\t\t\t<\/div><!-- .module_column -->\n\t\t\t\t\t\t<\/div><!-- .row_inner -->\n\t\t<\/div><!-- .module_row -->\n\t\t\t\t\t\t\t\t<!-- module_row -->\n\t\t<div  data-css_id=\"j2sw559\" data-lazy=\"1\" class=\"module_row themify_builder_row fullwidth_row_container tb_j2sw559 tf_w tf_clearfix\">\n\t\t\t\t\t<div class=\"row_inner col_align_top tb_col_count_1 tf_box tf_rel\">\n\t\t\t\t\t<div  data-lazy=\"1\" class=\"module_column tb-column col-full tb_vppx559 first\">\n\t\t\t\t\t\t\t\t\t<div class=\"tb-column-inner tf_box tf_w\">\n\t\t\t\t<!-- module text -->\n<div  class=\"module module-text tb_xo1t827   \" data-lazy=\"1\">\n        <div  class=\"tb_text_wrap\">\n    <p style=\"text-align: center;\">Nuestro principal objetivo es apoyar a los emprendedores emergentes, gui\u00e1ndoles en la transformaci\u00f3n de sus conceptos en empresas pr\u00f3speras y sostenibles. A trav\u00e9s de una oferta de formaci\u00f3n, herramientas y recursos, nuestro programa busca inspirar a estudiantes de instituciones de Educaci\u00f3n Superior (IES) a seguir carreras dentro del sector de la moda ecol\u00f3gica. Adem\u00e1s, pretendemos facilitar su contribuci\u00f3n al avance de la econom\u00eda circular y el dise\u00f1o ecol\u00f3gico dentro de la industria textil, de la confecci\u00f3n y de la moda.<\/p>    <\/div>\n<\/div>\n<!-- \/module text -->\t\t\t\t<\/div><!-- .tb-column-inner -->\n\t\t\t\t\t\t<\/div><!-- .module_column -->\n\t\t\t\t\t\t<\/div><!-- .row_inner -->\n\t\t<\/div><!-- .module_row -->\n\t\t\t\t\t\t\t\t<!-- module_row -->\n\t\t<div  data-lazy=\"1\" class=\"module_row themify_builder_row tb_brrp850 tf_w tf_clearfix\">\n\t\t\t\t\t<div class=\"row_inner col_align_top tb_col_count_4 tf_box tf_rel\">\n\t\t\t\t\t<div  data-lazy=\"1\" class=\"module_column tb-column col4-1 tb_85h7850 first\">\n\t\t\t\t\t\t\t\t\t<div class=\"tb-column-inner tf_box tf_w\">\n\t\t\t\t<!-- module image -->\n<div  class=\"module module-image tb_evgl13   image-center tf_mw\" data-lazy=\"1\">\n        <div class=\"image-wrap tf_rel tf_mw\">\n\t\t    <img loading=\"lazy\" decoding=\"async\" width=\"241\" height=\"149\" src=\"https:\/\/fashionedproject.eu\/wp-content\/uploads\/2024\/04\/Frame-13.png\" class=\"wp-post-image wp-image-1201\" title=\"Frame 13\" alt=\"Frame 13\">\t\n\t\t<\/div>\n\t<!-- \/image-wrap -->\n    \n    \t<\/div>\n<!-- \/module image --><!-- module text -->\n<div  class=\"module module-text tb_jp9f684  repeat \" data-lazy=\"1\">\n        <div  class=\"tb_text_wrap\">\n    <p>Dotar a los estudiantes de amplios conocimientos sobre ecodise\u00f1o en el sector de la moda y el textil, complementados con impresionantes experiencias en Realidad Virtual (RV).<\/p>    <\/div>\n<\/div>\n<!-- \/module text -->\t\t\t\t<\/div><!-- .tb-column-inner -->\n\t\t\t\t\t\t<\/div><!-- .module_column -->\n\t\t\t\t\t<div  data-lazy=\"1\" class=\"module_column tb-column col4-1 tb_exdw850\">\n\t\t\t\t\t\t\t\t\t<div class=\"tb-column-inner tf_box tf_w\">\n\t\t\t\t<!-- module image -->\n<div  class=\"module module-image tb_w7ie318   image-center tf_mw\" data-lazy=\"1\">\n        <div class=\"image-wrap tf_rel tf_mw\">\n\t\t    <img loading=\"lazy\" decoding=\"async\" width=\"241\" height=\"149\" src=\"https:\/\/fashionedproject.eu\/wp-content\/uploads\/2024\/04\/Frame-13-1.png\" class=\"wp-post-image wp-image-1195\" title=\"Frame 13 (1)\" alt=\"Frame 13 (1)\">\t\n\t\t<\/div>\n\t<!-- \/image-wrap -->\n    \n    \t<\/div>\n<!-- \/module image --><!-- module text -->\n<div  class=\"module module-text tb_4tbb86  repeat \" data-lazy=\"1\">\n        <div  class=\"tb_text_wrap\">\n    <p>Mejorar las habilidades empresariales de los estudiantes y permitirles crear planes de empresa eficaces que integren el ecodise\u00f1o en el sector textil y de la moda.<\/p>    <\/div>\n<\/div>\n<!-- \/module text -->\t\t\t\t<\/div><!-- .tb-column-inner -->\n\t\t\t\t\t\t<\/div><!-- .module_column -->\n\t\t\t\t\t<div  data-lazy=\"1\" class=\"module_column tb-column col4-1 tb_gyth850\">\n\t\t\t\t\t\t\t\t\t<div class=\"tb-column-inner tf_box tf_w\">\n\t\t\t\t<!-- module image -->\n<div  class=\"module module-image tb_p1ci358   image-center tf_mw\" data-lazy=\"1\">\n        <div class=\"image-wrap tf_rel tf_mw\">\n\t\t    <img loading=\"lazy\" decoding=\"async\" width=\"241\" height=\"149\" src=\"https:\/\/fashionedproject.eu\/wp-content\/uploads\/2024\/04\/Frame-13-2.png\" class=\"wp-post-image wp-image-1189\" title=\"Frame 13 (2)\" alt=\"Frame 13 (2)\">\t\n\t\t<\/div>\n\t<!-- \/image-wrap -->\n    \n    \t<\/div>\n<!-- \/module image --><!-- module text -->\n<div  class=\"module module-text tb_g8kw960  repeat \" data-lazy=\"1\">\n        <div  class=\"tb_text_wrap\">\n    <p>Organizar sesiones de formaci\u00f3n y visitas a industria para que los estudiantes adquieran conocimientos pr\u00e1cticos de empresas reales del sector de la moda donde aplican el ecodise\u00f1o.<\/p>    <\/div>\n<\/div>\n<!-- \/module text -->\t\t\t\t<\/div><!-- .tb-column-inner -->\n\t\t\t\t\t\t<\/div><!-- .module_column -->\n\t\t\t\t\t<div  data-lazy=\"1\" class=\"module_column tb-column col4-1 tb_udhh850 last\">\n\t\t\t\t\t\t\t\t\t<div class=\"tb-column-inner tf_box tf_w\">\n\t\t\t\t<!-- module image -->\n<div  class=\"module module-image tb_ztep199   image-center tf_mw\" data-lazy=\"1\">\n        <div class=\"image-wrap tf_rel tf_mw\">\n\t\t    <img loading=\"lazy\" decoding=\"async\" width=\"241\" height=\"152\" src=\"https:\/\/fashionedproject.eu\/wp-content\/uploads\/2024\/04\/Frame-13-3.png\" class=\"wp-post-image wp-image-1183\" title=\"Frame 13 (3)\" alt=\"Frame 13 (3)\">\t\n\t\t<\/div>\n\t<!-- \/image-wrap -->\n    \n    \t<\/div>\n<!-- \/module image --><!-- module text -->\n<div  class=\"module module-text tb_gymn809  repeat \" data-lazy=\"1\">\n        <div  class=\"tb_text_wrap\">\n    <p>Cultivar una mentalidad orientada a la innovaci\u00f3n entre los estudiantes haci\u00e9ndoles participar en un concurso centrado en el desarrollo de planes de negocio para empresas de ecodise\u00f1o.<\/p>    <\/div>\n<\/div>\n<!-- \/module text -->\t\t\t\t<\/div><!-- .tb-column-inner -->\n\t\t\t\t\t\t<\/div><!-- .module_column -->\n\t\t\t\t\t\t<\/div><!-- .row_inner -->\n\t\t<\/div><!-- .module_row -->\n\t\t\t\t\t\t\t\t<!-- module_row -->\n\t\t<div  data-css_id=\"2cwe898\" data-lazy=\"1\" class=\"module_row themify_builder_row fullwidth tb_2cwe898 tf_w tf_clearfix\">\n\t\t\t\t\t<div class=\"row_inner col_align_top tb_col_count_1 tf_box tf_rel\">\n\t\t\t\t\t<div  data-lazy=\"1\" class=\"module_column tb-column col-full tb_n2ki898 first\">\n\t\t\t\t\t\t\t\t\t<div class=\"tb-column-inner tf_box tf_w\">\n\t\t\t\t<!-- module image -->\n<div  class=\"module module-image tb_uizr855   image-top auto_fullwidth tf_mw\" data-lazy=\"1\">\n        <div class=\"image-wrap tf_rel tf_mw\">\n\t\t    <img loading=\"lazy\" decoding=\"async\" width=\"1600\" height=\"80\" src=\"https:\/\/fashionedproject.eu\/wp-content\/uploads\/2024\/01\/Frame-11.png\" class=\"wp-post-image wp-image-961\" title=\"Frame 11\" alt=\"Frame 11\" srcset=\"https:\/\/fashionedproject.eu\/wp-content\/uploads\/2024\/01\/Frame-11.png 1600w, https:\/\/fashionedproject.eu\/wp-content\/uploads\/2024\/01\/Frame-11-300x15.png 300w, https:\/\/fashionedproject.eu\/wp-content\/uploads\/2024\/01\/Frame-11-1024x51.png 1024w, https:\/\/fashionedproject.eu\/wp-content\/uploads\/2024\/01\/Frame-11-768x38.png 768w, https:\/\/fashionedproject.eu\/wp-content\/uploads\/2024\/01\/Frame-11-1536x77.png 1536w\" sizes=\"auto, (max-width: 1600px) 100vw, 1600px\" \/>\t\n\t\t<\/div>\n\t<!-- \/image-wrap -->\n    \n    \t<\/div>\n<!-- \/module image -->\t\t\t\t<\/div><!-- .tb-column-inner -->\n\t\t\t\t\t\t<\/div><!-- .module_column -->\n\t\t\t\t\t\t<\/div><!-- .row_inner -->\n\t\t<\/div><!-- .module_row -->\n\t\t\t\t\t\t\t\t<!-- module_row -->\n\t\t<div  data-css_id=\"53f6948\" data-lazy=\"1\" class=\"module_row themify_builder_row fullwidth tb_53f6948 tf_w tf_clearfix\">\n\t\t\t\t\t<div class=\"row_inner col_align_top tb_col_count_1 tf_box tf_rel\">\n\t\t\t\t\t<div  data-lazy=\"1\" class=\"module_column tb-column col-full tb_uc3y948 first\">\n\t\t\t\t\t\t\t\t\t<div class=\"tb-column-inner tf_box tf_w\">\n\t\t\t\t<!-- module text -->\n<div  class=\"module module-text tb_3z0c948   \" data-lazy=\"1\">\n        <div  class=\"tb_text_wrap\">\n    <h1 style=\"text-align: center;\">Grupos objetivo<\/h1>    <\/div>\n<\/div>\n<!-- \/module text -->\t\t\t\t<\/div><!-- .tb-column-inner -->\n\t\t\t\t\t\t<\/div><!-- .module_column -->\n\t\t\t\t\t\t<\/div><!-- .row_inner -->\n\t\t<\/div><!-- .module_row -->\n\t\t\t\t\t\t\t\t<!-- module_row -->\n\t\t<div  data-css_id=\"406e22\" data-lazy=\"1\" class=\"module_row themify_builder_row fullwidth_row_container tb_406e22 tf_w tf_clearfix\">\n\t\t\t\t\t<div class=\"row_inner col_align_top tb_col_count_4 tf_box tf_rel\">\n\t\t\t\t\t<div  data-lazy=\"1\" class=\"module_column tb-column col4-1 tb_87td22 first\">\n\t\t\t\t\t\t\t\t\t<div class=\"tb-column-inner tf_box tf_w\">\n\t\t\t\t<!-- module image -->\n<div  class=\"module module-image tb_uhhv382   image-center tf_mw\" data-lazy=\"1\">\n        <div class=\"image-wrap tf_rel tf_mw\">\n\t\t    <img loading=\"lazy\" decoding=\"async\" src=\"https:\/\/fashionedproject.eu\/wp-content\/uploads\/2024\/01\/Frame-7-1-161x168.png\" width=\"161\" height=\"168\" class=\"wp-post-image wp-image-966\" title=\"Frame 7 (1)\" alt=\"Frame 7 (1)\">\t\n\t\t<\/div>\n\t<!-- \/image-wrap -->\n    \n    \t<\/div>\n<!-- \/module image -->\t\t\t\t<\/div><!-- .tb-column-inner -->\n\t\t\t\t\t\t<\/div><!-- .module_column -->\n\t\t\t\t\t<div  data-lazy=\"1\" class=\"module_column tb-column col4-1 tb_rdx522\">\n\t\t\t\t\t\t\t\t\t<div class=\"tb-column-inner tf_box tf_w\">\n\t\t\t\t<!-- module image -->\n<div  class=\"module module-image tb_jltc497   image-center tf_mw\" data-lazy=\"1\">\n        <div class=\"image-wrap tf_rel tf_mw\">\n\t\t    <img loading=\"lazy\" decoding=\"async\" src=\"https:\/\/fashionedproject.eu\/wp-content\/uploads\/2024\/01\/Frame-7-2-161x168.png\" width=\"161\" height=\"168\" class=\"wp-post-image wp-image-971\" title=\"Frame 7 (2)\" alt=\"Frame 7 (2)\" srcset=\"https:\/\/fashionedproject.eu\/wp-content\/uploads\/2024\/01\/Frame-7-2-161x168.png 161w, https:\/\/fashionedproject.eu\/wp-content\/uploads\/2024\/01\/Frame-7-2-162x168.png 162w\" sizes=\"auto, (max-width: 161px) 100vw, 161px\" \/>\t\n\t\t<\/div>\n\t<!-- \/image-wrap -->\n    \n    \t<\/div>\n<!-- \/module image -->\t\t\t\t<\/div><!-- .tb-column-inner -->\n\t\t\t\t\t\t<\/div><!-- .module_column -->\n\t\t\t\t\t<div  data-lazy=\"1\" class=\"module_column tb-column col4-1 tb_7bcn22\">\n\t\t\t\t\t\t\t\t\t<div class=\"tb-column-inner tf_box tf_w\">\n\t\t\t\t<!-- module image -->\n<div  class=\"module module-image tb_tsoc690   image-center tf_mw\" data-lazy=\"1\">\n        <div class=\"image-wrap tf_rel tf_mw\">\n\t\t    <img loading=\"lazy\" decoding=\"async\" src=\"https:\/\/fashionedproject.eu\/wp-content\/uploads\/2024\/01\/Frame-7-3-170x172.png\" width=\"170\" height=\"172\" class=\"wp-post-image wp-image-976\" title=\"Frame 7 (3)\" alt=\"Frame 7 (3)\" srcset=\"https:\/\/fashionedproject.eu\/wp-content\/uploads\/2024\/01\/Frame-7-3-170x172.png 170w, https:\/\/fashionedproject.eu\/wp-content\/uploads\/2024\/01\/Frame-7-3.png 190w\" sizes=\"auto, (max-width: 170px) 100vw, 170px\" \/>\t\n\t\t<\/div>\n\t<!-- \/image-wrap -->\n    \n    \t<\/div>\n<!-- \/module image -->\t\t\t\t<\/div><!-- .tb-column-inner -->\n\t\t\t\t\t\t<\/div><!-- .module_column -->\n\t\t\t\t\t<div  data-lazy=\"1\" class=\"module_column tb-column col4-1 tb_i8cm22 last\">\n\t\t\t\t\t\t\t\t\t<div class=\"tb-column-inner tf_box tf_w\">\n\t\t\t\t<!-- module image -->\n<div  class=\"module module-image tb_378w595   image-center tf_mw\" data-lazy=\"1\">\n        <div class=\"image-wrap tf_rel tf_mw\">\n\t\t    <img loading=\"lazy\" decoding=\"async\" src=\"https:\/\/fashionedproject.eu\/wp-content\/uploads\/2024\/01\/Frame-7-4-162x167.png\" width=\"162\" height=\"167\" class=\"wp-post-image wp-image-981\" title=\"Frame 7 (4)\" alt=\"Frame 7 (4)\" srcset=\"https:\/\/fashionedproject.eu\/wp-content\/uploads\/2024\/01\/Frame-7-4-162x167.png 162w, https:\/\/fashionedproject.eu\/wp-content\/uploads\/2024\/01\/Frame-7-4.png 185w\" sizes=\"auto, (max-width: 162px) 100vw, 162px\" \/>\t\n\t\t<\/div>\n\t<!-- \/image-wrap -->\n    \n    \t<\/div>\n<!-- \/module image -->\t\t\t\t<\/div><!-- .tb-column-inner -->\n\t\t\t\t\t\t<\/div><!-- .module_column -->\n\t\t\t\t\t\t<\/div><!-- .row_inner -->\n\t\t<\/div><!-- .module_row -->\n\t\t\t\t\t\t\t\t<!-- module_row -->\n\t\t<div  data-lazy=\"1\" class=\"module_row themify_builder_row tb_o1n4601 tf_w tf_clearfix\">\n\t\t\t\t\t<div class=\"row_inner col_align_top tb_col_count_4 tf_box tf_rel\">\n\t\t\t\t\t<div  data-lazy=\"1\" class=\"module_column tb-column col4-1 tb_ttj5601 first\">\n\t\t\t\t\t\t\t\t\t<div class=\"tb-column-inner tf_box tf_w\">\n\t\t\t\t<!-- module text -->\n<div  class=\"module module-text tb_c9r2905   \" data-lazy=\"1\">\n        <div  class=\"tb_text_wrap\">\n    <p style=\"text-align: center;\">Instituciones de Educaci\u00f3n Superior (IES) que ofrecen cursos de textil, moda y confecci\u00f3n.<\/p>    <\/div>\n<\/div>\n<!-- \/module text -->\t\t\t\t<\/div><!-- .tb-column-inner -->\n\t\t\t\t\t\t<\/div><!-- .module_column -->\n\t\t\t\t\t<div  data-lazy=\"1\" class=\"module_column tb-column col4-1 tb_wy0f601\">\n\t\t\t\t\t\t\t\t\t<div class=\"tb-column-inner tf_box tf_w\">\n\t\t\t\t<!-- module text -->\n<div  class=\"module module-text tb_yw2n59   \" data-lazy=\"1\">\n        <div  class=\"tb_text_wrap\">\n    <p style=\"text-align: center;\">Estudiantes que actualmente cursan estudios de moda, textil y confecci\u00f3n en estas IES.<\/p>    <\/div>\n<\/div>\n<!-- \/module text -->\t\t\t\t<\/div><!-- .tb-column-inner -->\n\t\t\t\t\t\t<\/div><!-- .module_column -->\n\t\t\t\t\t<div  data-lazy=\"1\" class=\"module_column tb-column col4-1 tb_5w87601\">\n\t\t\t\t\t\t\t\t\t<div class=\"tb-column-inner tf_box tf_w\">\n\t\t\t\t<!-- module text -->\n<div  class=\"module module-text tb_uqwk206   \" data-lazy=\"1\">\n        <div  class=\"tb_text_wrap\">\n    <p style=\"text-align: center;\">Profesionales de la industria de la moda que deseen ampliar sus conocimientos en ecodise\u00f1o y econom\u00eda circular.<\/p>    <\/div>\n<\/div>\n<!-- \/module text -->\t\t\t\t<\/div><!-- .tb-column-inner -->\n\t\t\t\t\t\t<\/div><!-- .module_column -->\n\t\t\t\t\t<div  data-lazy=\"1\" class=\"module_column tb-column col4-1 tb_6ll7601 last\">\n\t\t\t\t\t\t\t\t\t<div class=\"tb-column-inner tf_box tf_w\">\n\t\t\t\t<!-- module text -->\n<div  class=\"module module-text tb_c98r638   \" data-lazy=\"1\">\n        <div  class=\"tb_text_wrap\">\n    <p style=\"text-align: center;\">Empresas de la industria de la moda, incluidos los empresarios de la moda ecol\u00f3gica.<\/p>    <\/div>\n<\/div>\n<!-- \/module text -->\t\t\t\t<\/div><!-- .tb-column-inner -->\n\t\t\t\t\t\t<\/div><!-- .module_column -->\n\t\t\t\t\t\t<\/div><!-- .row_inner -->\n\t\t<\/div><!-- .module_row -->\n\t\t\t\t\t\t\t\t<!-- module_row -->\n\t\t<div  data-css_id=\"rlq7862\" data-lazy=\"1\" class=\"module_row themify_builder_row fullwidth tb_rlq7862 tf_w tf_clearfix\">\n\t\t\t\t\t<div class=\"row_inner col_align_top tb_col_count_1 tf_box tf_rel\">\n\t\t\t\t\t<div  data-lazy=\"1\" class=\"module_column tb-column col-full tb_dq2z862 first\">\n\t\t\t\t\t\t\t\t\t<div class=\"tb-column-inner tf_box tf_w\">\n\t\t\t\t<!-- module text -->\n<div  class=\"module module-text tb_7t3i113   \" data-lazy=\"1\">\n        <div  class=\"tb_text_wrap\">\n    <h1 style=\"text-align: center;\">RESULTADOS<\/h1>    <\/div>\n<\/div>\n<!-- \/module text -->\t\t\t\t<\/div><!-- .tb-column-inner -->\n\t\t\t\t\t\t<\/div><!-- .module_column -->\n\t\t\t\t\t\t<\/div><!-- .row_inner -->\n\t\t<\/div><!-- .module_row -->\n\t\t\t\t\t\t\t\t<!-- module_row -->\n\t\t<div  data-css_id=\"e024628\" data-lazy=\"1\" class=\"module_row themify_builder_row fullwidth_row_container tb_e024628 tf_w tf_clearfix\">\n\t\t\t\t\t<div class=\"row_inner col_align_top tb_col_count_3 tf_box tf_rel\">\n\t\t\t\t\t<div  data-lazy=\"1\" class=\"module_column tb-column col3-1 tb_iqb3628 first\">\n\t\t\t\t\t\t\t\t\t<div class=\"tb-column-inner tf_box tf_w\">\n\t\t\t\t<!-- module image -->\n<div  class=\"module module-image tb_82qg996   image-center tf_mw\" data-lazy=\"1\">\n        <div class=\"image-wrap tf_rel tf_mw\">\n\t\t    <img loading=\"lazy\" decoding=\"async\" src=\"https:\/\/fashionedproject.eu\/wp-content\/uploads\/2024\/01\/Frame-3-1-367x223.png\" width=\"367\" height=\"223\" class=\"wp-post-image wp-image-986\" title=\"Frame 3 (1)\" alt=\"Frame 3 (1)\" srcset=\"https:\/\/fashionedproject.eu\/wp-content\/uploads\/2024\/01\/Frame-3-1.png 367w, https:\/\/fashionedproject.eu\/wp-content\/uploads\/2024\/01\/Frame-3-1-300x182.png 300w\" sizes=\"auto, (max-width: 367px) 100vw, 367px\" \/>\t\n\t\t<\/div>\n\t<!-- \/image-wrap -->\n    \n    \t<\/div>\n<!-- \/module image --><!-- module text -->\n<div  class=\"module module-text tb_s7rm924   \" data-lazy=\"1\">\n        <div  class=\"tb_text_wrap\">\n    <p style=\"text-align: center;\">Desarrollo de un MOOC para estudiantes sobre \u00abEcodise\u00f1o en la Moda\u00bb<\/p>    <\/div>\n<\/div>\n<!-- \/module text --><!-- module buttons -->\n<div  class=\"module module-buttons tb_q0w0599 buttons-horizontal solid  circle buttons-fullwidth\" data-lazy=\"1\">\n\t\t<div class=\"module-buttons-item tf_inline_b\">\n\t\t\t\t\t\t<a href=\"https:\/\/fashionedproject.eu\/es\/elearning\/\" class=\"ui builder_button green\" >\n\t\t\t\t\t\t\t\t<span class=\"tf_inline_b tf_vmiddle\">Explora el MOOC<\/span>\n\t\t\t\t\t\t\t\t\t\t\t\t<\/a>\n\t\t\t\t\t\t<\/div>\n\t\t\t<\/div>\n<!-- \/module buttons -->\n\t\t\t\t<\/div><!-- .tb-column-inner -->\n\t\t\t\t\t\t<\/div><!-- .module_column -->\n\t\t\t\t\t<div  data-lazy=\"1\" class=\"module_column tb-column col3-1 tb_z4qv628\">\n\t\t\t\t\t\t\t\t\t<div class=\"tb-column-inner tf_box tf_w\">\n\t\t\t\t<!-- module image -->\n<div  class=\"module module-image tb_h0ov836   image-center tf_mw\" data-lazy=\"1\">\n        <div class=\"image-wrap tf_rel tf_mw\">\n\t\t    <img loading=\"lazy\" decoding=\"async\" width=\"367\" height=\"223\" src=\"https:\/\/fashionedproject.eu\/wp-content\/uploads\/2024\/01\/Frame-3-3.png\" class=\"wp-post-image wp-image-1001\" title=\"Frame 3 (3)\" alt=\"Frame 3 (3)\" srcset=\"https:\/\/fashionedproject.eu\/wp-content\/uploads\/2024\/01\/Frame-3-3.png 367w, https:\/\/fashionedproject.eu\/wp-content\/uploads\/2024\/01\/Frame-3-3-300x182.png 300w\" sizes=\"auto, (max-width: 367px) 100vw, 367px\" \/>\t\n\t\t<\/div>\n\t<!-- \/image-wrap -->\n    \n    \t<\/div>\n<!-- \/module image --><!-- module text -->\n<div  class=\"module module-text tb_x55c936   \" data-lazy=\"1\">\n        <div  class=\"tb_text_wrap\">\n    <p style=\"text-align: center;\">Experimentos Virtuales en Ecodise\u00f1o<\/p>    <\/div>\n<\/div>\n<!-- \/module text --><!-- module buttons -->\n<div  class=\"module module-buttons tb_2sl5439 buttons-horizontal solid  circle buttons-fullwidth\" data-lazy=\"1\">\n\t\t<div class=\"module-buttons-item tf_inline_b\">\n\t\t\t\t\t\t<a href=\"https:\/\/fashionedproject.eu\/es\/virtual-experiments\/\" class=\"ui builder_button green\" >\n\t\t\t\t\t\t\t\t<span class=\"tf_inline_b tf_vmiddle\">Descubre los Experimentos de Ecodise\u00f1o<\/span>\n\t\t\t\t\t\t\t\t\t\t\t\t<\/a>\n\t\t\t\t\t\t<\/div>\n\t\t\t<\/div>\n<!-- \/module buttons -->\n\t\t\t\t<\/div><!-- .tb-column-inner -->\n\t\t\t\t\t\t<\/div><!-- .module_column -->\n\t\t\t\t\t<div  data-lazy=\"1\" class=\"module_column tb-column col3-1 tb_fkna628 last\">\n\t\t\t\t\t\t\t\t\t<div class=\"tb-column-inner tf_box tf_w\">\n\t\t\t\t<!-- module image -->\n<div  class=\"module module-image tb_2tg8503   image-center tf_mw\" data-lazy=\"1\">\n        <div class=\"image-wrap tf_rel tf_mw\">\n\t\t    <img loading=\"lazy\" decoding=\"async\" width=\"367\" height=\"223\" src=\"https:\/\/fashionedproject.eu\/wp-content\/uploads\/2024\/02\/Frame-3.png\" class=\"wp-post-image wp-image-1041\" title=\"Frame 3\" alt=\"Frame 3\" srcset=\"https:\/\/fashionedproject.eu\/wp-content\/uploads\/2024\/02\/Frame-3.png 367w, https:\/\/fashionedproject.eu\/wp-content\/uploads\/2024\/02\/Frame-3-300x182.png 300w\" sizes=\"auto, (max-width: 367px) 100vw, 367px\" \/>\t\n\t\t<\/div>\n\t<!-- \/image-wrap -->\n    \n    \t<\/div>\n<!-- \/module image --><!-- module text -->\n<div  class=\"module module-text tb_3r7f671   \" data-lazy=\"1\">\n        <div  class=\"tb_text_wrap\">\n    <p style=\"text-align: center;\">Reto de Ecodise\u00f1o<\/p>    <\/div>\n<\/div>\n<!-- \/module text --><!-- module buttons -->\n<div  class=\"module module-buttons tb_5nsy762 buttons-horizontal solid  circle buttons-fullwidth\" data-lazy=\"1\">\n\t\t<div class=\"module-buttons-item tf_inline_b\">\n\t\t\t\t\t\t<a href=\"https:\/\/fashionedproject.eu\/es\/eco-design-challenge\/\" class=\"ui builder_button green\" >\n\t\t\t\t\t\t\t\t<span class=\"tf_inline_b tf_vmiddle\">\u00danete al Reto de Ecodise\u00f1o<\/span>\n\t\t\t\t\t\t\t\t\t\t\t\t<\/a>\n\t\t\t\t\t\t<\/div>\n\t\t\t<\/div>\n<!-- \/module buttons -->\n\t\t\t\t<\/div><!-- .tb-column-inner -->\n\t\t\t\t\t\t<\/div><!-- .module_column -->\n\t\t\t\t\t\t<\/div><!-- .row_inner -->\n\t\t<\/div><!-- .module_row -->\n\t\t\t\t<\/div>\n<!--\/themify_builder_content-->","protected":false},"excerpt":{"rendered":"<p>Inicio<\/p>\n","protected":false},"author":1,"featured_media":0,"parent":0,"menu_order":0,"comment_status":"closed","ping_status":"closed","template":"","meta":{"footnotes":""},"class_list":["post-1066","page","type-page","status-publish","hentry","has-post-title","has-post-date","has-post-category","has-post-tag","has-post-comment","has-post-author",""],"builder_content":"<img src=\"https:\/\/fashionedproject.eu\/wp-content\/uploads\/2025\/12\/sp-7.png\" title=\"sp (7)\" alt=\"sp (7)\" srcset=\"https:\/\/fashionedproject.eu\/wp-content\/uploads\/2025\/12\/sp-7.png 1600w, https:\/\/fashionedproject.eu\/wp-content\/uploads\/2025\/12\/sp-7-300x104.png 300w, https:\/\/fashionedproject.eu\/wp-content\/uploads\/2025\/12\/sp-7-1024x356.png 1024w, https:\/\/fashionedproject.eu\/wp-content\/uploads\/2025\/12\/sp-7-768x267.png 768w, https:\/\/fashionedproject.eu\/wp-content\/uploads\/2025\/12\/sp-7-1536x534.png 1536w\" sizes=\"(max-width: 1600px) 100vw, 1600px\" \/>\n<h1>Inicio<\/h1>\n<p>La industria de la moda, considerada la segunda m\u00e1s contaminante del mundo despu\u00e9s del petr\u00f3leo, est\u00e1 causando importantes da\u00f1os al medio ambiente. Esto incluye un exceso de residuos, productos qu\u00edmicos nocivos y contaminaci\u00f3n del agua y suelo.<\/p> <p>Para hacer frente a esta situaci\u00f3n, Fashion.ED trata de crear ropa de forma m\u00e1s sostenible, teniendo en cuenta todas las etapas, desde el abastecimiento de materiales hasta su eliminaci\u00f3n. Es crucial utilizar materiales ecol\u00f3gicos, minimizar los residuos y garantizar pr\u00e1cticas laborales justas para reducir el impacto ambiental de la moda y promover una industria m\u00e1s responsable.<\/p>\n<img src=\"https:\/\/fashionedproject.eu\/wp-content\/uploads\/2024\/01\/Frame-2-449x299.png\" width=\"449\" height=\"299\" title=\"Frame 2\" alt=\"Frame 2\" srcset=\"https:\/\/fashionedproject.eu\/wp-content\/uploads\/2024\/01\/Frame-2-449x299.png 449w, https:\/\/fashionedproject.eu\/wp-content\/uploads\/2024\/01\/Frame-2-300x200.png 300w, https:\/\/fashionedproject.eu\/wp-content\/uploads\/2024\/01\/Frame-2-317x210.png 317w, https:\/\/fashionedproject.eu\/wp-content\/uploads\/2024\/01\/Frame-2.png 477w\" sizes=\"(max-width: 449px) 100vw, 449px\" \/>\n<img src=\"https:\/\/fashionedproject.eu\/wp-content\/uploads\/2024\/01\/Frame-23.png\" title=\"Frame 23\" alt=\"Frame 23\">\n<p style=\"text-align: center;\">Fashion.ED aspira a cultivar un panorama de educaci\u00f3n superior emprendedora, digital e innovadora. Su objetivo es mejorar las habilidades empresariales de los estudiantes, anim\u00e1ndoles a seguir carreras en la moda ecol\u00f3gica. Esta iniciativa pretende contribuir al crecimiento de la econom\u00eda circular y promover el ecodise\u00f1o dentro de la industria de la moda, aline\u00e1ndose con los objetivos del Espacio Europeo de Educaci\u00f3n.<\/p>\n<h2 style=\"text-align: center;\"><strong>#FASHIONED\u00a0 #ERASMUSPLUS\u00a0 #SEPIE<\/strong><\/h2>\n<img src=\"https:\/\/fashionedproject.eu\/wp-content\/uploads\/2024\/01\/Frame-10.png\" title=\"Frame 10\" alt=\"Frame 10\" srcset=\"https:\/\/fashionedproject.eu\/wp-content\/uploads\/2024\/01\/Frame-10.png 1600w, https:\/\/fashionedproject.eu\/wp-content\/uploads\/2024\/01\/Frame-10-300x12.png 300w, https:\/\/fashionedproject.eu\/wp-content\/uploads\/2024\/01\/Frame-10-1024x41.png 1024w, https:\/\/fashionedproject.eu\/wp-content\/uploads\/2024\/01\/Frame-10-768x31.png 768w, https:\/\/fashionedproject.eu\/wp-content\/uploads\/2024\/01\/Frame-10-1536x61.png 1536w\" sizes=\"(max-width: 1600px) 100vw, 1600px\" \/>\n<h1 style=\"text-align: center;\">Objetivos<\/h1>\n<p style=\"text-align: center;\">Nuestro principal objetivo es apoyar a los emprendedores emergentes, gui\u00e1ndoles en la transformaci\u00f3n de sus conceptos en empresas pr\u00f3speras y sostenibles. A trav\u00e9s de una oferta de formaci\u00f3n, herramientas y recursos, nuestro programa busca inspirar a estudiantes de instituciones de Educaci\u00f3n Superior (IES) a seguir carreras dentro del sector de la moda ecol\u00f3gica. Adem\u00e1s, pretendemos facilitar su contribuci\u00f3n al avance de la econom\u00eda circular y el dise\u00f1o ecol\u00f3gico dentro de la industria textil, de la confecci\u00f3n y de la moda.<\/p>\n<img src=\"https:\/\/fashionedproject.eu\/wp-content\/uploads\/2024\/04\/Frame-13.png\" title=\"Frame 13\" alt=\"Frame 13\">\n<p>Dotar a los estudiantes de amplios conocimientos sobre ecodise\u00f1o en el sector de la moda y el textil, complementados con impresionantes experiencias en Realidad Virtual (RV).<\/p>\n<img src=\"https:\/\/fashionedproject.eu\/wp-content\/uploads\/2024\/04\/Frame-13-1.png\" title=\"Frame 13 (1)\" alt=\"Frame 13 (1)\">\n<p>Mejorar las habilidades empresariales de los estudiantes y permitirles crear planes de empresa eficaces que integren el ecodise\u00f1o en el sector textil y de la moda.<\/p>\n<img src=\"https:\/\/fashionedproject.eu\/wp-content\/uploads\/2024\/04\/Frame-13-2.png\" title=\"Frame 13 (2)\" alt=\"Frame 13 (2)\">\n<p>Organizar sesiones de formaci\u00f3n y visitas a industria para que los estudiantes adquieran conocimientos pr\u00e1cticos de empresas reales del sector de la moda donde aplican el ecodise\u00f1o.<\/p>\n<img src=\"https:\/\/fashionedproject.eu\/wp-content\/uploads\/2024\/04\/Frame-13-3.png\" title=\"Frame 13 (3)\" alt=\"Frame 13 (3)\">\n<p>Cultivar una mentalidad orientada a la innovaci\u00f3n entre los estudiantes haci\u00e9ndoles participar en un concurso centrado en el desarrollo de planes de negocio para empresas de ecodise\u00f1o.<\/p>\n<img src=\"https:\/\/fashionedproject.eu\/wp-content\/uploads\/2024\/01\/Frame-11.png\" title=\"Frame 11\" alt=\"Frame 11\" srcset=\"https:\/\/fashionedproject.eu\/wp-content\/uploads\/2024\/01\/Frame-11.png 1600w, https:\/\/fashionedproject.eu\/wp-content\/uploads\/2024\/01\/Frame-11-300x15.png 300w, https:\/\/fashionedproject.eu\/wp-content\/uploads\/2024\/01\/Frame-11-1024x51.png 1024w, https:\/\/fashionedproject.eu\/wp-content\/uploads\/2024\/01\/Frame-11-768x38.png 768w, https:\/\/fashionedproject.eu\/wp-content\/uploads\/2024\/01\/Frame-11-1536x77.png 1536w\" sizes=\"(max-width: 1600px) 100vw, 1600px\" \/>\n<h1 style=\"text-align: center;\">Grupos objetivo<\/h1>\n<img src=\"https:\/\/fashionedproject.eu\/wp-content\/uploads\/2024\/01\/Frame-7-1-161x168.png\" width=\"161\" height=\"168\" title=\"Frame 7 (1)\" alt=\"Frame 7 (1)\">\n<img src=\"https:\/\/fashionedproject.eu\/wp-content\/uploads\/2024\/01\/Frame-7-2-161x168.png\" width=\"161\" height=\"168\" title=\"Frame 7 (2)\" alt=\"Frame 7 (2)\" srcset=\"https:\/\/fashionedproject.eu\/wp-content\/uploads\/2024\/01\/Frame-7-2-161x168.png 161w, https:\/\/fashionedproject.eu\/wp-content\/uploads\/2024\/01\/Frame-7-2-162x168.png 162w\" sizes=\"(max-width: 161px) 100vw, 161px\" \/>\n<img src=\"https:\/\/fashionedproject.eu\/wp-content\/uploads\/2024\/01\/Frame-7-3-170x172.png\" width=\"170\" height=\"172\" title=\"Frame 7 (3)\" alt=\"Frame 7 (3)\" srcset=\"https:\/\/fashionedproject.eu\/wp-content\/uploads\/2024\/01\/Frame-7-3-170x172.png 170w, https:\/\/fashionedproject.eu\/wp-content\/uploads\/2024\/01\/Frame-7-3.png 190w\" sizes=\"(max-width: 170px) 100vw, 170px\" \/>\n<img src=\"https:\/\/fashionedproject.eu\/wp-content\/uploads\/2024\/01\/Frame-7-4-162x167.png\" width=\"162\" height=\"167\" title=\"Frame 7 (4)\" alt=\"Frame 7 (4)\" srcset=\"https:\/\/fashionedproject.eu\/wp-content\/uploads\/2024\/01\/Frame-7-4-162x167.png 162w, https:\/\/fashionedproject.eu\/wp-content\/uploads\/2024\/01\/Frame-7-4.png 185w\" sizes=\"(max-width: 162px) 100vw, 162px\" \/>\n<p style=\"text-align: center;\">Instituciones de Educaci\u00f3n Superior (IES) que ofrecen cursos de textil, moda y confecci\u00f3n.<\/p>\n<p style=\"text-align: center;\">Estudiantes que actualmente cursan estudios de moda, textil y confecci\u00f3n en estas IES.<\/p>\n<p style=\"text-align: center;\">Profesionales de la industria de la moda que deseen ampliar sus conocimientos en ecodise\u00f1o y econom\u00eda circular.<\/p>\n<p style=\"text-align: center;\">Empresas de la industria de la moda, incluidos los empresarios de la moda ecol\u00f3gica.<\/p>\n<h1 style=\"text-align: center;\">RESULTADOS<\/h1>\n<img src=\"https:\/\/fashionedproject.eu\/wp-content\/uploads\/2024\/01\/Frame-3-1-367x223.png\" width=\"367\" height=\"223\" title=\"Frame 3 (1)\" alt=\"Frame 3 (1)\" srcset=\"https:\/\/fashionedproject.eu\/wp-content\/uploads\/2024\/01\/Frame-3-1.png 367w, https:\/\/fashionedproject.eu\/wp-content\/uploads\/2024\/01\/Frame-3-1-300x182.png 300w\" sizes=\"(max-width: 367px) 100vw, 367px\" \/>\n<p style=\"text-align: center;\">Desarrollo de un MOOC para estudiantes sobre \"Ecodise\u00f1o en la Moda\"<\/p>\n<a href=\"https:\/\/fashionedproject.eu\/es\/elearning\/\" > Explora el MOOC <\/a>\n<img src=\"https:\/\/fashionedproject.eu\/wp-content\/uploads\/2024\/01\/Frame-3-3.png\" title=\"Frame 3 (3)\" alt=\"Frame 3 (3)\" srcset=\"https:\/\/fashionedproject.eu\/wp-content\/uploads\/2024\/01\/Frame-3-3.png 367w, https:\/\/fashionedproject.eu\/wp-content\/uploads\/2024\/01\/Frame-3-3-300x182.png 300w\" sizes=\"(max-width: 367px) 100vw, 367px\" \/>\n<p style=\"text-align: center;\">Experimentos Virtuales en Ecodise\u00f1o<\/p>\n<a href=\"https:\/\/fashionedproject.eu\/es\/virtual-experiments\/\" > Descubre los Experimentos de Ecodise\u00f1o <\/a>\n<img src=\"https:\/\/fashionedproject.eu\/wp-content\/uploads\/2024\/02\/Frame-3.png\" title=\"Frame 3\" alt=\"Frame 3\" srcset=\"https:\/\/fashionedproject.eu\/wp-content\/uploads\/2024\/02\/Frame-3.png 367w, https:\/\/fashionedproject.eu\/wp-content\/uploads\/2024\/02\/Frame-3-300x182.png 300w\" sizes=\"(max-width: 367px) 100vw, 367px\" \/>\n<p style=\"text-align: center;\">Reto de Ecodise\u00f1o<\/p>\n<a href=\"https:\/\/fashionedproject.eu\/es\/eco-design-challenge\/\" > \u00danete al Reto de Ecodise\u00f1o <\/a>","_links":{"self":[{"href":"https:\/\/fashionedproject.eu\/es\/wp-json\/wp\/v2\/pages\/1066","targetHints":{"allow":["GET"]}}],"collection":[{"href":"https:\/\/fashionedproject.eu\/es\/wp-json\/wp\/v2\/pages"}],"about":[{"href":"https:\/\/fashionedproject.eu\/es\/wp-json\/wp\/v2\/types\/page"}],"author":[{"embeddable":true,"href":"https:\/\/fashionedproject.eu\/es\/wp-json\/wp\/v2\/users\/1"}],"replies":[{"embeddable":true,"href":"https:\/\/fashionedproject.eu\/es\/wp-json\/wp\/v2\/comments?post=1066"}],"version-history":[{"count":32,"href":"https:\/\/fashionedproject.eu\/es\/wp-json\/wp\/v2\/pages\/1066\/revisions"}],"predecessor-version":[{"id":3961,"href":"https:\/\/fashionedproject.eu\/es\/wp-json\/wp\/v2\/pages\/1066\/revisions\/3961"}],"wp:attachment":[{"href":"https:\/\/fashionedproject.eu\/es\/wp-json\/wp\/v2\/media?parent=1066"}],"curies":[{"name":"wp","href":"https:\/\/api.w.org\/{rel}","templated":true}]}}