{"id":1267,"date":"2024-01-29T10:48:34","date_gmt":"2024-01-29T08:48:34","guid":{"rendered":"https:\/\/fashionedproject.eu\/partners\/"},"modified":"2025-12-03T15:16:09","modified_gmt":"2025-12-03T13:16:09","slug":"partners","status":"publish","type":"page","link":"https:\/\/fashionedproject.eu\/es\/partners\/","title":{"rendered":"Socios"},"content":{"rendered":"<!--themify_builder_content-->\n<div id=\"themify_builder_content-1267\" data-postid=\"1267\" class=\"themify_builder_content themify_builder_content-1267 themify_builder tf_clear\">\n    \t\t\t\t<!-- module_row -->\n\t\t<div  data-css_id=\"cnn6662\" data-lazy=\"1\" class=\"module_row themify_builder_row fullwidth tb_cnn6662 tb_first tf_w tf_clearfix\">\n\t\t\t\t\t<div class=\"row_inner col_align_top tb_col_count_1 tf_box tf_rel\">\n\t\t\t\t\t<div  data-lazy=\"1\" class=\"module_column tb-column col-full tb_tzuh662 first\">\n\t\t\t\t\t\t\t\t\t<div class=\"tb-column-inner tf_box tf_w\">\n\t\t\t\t<!-- module image -->\n<div  class=\"module module-image tb_0zls625   image-top auto_fullwidth tf_mw\" data-lazy=\"1\">\n        <div class=\"image-wrap tf_rel tf_mw\">\n\t\t    <img loading=\"lazy\" decoding=\"async\" width=\"1600\" height=\"344\" src=\"https:\/\/fashionedproject.eu\/wp-content\/uploads\/2025\/12\/sp-5.png\" class=\"wp-post-image wp-image-3879\" title=\"sp (5)\" alt=\"sp (5)\" srcset=\"https:\/\/fashionedproject.eu\/wp-content\/uploads\/2025\/12\/sp-5.png 1600w, https:\/\/fashionedproject.eu\/wp-content\/uploads\/2025\/12\/sp-5-300x65.png 300w, https:\/\/fashionedproject.eu\/wp-content\/uploads\/2025\/12\/sp-5-1024x220.png 1024w, https:\/\/fashionedproject.eu\/wp-content\/uploads\/2025\/12\/sp-5-768x165.png 768w, https:\/\/fashionedproject.eu\/wp-content\/uploads\/2025\/12\/sp-5-1536x330.png 1536w\" sizes=\"auto, (max-width: 1600px) 100vw, 1600px\" \/>\t\n\t\t<\/div>\n\t<!-- \/image-wrap -->\n    \n    \t<\/div>\n<!-- \/module image -->\t\t\t\t<\/div><!-- .tb-column-inner -->\n\t\t\t\t\t\t<\/div><!-- .module_column -->\n\t\t\t\t\t\t<\/div><!-- .row_inner -->\n\t\t<\/div><!-- .module_row -->\n\t\t\t\t\t\t\t\t<!-- module_row -->\n\t\t<div  data-css_id=\"0q9r76\" data-lazy=\"1\" class=\"module_row themify_builder_row fullwidth_row_container tb_0q9r76 tf_w tf_clearfix\">\n\t\t\t\t\t<div class=\"row_inner col_align_middle tb_col_count_2 tf_box tf_rel\">\n\t\t\t\t\t<div  data-lazy=\"1\" class=\"module_column tb-column col4-2 tb_yrjv76 first\">\n\t\t\t\t\t\t\t\t\t<div class=\"tb-column-inner tf_box tf_w\">\n\t\t\t\t<!-- module text -->\n<div  class=\"module module-text tb_9hzj76   \" data-lazy=\"1\">\n        <div  class=\"tb_text_wrap\">\n    <h3>UNIVERSITAT POLT\u00c8CNICA DE VAL\u00c8NCIA<br>(UPV, Espa\u00f1a)<\/h3>\n<p>La UPV es una instituci\u00f3n p\u00fablica de Educaci\u00f3n Superior que participa activamente en proyectos internacionales de cooperaci\u00f3n y movilidad. La UPV acoge a cerca de 30.000 estudiantes y emplea a m\u00e1s de 4.000 personas (personal docente, investigador y administrativo). Es la primera universidad tecnol\u00f3gica de Espa\u00f1a seg\u00fan los rankings internacionales (por ejemplo, el Ranking de Shanghai de Universidades del Mundo) y ofrece 45 programas de grado, m\u00e1s de 85 m\u00e1steres oficiales y 30 programas de doctorado.<\/p>    <\/div>\n<\/div>\n<!-- \/module text --><!-- module buttons -->\n<div  class=\"module module-buttons tb_ni5j947 buttons-horizontal solid  circle\" data-lazy=\"1\">\n\t\t<div class=\"module-buttons-item tf_inline_b\">\n\t\t\t\t\t\t<a href=\"https:\/\/www.upv.es\/\" class=\"ui builder_button green\" >\n\t\t\t\t\t\t\t\t<span class=\"tf_inline_b tf_vmiddle\">Visitar web<\/span>\n\t\t\t\t\t\t\t\t\t\t\t\t<\/a>\n\t\t\t\t\t\t<\/div>\n\t\t\t<\/div>\n<!-- \/module buttons -->\n\t\t\t\t<\/div><!-- .tb-column-inner -->\n\t\t\t\t\t\t<\/div><!-- .module_column -->\n\t\t\t\t\t<div  data-lazy=\"1\" class=\"module_column tb-column col4-2 tb_r0oi76 last\">\n\t\t\t\t\t\t\t\t\t<div class=\"tb-column-inner tf_box tf_w\">\n\t\t\t\t<!-- module image -->\n<div  class=\"module module-image tb_v1ni76 rounded  image-center tf_mw\" data-lazy=\"1\" data-lax-translate-y=\"(vh*1) 0,(vh*0) -140\" data-lax=\"true\">\n        <div class=\"image-wrap tf_rel tf_mw\">\n\t\t    <a href=\"https:\/\/www.youtube.com\/watch?v=vcfNpDtVqOw\"\n\t        class=\"lightbox-builder themify_lightbox\" data-zoom-config=\"600px|px\"\t       >\n\t\t   \t\t<img loading=\"lazy\" decoding=\"async\" src=\"https:\/\/fashionedproject.eu\/wp-content\/uploads\/2024\/01\/Frame-27-367x190.png\" width=\"367\" height=\"190\" class=\"wp-post-image wp-image-871\" title=\"Frame 27\" alt=\"Frame 27\" srcset=\"https:\/\/fashionedproject.eu\/wp-content\/uploads\/2024\/01\/Frame-27.png 367w, https:\/\/fashionedproject.eu\/wp-content\/uploads\/2024\/01\/Frame-27-300x155.png 300w, https:\/\/fashionedproject.eu\/wp-content\/uploads\/2024\/01\/Frame-27-600x310.png 600w\" sizes=\"auto, (max-width: 367px) 100vw, 367px\" \/>\t    <\/a>\n\t\n\t\t<\/div>\n\t<!-- \/image-wrap -->\n    \n    \t<\/div>\n<!-- \/module image --><!-- module text -->\n<div  class=\"module module-text tb_8rmn290   \" data-lazy=\"1\">\n        <div  class=\"tb_text_wrap\">\n    <p style=\"text-align: center;\">Con sede en Valencia, Espa\u00f1a<br>Tel\u00e9fono +34 963 87 70 00<br>Email: pdiazga@upv.es<\/p>    <\/div>\n<\/div>\n<!-- \/module text -->\t\t\t\t<\/div><!-- .tb-column-inner -->\n\t\t\t\t\t\t<\/div><!-- .module_column -->\n\t\t\t\t\t\t<\/div><!-- .row_inner -->\n\t\t<\/div><!-- .module_row -->\n\t\t\t\t\t\t\t\t<!-- module_row -->\n\t\t<div  data-css_id=\"1gma275\" data-lazy=\"1\" class=\"module_row themify_builder_row fullwidth_row_container tb_1gma275 tf_w tf_clearfix\">\n\t\t\t\t\t<div class=\"row_inner col_align_middle tb_col_count_2 tf_box tf_rel\">\n\t\t\t\t\t<div  data-lazy=\"1\" class=\"module_column tb-column col4-2 tb_1wh0276 first\">\n\t\t\t\t\t\t\t\t\t<div class=\"tb-column-inner tf_box tf_w\">\n\t\t\t\t<!-- module image -->\n<div  class=\"module module-image tb_mk6t276 rounded  image-center tf_mw\" data-lazy=\"1\" data-lax-translate-y=\"(vh*1) 0,(vh*0) -140\" data-lax=\"true\">\n        <div class=\"image-wrap tf_rel tf_mw\">\n\t\t    <a href=\"https:\/\/www.youtube.com\/watch?v=vcfNpDtVqOw\"\n\t        class=\"lightbox-builder themify_lightbox\" data-zoom-config=\"600px|px\"\t       >\n\t\t   \t\t<img loading=\"lazy\" decoding=\"async\" src=\"https:\/\/fashionedproject.eu\/wp-content\/uploads\/2024\/01\/Frame-27-1-367x190.png\" width=\"367\" height=\"190\" class=\"wp-post-image wp-image-866\" title=\"Frame 27 (1)\" alt=\"Frame 27 (1)\" srcset=\"https:\/\/fashionedproject.eu\/wp-content\/uploads\/2024\/01\/Frame-27-1.png 367w, https:\/\/fashionedproject.eu\/wp-content\/uploads\/2024\/01\/Frame-27-1-300x155.png 300w, https:\/\/fashionedproject.eu\/wp-content\/uploads\/2024\/01\/Frame-27-1-600x310.png 600w\" sizes=\"auto, (max-width: 367px) 100vw, 367px\" \/>\t    <\/a>\n\t\n\t\t<\/div>\n\t<!-- \/image-wrap -->\n    \n    \t<\/div>\n<!-- \/module image --><!-- module text -->\n<div  class=\"module module-text tb_zvmc706   \" data-lazy=\"1\">\n        <div  class=\"tb_text_wrap\">\n    <p style=\"text-align: center;\">Con sede en Atenas, Grecia<br>Tel\u00e9fono +30 210 5381100<br>Email: gprin@uniwa.gr<\/p>    <\/div>\n<\/div>\n<!-- \/module text -->\t\t\t\t<\/div><!-- .tb-column-inner -->\n\t\t\t\t\t\t<\/div><!-- .module_column -->\n\t\t\t\t\t<div  data-lazy=\"1\" class=\"module_column tb-column col4-2 tb_5gey276 last\">\n\t\t\t\t\t\t\t\t\t<div class=\"tb-column-inner tf_box tf_w\">\n\t\t\t\t<!-- module text -->\n<div  class=\"module module-text tb_nwqr276   \" data-lazy=\"1\">\n        <div  class=\"tb_text_wrap\">\n    <h3>PANEPISTIMIO DYTIKIS ATTIKIS<br>(PADA, Grecia)<\/h3>\n<p>Universidad de \u00c1tica Occidental fue creada en 2018. Es el resultado de la fusi\u00f3n de la Universidad de Ciencias Aplicadas del Pireo y la Universidad de Ciencias Aplicadas de Atenas. La nueva Universidad es la tercera m\u00e1s grande de Grecia. La Universidad se apoya en la larga y exitosa tradici\u00f3n de los institutos constituyentes mientras ofrece una educaci\u00f3n de pregrado y postgrado de alto nivel combinada con intensas actividades de investigaci\u00f3n en \u00e1reas espec\u00edficas. UNIWA colabora con asociaciones permanentes de otros institutos educativos y de investigaci\u00f3n nacionales y extranjeros con el fin de mejorar continuamente el nivel de los estudios y la investigaci\u00f3n. UNIWA participa activamente en varios programas nacionales y de la Uni\u00f3n Europea para la cooperaci\u00f3n internacional, la investigaci\u00f3n y la difusi\u00f3n del conocimiento.<\/p>    <\/div>\n<\/div>\n<!-- \/module text --><!-- module buttons -->\n<div  class=\"module module-buttons tb_ncok618 buttons-horizontal solid  circle\" data-lazy=\"1\">\n\t\t<div class=\"module-buttons-item tf_inline_b\">\n\t\t\t\t\t\t<a href=\"https:\/\/www.uniwa.gr\/\" class=\"ui builder_button green\" >\n\t\t\t\t\t\t\t\t<span class=\"tf_inline_b tf_vmiddle\">Visitar web<\/span>\n\t\t\t\t\t\t\t\t\t\t\t\t<\/a>\n\t\t\t\t\t\t<\/div>\n\t\t\t<\/div>\n<!-- \/module buttons -->\n\t\t\t\t<\/div><!-- .tb-column-inner -->\n\t\t\t\t\t\t<\/div><!-- .module_column -->\n\t\t\t\t\t\t<\/div><!-- .row_inner -->\n\t\t<\/div><!-- .module_row -->\n\t\t\t\t\t\t\t\t<!-- module_row -->\n\t\t<div  data-css_id=\"yo2f947\" data-lazy=\"1\" class=\"module_row themify_builder_row fullwidth_row_container tb_yo2f947 tf_w tf_clearfix\">\n\t\t\t\t\t<div class=\"row_inner col_align_middle tb_col_count_2 tf_box tf_rel\">\n\t\t\t\t\t<div  data-lazy=\"1\" class=\"module_column tb-column col4-2 tb_nvlx947 first\">\n\t\t\t\t\t\t\t\t\t<div class=\"tb-column-inner tf_box tf_w\">\n\t\t\t\t<!-- module text -->\n<div  class=\"module module-text tb_qect947   \" data-lazy=\"1\">\n        <div  class=\"tb_text_wrap\">\n    <h3>KAUNO TECHNOLOGIJOS UNIVERSITETAS<br>(KTU, Lituania)<\/h3>\n<p>Fundada en 1922, la Universidad Tecnol\u00f3gica de Kaunas (KTU) es la mayor y m\u00e1s antigua universidad tecnol\u00f3gica de Lituania, y una de las mayores de los pa\u00edses b\u00e1lticos. Es una de las universidades m\u00e1s destacadas de Lituania, puesto que ocupa una posici\u00f3n de liderazgo en muchas direcciones de investigaciones y estudios cient\u00edficos. La KTU est\u00e1 clasificada entre el 4% de las mejores universidades del mundo. Mediante la integraci\u00f3n de la educaci\u00f3n, la investigaci\u00f3n y la empresa, KTU centra sus actividades en la mejora de la calidad de la vida humana y la aceleraci\u00f3n del desarrollo del pa\u00eds.<\/p>    <\/div>\n<\/div>\n<!-- \/module text --><!-- module buttons -->\n<div  class=\"module module-buttons tb_1v1r737 buttons-horizontal solid  circle\" data-lazy=\"1\">\n\t\t<div class=\"module-buttons-item tf_inline_b\">\n\t\t\t\t\t\t<a href=\"https:\/\/en.ktu.edu\/\" class=\"ui builder_button green\" >\n\t\t\t\t\t\t\t\t<span class=\"tf_inline_b tf_vmiddle\">Visitar web<\/span>\n\t\t\t\t\t\t\t\t\t\t\t\t<\/a>\n\t\t\t\t\t\t<\/div>\n\t\t\t<\/div>\n<!-- \/module buttons -->\n\t\t\t\t<\/div><!-- .tb-column-inner -->\n\t\t\t\t\t\t<\/div><!-- .module_column -->\n\t\t\t\t\t<div  data-lazy=\"1\" class=\"module_column tb-column col4-2 tb_zz77947 last\">\n\t\t\t\t\t\t\t\t\t<div class=\"tb-column-inner tf_box tf_w\">\n\t\t\t\t<!-- module image -->\n<div  class=\"module module-image tb_lxtq947 rounded  image-center tf_mw\" data-lazy=\"1\" data-lax-translate-y=\"(vh*1) 0,(vh*0) -140\" data-lax=\"true\">\n        <div class=\"image-wrap tf_rel tf_mw\">\n\t\t    <a href=\"https:\/\/www.youtube.com\/watch?v=vcfNpDtVqOw\"\n\t        class=\"lightbox-builder themify_lightbox\" data-zoom-config=\"600px|px\"\t       >\n\t\t   \t\t<img loading=\"lazy\" decoding=\"async\" src=\"https:\/\/fashionedproject.eu\/wp-content\/uploads\/2024\/01\/Frame-27-2-367x190.png\" width=\"367\" height=\"190\" class=\"wp-post-image wp-image-861\" title=\"Frame 27 (2)\" alt=\"Frame 27 (2)\" srcset=\"https:\/\/fashionedproject.eu\/wp-content\/uploads\/2024\/01\/Frame-27-2.png 367w, https:\/\/fashionedproject.eu\/wp-content\/uploads\/2024\/01\/Frame-27-2-300x155.png 300w, https:\/\/fashionedproject.eu\/wp-content\/uploads\/2024\/01\/Frame-27-2-600x310.png 600w\" sizes=\"auto, (max-width: 367px) 100vw, 367px\" \/>\t    <\/a>\n\t\n\t\t<\/div>\n\t<!-- \/image-wrap -->\n    \n    \t<\/div>\n<!-- \/module image --><!-- module text -->\n<div  class=\"module module-text tb_yn0d626   \" data-lazy=\"1\">\n        <div  class=\"tb_text_wrap\">\n    <p style=\"text-align: center;\">Con sede en Kaunas, Lituania<br>Tel\u00e9fono +370 (37) 300 000<br>Email:ktu@ktu.lt<\/p>    <\/div>\n<\/div>\n<!-- \/module text -->\t\t\t\t<\/div><!-- .tb-column-inner -->\n\t\t\t\t\t\t<\/div><!-- .module_column -->\n\t\t\t\t\t\t<\/div><!-- .row_inner -->\n\t\t<\/div><!-- .module_row -->\n\t\t\t\t\t\t\t\t<!-- module_row -->\n\t\t<div  data-css_id=\"u182325\" data-lazy=\"1\" class=\"module_row themify_builder_row fullwidth_row_container tb_u182325 tf_w tf_clearfix\">\n\t\t\t\t\t<div class=\"row_inner col_align_middle tb_col_count_2 tf_box tf_rel\">\n\t\t\t\t\t<div  data-lazy=\"1\" class=\"module_column tb-column col4-2 tb_68mm325 first\">\n\t\t\t\t\t\t\t\t\t<div class=\"tb-column-inner tf_box tf_w\">\n\t\t\t\t<!-- module image -->\n<div  class=\"module module-image tb_qvra325 rounded  image-center tf_mw\" data-lazy=\"1\" data-lax-translate-y=\"(vh*1) 0,(vh*0) -140\" data-lax=\"true\">\n        <div class=\"image-wrap tf_rel tf_mw\">\n\t\t    <a href=\"https:\/\/www.youtube.com\/watch?v=vcfNpDtVqOw\"\n\t        class=\"lightbox-builder themify_lightbox\" data-zoom-config=\"600px|px\"\t       >\n\t\t   \t\t<img loading=\"lazy\" decoding=\"async\" src=\"https:\/\/fashionedproject.eu\/wp-content\/uploads\/2024\/01\/Frame-27-3-367x190.png\" width=\"367\" height=\"190\" class=\"wp-post-image wp-image-856\" title=\"Frame 27 (3)\" alt=\"Frame 27 (3)\" srcset=\"https:\/\/fashionedproject.eu\/wp-content\/uploads\/2024\/01\/Frame-27-3.png 367w, https:\/\/fashionedproject.eu\/wp-content\/uploads\/2024\/01\/Frame-27-3-300x155.png 300w, https:\/\/fashionedproject.eu\/wp-content\/uploads\/2024\/01\/Frame-27-3-600x310.png 600w\" sizes=\"auto, (max-width: 367px) 100vw, 367px\" \/>\t    <\/a>\n\t\n\t\t<\/div>\n\t<!-- \/image-wrap -->\n    \n    \t<\/div>\n<!-- \/module image --><!-- module text -->\n<div  class=\"module module-text tb_j2pn866   \" data-lazy=\"1\">\n        <div  class=\"tb_text_wrap\">\n    <div class=\"uk-width-1-3@m uk-first-column\">\n<p style=\"text-align: center;\">Con sede en Oradea, Ruman\u00eda<br>Tel\u00e9fono +40 259 432830<br>Email: rectorat@uoradea.ro<\/p>\n<\/div>    <\/div>\n<\/div>\n<!-- \/module text -->\t\t\t\t<\/div><!-- .tb-column-inner -->\n\t\t\t\t\t\t<\/div><!-- .module_column -->\n\t\t\t\t\t<div  data-lazy=\"1\" class=\"module_column tb-column col4-2 tb_74nb325 last\">\n\t\t\t\t\t\t\t\t\t<div class=\"tb-column-inner tf_box tf_w\">\n\t\t\t\t<!-- module text -->\n<div  class=\"module module-text tb_um1z325   \" data-lazy=\"1\">\n        <div  class=\"tb_text_wrap\">\n    <h3>UNIVERSITATEA DIN ORADEA<br>(ORADEA, Ruman\u00eda)<\/h3>\n<p>La Universidad de Oradea est\u00e1 organizada en 15 facultades a trav\u00e9s de una amplia gama de programas de grado, m\u00e1ster, doctorado y posgrado, 49 departamentos, 27 unidades de investigaci\u00f3n, y ofrece 106 programas de grado, m\u00e1s de 66 programas de m\u00e1ster y 7 escuelas de doctorado. La ense\u00f1anza se imparte a 20.514 estudiantes de grado y postgrado seg\u00fan la estructura de tres ciclos de Bolonia y la pedagog\u00eda centrada en el estudiante. La investigaci\u00f3n innovadora, la transferencia de conocimientos y las actividades empresariales son fundamentales para la misi\u00f3n y los objetivos de la Universidad, como demuestran los resultados de sus unidades y grupos de I+D.<\/p>    <\/div>\n<\/div>\n<!-- \/module text --><!-- module buttons -->\n<div  class=\"module module-buttons tb_9mhr192 buttons-horizontal solid  circle\" data-lazy=\"1\">\n\t\t<div class=\"module-buttons-item tf_inline_b\">\n\t\t\t\t\t\t<a href=\"https:\/\/www.uoradea.ro\/\" class=\"ui builder_button green\" >\n\t\t\t\t\t\t\t\t<span class=\"tf_inline_b tf_vmiddle\">Visitar web<\/span>\n\t\t\t\t\t\t\t\t\t\t\t\t<\/a>\n\t\t\t\t\t\t<\/div>\n\t\t\t<\/div>\n<!-- \/module buttons -->\n\t\t\t\t<\/div><!-- .tb-column-inner -->\n\t\t\t\t\t\t<\/div><!-- .module_column -->\n\t\t\t\t\t\t<\/div><!-- .row_inner -->\n\t\t<\/div><!-- .module_row -->\n\t\t\t\t\t\t\t\t<!-- module_row -->\n\t\t<div  data-css_id=\"9div627\" data-lazy=\"1\" class=\"module_row themify_builder_row fullwidth_row_container tb_9div627 tf_w tf_clearfix\">\n\t\t\t\t\t<div class=\"row_inner col_align_middle tb_col_count_2 tf_box tf_rel\">\n\t\t\t\t\t<div  data-lazy=\"1\" class=\"module_column tb-column col4-2 tb_irgg627 first\">\n\t\t\t\t\t\t\t\t\t<div class=\"tb-column-inner tf_box tf_w\">\n\t\t\t\t<!-- module text -->\n<div  class=\"module module-text tb_rbvl628   \" data-lazy=\"1\">\n        <div  class=\"tb_text_wrap\">\n    <h3>IDEC Symvouloi Epicheiriseon Efarmoges Ypsilis Technologias Ekpaidefsi Anonymi Etaireia<br>(IDEC, Grecia)<\/h3>\n<p>IDEC es una empresa de consultor\u00eda de formaci\u00f3n situada en El Pireo, Grecia, fundada en 1989. Sus actividades consisten en formaci\u00f3n, consultor\u00eda de gesti\u00f3n, garant\u00eda de calidad, evaluaci\u00f3n y desarrollo de soluciones digitales tanto para el sector privado como para el p\u00fablico. Los clientes de IDEC son tanto PYMEs como grandes empresas griegas de una amplia variedad de sectores. IDEC coopera con m\u00e1s de 800 institutos de toda Europa y con unos 300 expertos en campos espec\u00edficos.<\/p>    <\/div>\n<\/div>\n<!-- \/module text --><!-- module buttons -->\n<div  class=\"module module-buttons tb_2m75298 buttons-horizontal solid  circle\" data-lazy=\"1\">\n\t\t<div class=\"module-buttons-item tf_inline_b\">\n\t\t\t\t\t\t<a href=\"https:\/\/idec.gr\/\" class=\"ui builder_button green\" >\n\t\t\t\t\t\t\t\t<span class=\"tf_inline_b tf_vmiddle\">Visitar web<\/span>\n\t\t\t\t\t\t\t\t\t\t\t\t<\/a>\n\t\t\t\t\t\t<\/div>\n\t\t\t<\/div>\n<!-- \/module buttons -->\n\t\t\t\t<\/div><!-- .tb-column-inner -->\n\t\t\t\t\t\t<\/div><!-- .module_column -->\n\t\t\t\t\t<div  data-lazy=\"1\" class=\"module_column tb-column col4-2 tb_xaoo628 last\">\n\t\t\t\t\t\t\t\t\t<div class=\"tb-column-inner tf_box tf_w\">\n\t\t\t\t<!-- module image -->\n<div  class=\"module module-image tb_2tgm628 rounded  image-center tf_mw\" data-lazy=\"1\" data-lax-translate-y=\"(vh*1) 0,(vh*0) -140\" data-lax=\"true\">\n        <div class=\"image-wrap tf_rel tf_mw\">\n\t\t    <a href=\"https:\/\/www.youtube.com\/watch?v=vcfNpDtVqOw\"\n\t        class=\"lightbox-builder themify_lightbox\" data-zoom-config=\"600px|px\"\t       >\n\t\t   \t\t<img loading=\"lazy\" decoding=\"async\" src=\"https:\/\/fashionedproject.eu\/wp-content\/uploads\/2024\/01\/Frame-27-4-367x190.png\" width=\"367\" height=\"190\" class=\"wp-post-image wp-image-851\" title=\"Frame 27 (4)\" alt=\"Frame 27 (4)\" srcset=\"https:\/\/fashionedproject.eu\/wp-content\/uploads\/2024\/01\/Frame-27-4.png 367w, https:\/\/fashionedproject.eu\/wp-content\/uploads\/2024\/01\/Frame-27-4-300x155.png 300w, https:\/\/fashionedproject.eu\/wp-content\/uploads\/2024\/01\/Frame-27-4-600x310.png 600w\" sizes=\"auto, (max-width: 367px) 100vw, 367px\" \/>\t    <\/a>\n\t\n\t\t<\/div>\n\t<!-- \/image-wrap -->\n    \n    \t<\/div>\n<!-- \/module image --><!-- module text -->\n<div  class=\"module module-text tb_8jvj249   \" data-lazy=\"1\">\n        <div  class=\"tb_text_wrap\">\n    <div class=\"uk-width-1-3@m uk-first-column\">\n<p style=\"text-align: center;\">Con sede en El Pireo, Grecia<br>Tel\u00e9fono +30 210 4286227<br>Email: info@idec.gr<\/p>\n<\/div>    <\/div>\n<\/div>\n<!-- \/module text -->\t\t\t\t<\/div><!-- .tb-column-inner -->\n\t\t\t\t\t\t<\/div><!-- .module_column -->\n\t\t\t\t\t\t<\/div><!-- .row_inner -->\n\t\t<\/div><!-- .module_row -->\n\t\t\t\t\t\t\t\t<!-- module_row -->\n\t\t<div  data-css_id=\"kz64140\" data-lazy=\"1\" class=\"module_row themify_builder_row fullwidth_row_container tb_kz64140 tf_w tf_clearfix\">\n\t\t\t\t\t<div class=\"row_inner col_align_middle tb_col_count_2 tf_box tf_rel\">\n\t\t\t\t\t<div  data-lazy=\"1\" class=\"module_column tb-column col4-2 tb_vuh1140 first\">\n\t\t\t\t\t\t\t\t\t<div class=\"tb-column-inner tf_box tf_w\">\n\t\t\t\t<!-- module image -->\n<div  class=\"module module-image tb_m3ub140 rounded  image-center tf_mw\" data-lazy=\"1\" data-lax-translate-y=\"(vh*1) 0,(vh*0) -140\" data-lax=\"true\">\n        <div class=\"image-wrap tf_rel tf_mw\">\n\t\t    <a href=\"https:\/\/www.youtube.com\/watch?v=vcfNpDtVqOw\"\n\t        class=\"lightbox-builder themify_lightbox\" data-zoom-config=\"600px|px\"\t       >\n\t\t   \t\t<img loading=\"lazy\" decoding=\"async\" src=\"https:\/\/fashionedproject.eu\/wp-content\/uploads\/2024\/01\/Frame-27-5-343x178.png\" width=\"343\" height=\"178\" class=\"wp-post-image wp-image-846\" title=\"Frame 27 (5)\" alt=\"Frame 27 (5)\" srcset=\"https:\/\/fashionedproject.eu\/wp-content\/uploads\/2024\/01\/Frame-27-5.png 343w, https:\/\/fashionedproject.eu\/wp-content\/uploads\/2024\/01\/Frame-27-5-300x156.png 300w, https:\/\/fashionedproject.eu\/wp-content\/uploads\/2024\/01\/Frame-27-5-600x311.png 600w\" sizes=\"auto, (max-width: 343px) 100vw, 343px\" \/>\t    <\/a>\n\t\n\t\t<\/div>\n\t<!-- \/image-wrap -->\n    \n    \t<\/div>\n<!-- \/module image --><!-- module text -->\n<div  class=\"module module-text tb_yje374   \" data-lazy=\"1\">\n        <div  class=\"tb_text_wrap\">\n    <p style=\"text-align: center;\">Con sede en Leeuwarden, Pa\u00edses Bajos<br>Tel\u00e9fono +31 58 845 80 45<br>Email: info@bdfriesland.nl<\/p>    <\/div>\n<\/div>\n<!-- \/module text -->\t\t\t\t<\/div><!-- .tb-column-inner -->\n\t\t\t\t\t\t<\/div><!-- .module_column -->\n\t\t\t\t\t<div  data-lazy=\"1\" class=\"module_column tb-column col4-2 tb_45k0140 last\">\n\t\t\t\t\t\t\t\t\t<div class=\"tb-column-inner tf_box tf_w\">\n\t\t\t\t<!-- module text -->\n<div  class=\"module module-text tb_1osk140   \" data-lazy=\"1\">\n        <div  class=\"tb_text_wrap\">\n    <h3>STICHTING BUSINESS DEVELOPMENT FRIESLAND (BDF, Pa\u00edses Bajos)<\/h3>\n<p>Business Development Friesland (BDF), de los Pa\u00edses Bajos, prepara, desarrolla, dise\u00f1a e imparte formaci\u00f3n pr\u00e1ctica para ayudar a personas y organizaciones a crecer. Tomamos nuestra propia iniciativa para hacerlo y con frecuencia recibimos peticiones de empresas, escuelas, universidades o gobiernos para que les apoyemos en sus esfuerzos. BDF constituye el nexo de uni\u00f3n entre las empresas, la educaci\u00f3n y el gobierno, y apoya a las organizaciones en la realizaci\u00f3n de sus ambiciones econ\u00f3micas, internacionales y sociales.<\/p>    <\/div>\n<\/div>\n<!-- \/module text --><!-- module buttons -->\n<div  class=\"module module-buttons tb_rh7u582 buttons-horizontal solid  circle\" data-lazy=\"1\">\n\t\t<div class=\"module-buttons-item tf_inline_b\">\n\t\t\t\t\t\t<a href=\"https:\/\/www.bdfriesland.nl\/\" class=\"ui builder_button green\" >\n\t\t\t\t\t\t\t\t<span class=\"tf_inline_b tf_vmiddle\">Visitar web<\/span>\n\t\t\t\t\t\t\t\t\t\t\t\t<\/a>\n\t\t\t\t\t\t<\/div>\n\t\t\t<\/div>\n<!-- \/module buttons -->\n\t\t\t\t<\/div><!-- .tb-column-inner -->\n\t\t\t\t\t\t<\/div><!-- .module_column -->\n\t\t\t\t\t\t<\/div><!-- .row_inner -->\n\t\t<\/div><!-- .module_row -->\n\t\t\t\t<\/div>\n<!--\/themify_builder_content-->","protected":false},"excerpt":{"rendered":"<p>UNIVERSITAT POLT\u00c8CNICA DE VAL\u00c8NCIA(UPV, Espa\u00f1a) La UPV es una instituci\u00f3n p\u00fablica de Educaci\u00f3n Superior que participa activamente en proyectos internacionales de cooperaci\u00f3n y movilidad. La UPV acoge a cerca de 30.000 estudiantes y emplea a m\u00e1s de 4.000 personas (personal docente, investigador y administrativo). Es la primera universidad tecnol\u00f3gica de Espa\u00f1a seg\u00fan los rankings internacionales [&hellip;]<\/p>\n","protected":false},"author":1,"featured_media":0,"parent":0,"menu_order":0,"comment_status":"closed","ping_status":"closed","template":"","meta":{"footnotes":""},"class_list":["post-1267","page","type-page","status-publish","hentry","has-post-title","has-post-date","has-post-category","has-post-tag","has-post-comment","has-post-author",""],"builder_content":"<img src=\"https:\/\/fashionedproject.eu\/wp-content\/uploads\/2025\/12\/sp-5.png\" title=\"sp (5)\" alt=\"sp (5)\" srcset=\"https:\/\/fashionedproject.eu\/wp-content\/uploads\/2025\/12\/sp-5.png 1600w, https:\/\/fashionedproject.eu\/wp-content\/uploads\/2025\/12\/sp-5-300x65.png 300w, https:\/\/fashionedproject.eu\/wp-content\/uploads\/2025\/12\/sp-5-1024x220.png 1024w, https:\/\/fashionedproject.eu\/wp-content\/uploads\/2025\/12\/sp-5-768x165.png 768w, https:\/\/fashionedproject.eu\/wp-content\/uploads\/2025\/12\/sp-5-1536x330.png 1536w\" sizes=\"(max-width: 1600px) 100vw, 1600px\" \/>\n<h3>UNIVERSITAT POLT\u00c8CNICA DE VAL\u00c8NCIA<br>(UPV, Espa\u00f1a)<\/h3> <p>La UPV es una instituci\u00f3n p\u00fablica de Educaci\u00f3n Superior que participa activamente en proyectos internacionales de cooperaci\u00f3n y movilidad. La UPV acoge a cerca de 30.000 estudiantes y emplea a m\u00e1s de 4.000 personas (personal docente, investigador y administrativo). Es la primera universidad tecnol\u00f3gica de Espa\u00f1a seg\u00fan los rankings internacionales (por ejemplo, el Ranking de Shanghai de Universidades del Mundo) y ofrece 45 programas de grado, m\u00e1s de 85 m\u00e1steres oficiales y 30 programas de doctorado.<\/p>\n<a href=\"https:\/\/www.upv.es\/\" > Visitar web <\/a>\n<a href=\"https:\/\/www.youtube.com\/watch?v=vcfNpDtVqOw\" data-zoom-config=\"600px|px\" > <img src=\"https:\/\/fashionedproject.eu\/wp-content\/uploads\/2024\/01\/Frame-27-367x190.png\" width=\"367\" height=\"190\" title=\"Frame 27\" alt=\"Frame 27\" srcset=\"https:\/\/fashionedproject.eu\/wp-content\/uploads\/2024\/01\/Frame-27.png 367w, https:\/\/fashionedproject.eu\/wp-content\/uploads\/2024\/01\/Frame-27-300x155.png 300w, https:\/\/fashionedproject.eu\/wp-content\/uploads\/2024\/01\/Frame-27-600x310.png 600w\" sizes=\"(max-width: 367px) 100vw, 367px\" \/> <\/a>\n<p style=\"text-align: center;\">Con sede en Valencia, Espa\u00f1a<br>Tel\u00e9fono +34 963 87 70 00<br>Email: pdiazga@upv.es<\/p>\n<a href=\"https:\/\/www.youtube.com\/watch?v=vcfNpDtVqOw\" data-zoom-config=\"600px|px\" > <img src=\"https:\/\/fashionedproject.eu\/wp-content\/uploads\/2024\/01\/Frame-27-1-367x190.png\" width=\"367\" height=\"190\" title=\"Frame 27 (1)\" alt=\"Frame 27 (1)\" srcset=\"https:\/\/fashionedproject.eu\/wp-content\/uploads\/2024\/01\/Frame-27-1.png 367w, https:\/\/fashionedproject.eu\/wp-content\/uploads\/2024\/01\/Frame-27-1-300x155.png 300w, https:\/\/fashionedproject.eu\/wp-content\/uploads\/2024\/01\/Frame-27-1-600x310.png 600w\" sizes=\"(max-width: 367px) 100vw, 367px\" \/> <\/a>\n<p style=\"text-align: center;\">Con sede en Atenas, Grecia<br>Tel\u00e9fono +30 210 5381100<br>Email: gprin@uniwa.gr<\/p>\n<h3>PANEPISTIMIO DYTIKIS ATTIKIS<br>(PADA, Grecia)<\/h3> <p>Universidad de \u00c1tica Occidental fue creada en 2018. Es el resultado de la fusi\u00f3n de la Universidad de Ciencias Aplicadas del Pireo y la Universidad de Ciencias Aplicadas de Atenas. La nueva Universidad es la tercera m\u00e1s grande de Grecia. La Universidad se apoya en la larga y exitosa tradici\u00f3n de los institutos constituyentes mientras ofrece una educaci\u00f3n de pregrado y postgrado de alto nivel combinada con intensas actividades de investigaci\u00f3n en \u00e1reas espec\u00edficas. UNIWA colabora con asociaciones permanentes de otros institutos educativos y de investigaci\u00f3n nacionales y extranjeros con el fin de mejorar continuamente el nivel de los estudios y la investigaci\u00f3n. UNIWA participa activamente en varios programas nacionales y de la Uni\u00f3n Europea para la cooperaci\u00f3n internacional, la investigaci\u00f3n y la difusi\u00f3n del conocimiento.<\/p>\n<a href=\"https:\/\/www.uniwa.gr\/\" > Visitar web <\/a>\n<h3>KAUNO TECHNOLOGIJOS UNIVERSITETAS<br>(KTU, Lituania)<\/h3> <p>Fundada en 1922, la Universidad Tecnol\u00f3gica de Kaunas (KTU) es la mayor y m\u00e1s antigua universidad tecnol\u00f3gica de Lituania, y una de las mayores de los pa\u00edses b\u00e1lticos. Es una de las universidades m\u00e1s destacadas de Lituania, puesto que ocupa una posici\u00f3n de liderazgo en muchas direcciones de investigaciones y estudios cient\u00edficos. La KTU est\u00e1 clasificada entre el 4% de las mejores universidades del mundo. Mediante la integraci\u00f3n de la educaci\u00f3n, la investigaci\u00f3n y la empresa, KTU centra sus actividades en la mejora de la calidad de la vida humana y la aceleraci\u00f3n del desarrollo del pa\u00eds.<\/p>\n<a href=\"https:\/\/en.ktu.edu\/\" > Visitar web <\/a>\n<a href=\"https:\/\/www.youtube.com\/watch?v=vcfNpDtVqOw\" data-zoom-config=\"600px|px\" > <img src=\"https:\/\/fashionedproject.eu\/wp-content\/uploads\/2024\/01\/Frame-27-2-367x190.png\" width=\"367\" height=\"190\" title=\"Frame 27 (2)\" alt=\"Frame 27 (2)\" srcset=\"https:\/\/fashionedproject.eu\/wp-content\/uploads\/2024\/01\/Frame-27-2.png 367w, https:\/\/fashionedproject.eu\/wp-content\/uploads\/2024\/01\/Frame-27-2-300x155.png 300w, https:\/\/fashionedproject.eu\/wp-content\/uploads\/2024\/01\/Frame-27-2-600x310.png 600w\" sizes=\"(max-width: 367px) 100vw, 367px\" \/> <\/a>\n<p style=\"text-align: center;\">Con sede en Kaunas, Lituania<br>Tel\u00e9fono +370 (37) 300 000<br>Email:ktu@ktu.lt<\/p>\n<a href=\"https:\/\/www.youtube.com\/watch?v=vcfNpDtVqOw\" data-zoom-config=\"600px|px\" > <img src=\"https:\/\/fashionedproject.eu\/wp-content\/uploads\/2024\/01\/Frame-27-3-367x190.png\" width=\"367\" height=\"190\" title=\"Frame 27 (3)\" alt=\"Frame 27 (3)\" srcset=\"https:\/\/fashionedproject.eu\/wp-content\/uploads\/2024\/01\/Frame-27-3.png 367w, https:\/\/fashionedproject.eu\/wp-content\/uploads\/2024\/01\/Frame-27-3-300x155.png 300w, https:\/\/fashionedproject.eu\/wp-content\/uploads\/2024\/01\/Frame-27-3-600x310.png 600w\" sizes=\"(max-width: 367px) 100vw, 367px\" \/> <\/a>\n<p style=\"text-align: center;\">Con sede en Oradea, Ruman\u00eda<br>Tel\u00e9fono +40 259 432830<br>Email: rectorat@uoradea.ro<\/p>\n<h3>UNIVERSITATEA DIN ORADEA<br>(ORADEA, Ruman\u00eda)<\/h3> <p>La Universidad de Oradea est\u00e1 organizada en 15 facultades a trav\u00e9s de una amplia gama de programas de grado, m\u00e1ster, doctorado y posgrado, 49 departamentos, 27 unidades de investigaci\u00f3n, y ofrece 106 programas de grado, m\u00e1s de 66 programas de m\u00e1ster y 7 escuelas de doctorado. La ense\u00f1anza se imparte a 20.514 estudiantes de grado y postgrado seg\u00fan la estructura de tres ciclos de Bolonia y la pedagog\u00eda centrada en el estudiante. La investigaci\u00f3n innovadora, la transferencia de conocimientos y las actividades empresariales son fundamentales para la misi\u00f3n y los objetivos de la Universidad, como demuestran los resultados de sus unidades y grupos de I+D.<\/p>\n<a href=\"https:\/\/www.uoradea.ro\/\" > Visitar web <\/a>\n<h3>IDEC Symvouloi Epicheiriseon Efarmoges Ypsilis Technologias Ekpaidefsi Anonymi Etaireia<br>(IDEC, Grecia)<\/h3> <p>IDEC es una empresa de consultor\u00eda de formaci\u00f3n situada en El Pireo, Grecia, fundada en 1989. Sus actividades consisten en formaci\u00f3n, consultor\u00eda de gesti\u00f3n, garant\u00eda de calidad, evaluaci\u00f3n y desarrollo de soluciones digitales tanto para el sector privado como para el p\u00fablico. Los clientes de IDEC son tanto PYMEs como grandes empresas griegas de una amplia variedad de sectores. IDEC coopera con m\u00e1s de 800 institutos de toda Europa y con unos 300 expertos en campos espec\u00edficos.<\/p>\n<a href=\"https:\/\/idec.gr\/\" > Visitar web <\/a>\n<a href=\"https:\/\/www.youtube.com\/watch?v=vcfNpDtVqOw\" data-zoom-config=\"600px|px\" > <img src=\"https:\/\/fashionedproject.eu\/wp-content\/uploads\/2024\/01\/Frame-27-4-367x190.png\" width=\"367\" height=\"190\" title=\"Frame 27 (4)\" alt=\"Frame 27 (4)\" srcset=\"https:\/\/fashionedproject.eu\/wp-content\/uploads\/2024\/01\/Frame-27-4.png 367w, https:\/\/fashionedproject.eu\/wp-content\/uploads\/2024\/01\/Frame-27-4-300x155.png 300w, https:\/\/fashionedproject.eu\/wp-content\/uploads\/2024\/01\/Frame-27-4-600x310.png 600w\" sizes=\"(max-width: 367px) 100vw, 367px\" \/> <\/a>\n<p style=\"text-align: center;\">Con sede en El Pireo, Grecia<br>Tel\u00e9fono +30 210 4286227<br>Email: info@idec.gr<\/p>\n<a href=\"https:\/\/www.youtube.com\/watch?v=vcfNpDtVqOw\" data-zoom-config=\"600px|px\" > <img src=\"https:\/\/fashionedproject.eu\/wp-content\/uploads\/2024\/01\/Frame-27-5-343x178.png\" width=\"343\" height=\"178\" title=\"Frame 27 (5)\" alt=\"Frame 27 (5)\" srcset=\"https:\/\/fashionedproject.eu\/wp-content\/uploads\/2024\/01\/Frame-27-5.png 343w, https:\/\/fashionedproject.eu\/wp-content\/uploads\/2024\/01\/Frame-27-5-300x156.png 300w, https:\/\/fashionedproject.eu\/wp-content\/uploads\/2024\/01\/Frame-27-5-600x311.png 600w\" sizes=\"(max-width: 343px) 100vw, 343px\" \/> <\/a>\n<p style=\"text-align: center;\">Con sede en Leeuwarden, Pa\u00edses Bajos<br>Tel\u00e9fono +31 58 845 80 45<br>Email: info@bdfriesland.nl<\/p>\n<h3>STICHTING BUSINESS DEVELOPMENT FRIESLAND (BDF, Pa\u00edses Bajos)<\/h3> <p>Business Development Friesland (BDF), de los Pa\u00edses Bajos, prepara, desarrolla, dise\u00f1a e imparte formaci\u00f3n pr\u00e1ctica para ayudar a personas y organizaciones a crecer. Tomamos nuestra propia iniciativa para hacerlo y con frecuencia recibimos peticiones de empresas, escuelas, universidades o gobiernos para que les apoyemos en sus esfuerzos. BDF constituye el nexo de uni\u00f3n entre las empresas, la educaci\u00f3n y el gobierno, y apoya a las organizaciones en la realizaci\u00f3n de sus ambiciones econ\u00f3micas, internacionales y sociales.<\/p>\n<a href=\"https:\/\/www.bdfriesland.nl\/\" > Visitar web <\/a>","_links":{"self":[{"href":"https:\/\/fashionedproject.eu\/es\/wp-json\/wp\/v2\/pages\/1267","targetHints":{"allow":["GET"]}}],"collection":[{"href":"https:\/\/fashionedproject.eu\/es\/wp-json\/wp\/v2\/pages"}],"about":[{"href":"https:\/\/fashionedproject.eu\/es\/wp-json\/wp\/v2\/types\/page"}],"author":[{"embeddable":true,"href":"https:\/\/fashionedproject.eu\/es\/wp-json\/wp\/v2\/users\/1"}],"replies":[{"embeddable":true,"href":"https:\/\/fashionedproject.eu\/es\/wp-json\/wp\/v2\/comments?post=1267"}],"version-history":[{"count":9,"href":"https:\/\/fashionedproject.eu\/es\/wp-json\/wp\/v2\/pages\/1267\/revisions"}],"predecessor-version":[{"id":3891,"href":"https:\/\/fashionedproject.eu\/es\/wp-json\/wp\/v2\/pages\/1267\/revisions\/3891"}],"wp:attachment":[{"href":"https:\/\/fashionedproject.eu\/es\/wp-json\/wp\/v2\/media?parent=1267"}],"curies":[{"name":"wp","href":"https:\/\/api.w.org\/{rel}","templated":true}]}}