{"id":1273,"date":"2024-01-31T14:21:24","date_gmt":"2024-01-31T12:21:24","guid":{"rendered":"https:\/\/fashionedproject.eu\/news\/"},"modified":"2025-12-03T15:19:53","modified_gmt":"2025-12-03T13:19:53","slug":"news","status":"publish","type":"page","link":"https:\/\/fashionedproject.eu\/es\/news\/","title":{"rendered":"Noticias"},"content":{"rendered":"<!--themify_builder_content-->\n<div id=\"themify_builder_content-1273\" data-postid=\"1273\" class=\"themify_builder_content themify_builder_content-1273 themify_builder tf_clear\">\n    \t\t\t\t<!-- module_row -->\n\t\t<div  data-css_id=\"kss7471\" data-lazy=\"1\" class=\"module_row themify_builder_row fullwidth tb_kss7471 tb_first tf_w tf_clearfix\">\n\t\t\t\t\t<div class=\"row_inner col_align_top tb_col_count_1 tf_box tf_rel\">\n\t\t\t\t\t<div  data-lazy=\"1\" class=\"module_column tb-column col-full tb_ckhd472 first\">\n\t\t\t\t\t\t\t\t\t<div class=\"tb-column-inner tf_box tf_w\">\n\t\t\t\t<!-- module image -->\n<div  class=\"module module-image tb_1ihy905   image-top auto_fullwidth tf_mw\" data-lazy=\"1\">\n        <div class=\"image-wrap tf_rel tf_mw\">\n\t\t    <img loading=\"lazy\" decoding=\"async\" width=\"1600\" height=\"344\" src=\"https:\/\/fashionedproject.eu\/wp-content\/uploads\/2025\/12\/sp-6.png\" class=\"wp-post-image wp-image-3909\" title=\"sp (6)\" alt=\"sp (6)\" srcset=\"https:\/\/fashionedproject.eu\/wp-content\/uploads\/2025\/12\/sp-6.png 1600w, https:\/\/fashionedproject.eu\/wp-content\/uploads\/2025\/12\/sp-6-300x65.png 300w, https:\/\/fashionedproject.eu\/wp-content\/uploads\/2025\/12\/sp-6-1024x220.png 1024w, https:\/\/fashionedproject.eu\/wp-content\/uploads\/2025\/12\/sp-6-768x165.png 768w, https:\/\/fashionedproject.eu\/wp-content\/uploads\/2025\/12\/sp-6-1536x330.png 1536w\" sizes=\"auto, (max-width: 1600px) 100vw, 1600px\" \/>\t\n\t\t<\/div>\n\t<!-- \/image-wrap -->\n    \n    \t<\/div>\n<!-- \/module image -->\t\t\t\t<\/div><!-- .tb-column-inner -->\n\t\t\t\t\t\t<\/div><!-- .module_column -->\n\t\t\t\t\t\t<\/div><!-- .row_inner -->\n\t\t<\/div><!-- .module_row -->\n\t\t\t\t\t\t\t\t<!-- module_row -->\n\t\t<div  data-lazy=\"1\" class=\"module_row themify_builder_row tb_lo65937 tf_w tf_clearfix\">\n\t\t\t\t\t<div class=\"row_inner col_align_top tb_col_count_1 tf_box tf_rel\">\n\t\t\t\t\t<div  data-lazy=\"1\" class=\"module_column tb-column col-full tb_3asa937 first\">\n\t\t\t\t\t\t\t\t\t<div class=\"tb-column-inner tf_box tf_w\">\n\t\t\t\t<!-- module post -->\n<div  class=\"module module-post tb_l3x7299 \">\n        <ul class=\"post-filter tf_textc tf_opacity\" data-id=\"1273\" data-el=\"tb_l3x7299\" data-limit=\"9\" data-ajax=\"1\" data-sort=\"true\" data-taxonomy=\"category\">\n\t\t\t<li class=\"cat-item cat-item-36\"><a href=\"https:\/\/fashionedproject.eu\/es\/category\/news-es\/\">News<\/a>\n<\/li>\n\t<li class=\"cat-item cat-item-13\"><a href=\"https:\/\/fashionedproject.eu\/es\/category\/sin-categorizar\/\">Sin categorizar<\/a>\n<\/li>\n\t\t            <li data-init=\"1\" data-p=\"2\" class=\"cat-item cat-item-all active\">All<\/li>\n            <li class=\"tf_ajax_sort tf_rel\">\n                <a href=\"#\"\n                   class=\"tf_ajax_sort_icon\"><svg  aria-label=\"sort\" class=\"tf_fa tf-ti-menu-alt\" role=\"img\"><use href=\"#tf-ti-menu-alt\"><\/use><\/svg><\/a>\n                <div class=\"tf_ajax_sort_dropdown tf_abs tf_hide tf_box\">\n                    <div class=\"tf_ajax_sort_title\">\n                        <span>Sort by:<\/span>\n                        <div>\n                            <span class=\"tf_ajax_sort_order tf_inline_b tf_vmiddle\"\n                                  data-type=\"asc\"><svg  aria-label=\"sort\" class=\"tf_fa tf-ti-arrow-up\" role=\"img\"><use href=\"#tf-ti-arrow-up\"><\/use><\/svg><\/span>\n                            <span class=\"tf_ajax_sort_order tf_inline_b tf_vmiddle active\"\n                                  data-type=\"desc\"><svg  aria-label=\"sort\" class=\"tf_fa tf-ti-arrow-down\" role=\"img\"><use href=\"#tf-ti-arrow-down\"><\/use><\/svg><\/span>\n                        <\/div>\n                    <\/div>\n                    <ul class=\"tf_ajax_sort_order_by tf_textl\">\n\t\t\t\t\t\t                            <li data-order-by=\"date\" class=\"active\">Date<\/li>\n\t\t\t\t\t\t                            <li data-order-by=\"title\">Title<\/li>\n\t\t\t\t\t\t                    <\/ul>\n                <\/div>\n            <\/li>\n\t\t    <\/ul>\n\t    <div  class=\"builder-posts-wrap loops-wrapper grid3 masonry boxed tf_rel tf_clear tf_clearfix tb_ajax_pagination\" data-id=\"tb_l3x7299\" data-lazy=\"1\" data-layout=\"fitRows\">\n\t<article id=\"post-3381\" class=\"post tf_clearfix post-3381 type-post status-publish format-standard hentry category-news-es has-post-title has-post-date has-post-category has-post-tag no-post-comment no-post-author   cat-36 initial-cat\">\n\t    \n\t\t<div class=\"post-content\">\n\t\t<div class=\"post-content-inner\">\n\n\t\t\t\t\t\t\t\t<div class=\"post-date-wrap post-date-inline\">\n\t\t<time class=\"post-date entry-date updated\" datetime=\"2025-11-13\">\n\t\t\t\t\t<span class=\"year\">13\/11\/2025<\/span>\n\t\t\t\t<\/time>\n\t<\/div><!-- .post-date-wrap -->\n\t\t\t\t\n\t\t\t<h2 class=\"post-title entry-title\"><a href=\"https:\/\/fashionedproject.eu\/es\/3265\/\">3rd NewsLetter<\/a><\/h2>\n\t\t\t\t\t\t\t<p class=\"post-meta entry-meta\">\n\t\t\t\t\t\n\t\t\t\t\t<span class=\"post-category\"><a href=\"https:\/\/fashionedproject.eu\/es\/category\/news-es\/\" rel=\"tag\" class=\"term-news-es\">News<\/a><\/span>\n\t\t\t\t\t\t\t\t\t\t\t\t\t\t\t\t\n\t\t\t\t\t\t\t\t\t<\/p>\n\t\t\t\t<!-- \/post-meta -->\n\t\t\t\n\t\t\t\n\t\t\t\t<div class=\"entry-content\">\n\n        \n\t\t\n\t\t\n\t    \n\t<\/div><!-- \/.entry-content -->\n\t\n\t\t<\/div>\n\t\t<!-- \/.post-content-inner -->\n\t<\/div>\n\t<!-- \/.post-content -->\n\t\n<\/article>\n<!-- \/.post -->\n<article id=\"post-2951\" class=\"post tf_clearfix post-2951 type-post status-publish format-standard has-post-thumbnail hentry category-news-es has-post-title has-post-date has-post-category has-post-tag no-post-comment no-post-author   cat-36 initial-cat\">\n\t    \n\t\t\t\t<figure class=\"post-image tf_clearfix\">\n\t\t\t    \t\t\t\t\t\t\t\t<a href=\"https:\/\/fashionedproject.eu\/es\/3a-reunion-transnacional-de-fashion-ed-en-alcoy\/\">\n\t\t\t\t\t\t\t\t<img loading=\"lazy\" decoding=\"async\" width=\"1600\" height=\"1200\" src=\"https:\/\/fashionedproject.eu\/wp-content\/uploads\/2025\/10\/WhatsApp-Image-2025-09-25-at-17.21.11-1.jpeg\" class=\"wp-post-image wp-image-2936\" title=\"WhatsApp Image 2025-09-25 at 17.21.11 (1)\" alt=\"WhatsApp Image 2025-09-25 at 17.21.11 (1)\" srcset=\"https:\/\/fashionedproject.eu\/wp-content\/uploads\/2025\/10\/WhatsApp-Image-2025-09-25-at-17.21.11-1.jpeg 1600w, https:\/\/fashionedproject.eu\/wp-content\/uploads\/2025\/10\/WhatsApp-Image-2025-09-25-at-17.21.11-1-300x225.jpeg 300w, https:\/\/fashionedproject.eu\/wp-content\/uploads\/2025\/10\/WhatsApp-Image-2025-09-25-at-17.21.11-1-1024x768.jpeg 1024w, https:\/\/fashionedproject.eu\/wp-content\/uploads\/2025\/10\/WhatsApp-Image-2025-09-25-at-17.21.11-1-768x576.jpeg 768w, https:\/\/fashionedproject.eu\/wp-content\/uploads\/2025\/10\/WhatsApp-Image-2025-09-25-at-17.21.11-1-1536x1152.jpeg 1536w\" sizes=\"auto, (max-width: 1600px) 100vw, 1600px\" \/>\t\t\t\t\t\t\t\t    \t\t\t\t<\/a>\n\t\t\t\t\t\t\t    \t\t\t<\/figure>\n\t\t\t\t<div class=\"post-content\">\n\t\t<div class=\"post-content-inner\">\n\n\t\t\t\t\t\t\t\t<div class=\"post-date-wrap post-date-inline\">\n\t\t<time class=\"post-date entry-date updated\" datetime=\"2025-10-02\">\n\t\t\t\t\t<span class=\"year\">02\/10\/2025<\/span>\n\t\t\t\t<\/time>\n\t<\/div><!-- .post-date-wrap -->\n\t\t\t\t\n\t\t\t<h2 class=\"post-title entry-title\"><a href=\"https:\/\/fashionedproject.eu\/es\/3a-reunion-transnacional-de-fashion-ed-en-alcoy\/\">3\u00aa Reuni\u00f3n Transnacional de Fashion.ED en Alcoy<\/a><\/h2>\n\t\t\t\t\t\t\t<p class=\"post-meta entry-meta\">\n\t\t\t\t\t\n\t\t\t\t\t<span class=\"post-category\"><a href=\"https:\/\/fashionedproject.eu\/es\/category\/news-es\/\" rel=\"tag\" class=\"term-news-es\">News<\/a><\/span>\n\t\t\t\t\t\t\t\t\t\t\t\t\t\t\t\t\n\t\t\t\t\t\t\t\t\t<\/p>\n\t\t\t\t<!-- \/post-meta -->\n\t\t\t\n\t\t\t\n\t\t\t\t<div class=\"entry-content\">\n\n        \n\t\t<p>El pasado 16 de septiembre de 2025 tambi\u00e9n tuvo lugar la 3\u00aa Transnational Project Meeting (TPM) del proyecto Fashion.ED, celebrada en la Universitat Polit\u00e8cnica de Val\u00e8ncia (Campus de Alcoy, Espa\u00f1a).Durante la reuni\u00f3n, cada socio l\u00edder de los diferentes paquetes de trabajo present\u00f3 los resultados alcanzados en su \u00e1rea de responsabilidad. Asimismo, se revisaron las \u00faltimas [&hellip;]<\/p>\n\n\t\t\n\t    \n\t<\/div><!-- \/.entry-content -->\n\t\n\t\t<\/div>\n\t\t<!-- \/.post-content-inner -->\n\t<\/div>\n\t<!-- \/.post-content -->\n\t\n<\/article>\n<!-- \/.post -->\n<article id=\"post-2918\" class=\"post tf_clearfix post-2918 type-post status-publish format-standard has-post-thumbnail hentry category-news-es has-post-title has-post-date has-post-category has-post-tag no-post-comment no-post-author   cat-36 initial-cat\">\n\t    \n\t\t\t\t<figure class=\"post-image tf_clearfix\">\n\t\t\t    \t\t\t\t\t\t\t\t<a href=\"https:\/\/fashionedproject.eu\/es\/los-4-ganadores-del-eco-design-challenge\/\">\n\t\t\t\t\t\t\t\t<img loading=\"lazy\" decoding=\"async\" width=\"1440\" height=\"2560\" src=\"https:\/\/fashionedproject.eu\/wp-content\/uploads\/2025\/10\/Winners-and-Partners-scaled.jpg\" class=\"wp-post-image wp-image-2908\" title=\"Winners and Partners\" alt=\"Winners and Partners\" srcset=\"https:\/\/fashionedproject.eu\/wp-content\/uploads\/2025\/10\/Winners-and-Partners-scaled.jpg 1440w, https:\/\/fashionedproject.eu\/wp-content\/uploads\/2025\/10\/Winners-and-Partners-169x300.jpg 169w, https:\/\/fashionedproject.eu\/wp-content\/uploads\/2025\/10\/Winners-and-Partners-576x1024.jpg 576w, https:\/\/fashionedproject.eu\/wp-content\/uploads\/2025\/10\/Winners-and-Partners-768x1365.jpg 768w, https:\/\/fashionedproject.eu\/wp-content\/uploads\/2025\/10\/Winners-and-Partners-864x1536.jpg 864w, https:\/\/fashionedproject.eu\/wp-content\/uploads\/2025\/10\/Winners-and-Partners-1152x2048.jpg 1152w\" sizes=\"auto, (max-width: 1440px) 100vw, 1440px\" \/>\t\t\t\t\t\t\t\t    \t\t\t\t<\/a>\n\t\t\t\t\t\t\t    \t\t\t<\/figure>\n\t\t\t\t<div class=\"post-content\">\n\t\t<div class=\"post-content-inner\">\n\n\t\t\t\t\t\t\t\t<div class=\"post-date-wrap post-date-inline\">\n\t\t<time class=\"post-date entry-date updated\" datetime=\"2025-10-02\">\n\t\t\t\t\t<span class=\"year\">02\/10\/2025<\/span>\n\t\t\t\t<\/time>\n\t<\/div><!-- .post-date-wrap -->\n\t\t\t\t\n\t\t\t<h2 class=\"post-title entry-title\"><a href=\"https:\/\/fashionedproject.eu\/es\/los-4-ganadores-del-eco-design-challenge\/\">Los 4 ganadores del Eco Design Challenge<\/a><\/h2>\n\t\t\t\t\t\t\t<p class=\"post-meta entry-meta\">\n\t\t\t\t\t\n\t\t\t\t\t<span class=\"post-category\"><a href=\"https:\/\/fashionedproject.eu\/es\/category\/news-es\/\" rel=\"tag\" class=\"term-news-es\">News<\/a><\/span>\n\t\t\t\t\t\t\t\t\t\t\t\t\t\t\t\t\n\t\t\t\t\t\t\t\t\t<\/p>\n\t\t\t\t<!-- \/post-meta -->\n\t\t\t\n\t\t\t\n\t\t\t\t<div class=\"entry-content\">\n\n        \n\t\t<p>En Fashion.ED ya conocemos a los cuatro ganadores del Eco Design Challenge, un reto pensado para impulsar el emprendimiento sostenible en el \u00e1mbito del ecodise\u00f1o textil.Un total de 20 estudiantes de las cuatro universidades socias participaron en este desaf\u00edo tras recibir una formaci\u00f3n impartida por BDF en Leeuwarden, centrada en emprendimiento y desarrollo de negocio [&hellip;]<\/p>\n\n\t\t\n\t    \n\t<\/div><!-- \/.entry-content -->\n\t\n\t\t<\/div>\n\t\t<!-- \/.post-content-inner -->\n\t<\/div>\n\t<!-- \/.post-content -->\n\t\n<\/article>\n<!-- \/.post -->\n<article id=\"post-2838\" class=\"post tf_clearfix post-2838 type-post status-publish format-standard has-post-thumbnail hentry category-news-es has-post-title has-post-date has-post-category has-post-tag no-post-comment no-post-author   cat-36 initial-cat\">\n\t    \n\t\t\t\t<figure class=\"post-image tf_clearfix\">\n\t\t\t    \t\t\t\t\t\t\t\t<a href=\"https:\/\/fashionedproject.eu\/es\/conferencia-final-del-proyecto-fashion-ed-en-la-upv-alcoy\/\">\n\t\t\t\t\t\t\t\t<img loading=\"lazy\" decoding=\"async\" width=\"2560\" height=\"1440\" src=\"https:\/\/fashionedproject.eu\/wp-content\/uploads\/2025\/10\/IMG_20250916_094956-2-scaled.jpg\" class=\"wp-post-image wp-image-2826\" title=\"IMG_20250916_094956 (2)\" alt=\"IMG_20250916_094956 (2)\" srcset=\"https:\/\/fashionedproject.eu\/wp-content\/uploads\/2025\/10\/IMG_20250916_094956-2-scaled.jpg 2560w, https:\/\/fashionedproject.eu\/wp-content\/uploads\/2025\/10\/IMG_20250916_094956-2-300x169.jpg 300w, https:\/\/fashionedproject.eu\/wp-content\/uploads\/2025\/10\/IMG_20250916_094956-2-1024x576.jpg 1024w, https:\/\/fashionedproject.eu\/wp-content\/uploads\/2025\/10\/IMG_20250916_094956-2-768x432.jpg 768w, https:\/\/fashionedproject.eu\/wp-content\/uploads\/2025\/10\/IMG_20250916_094956-2-1536x864.jpg 1536w, https:\/\/fashionedproject.eu\/wp-content\/uploads\/2025\/10\/IMG_20250916_094956-2-2048x1152.jpg 2048w\" sizes=\"auto, (max-width: 2560px) 100vw, 2560px\" \/>\t\t\t\t\t\t\t\t    \t\t\t\t<\/a>\n\t\t\t\t\t\t\t    \t\t\t<\/figure>\n\t\t\t\t<div class=\"post-content\">\n\t\t<div class=\"post-content-inner\">\n\n\t\t\t\t\t\t\t\t<div class=\"post-date-wrap post-date-inline\">\n\t\t<time class=\"post-date entry-date updated\" datetime=\"2025-10-02\">\n\t\t\t\t\t<span class=\"year\">02\/10\/2025<\/span>\n\t\t\t\t<\/time>\n\t<\/div><!-- .post-date-wrap -->\n\t\t\t\t\n\t\t\t<h2 class=\"post-title entry-title\"><a href=\"https:\/\/fashionedproject.eu\/es\/conferencia-final-del-proyecto-fashion-ed-en-la-upv-alcoy\/\">Conferencia Final del Proyecto Fashion.ED en la UPV Alcoy<\/a><\/h2>\n\t\t\t\t\t\t\t<p class=\"post-meta entry-meta\">\n\t\t\t\t\t\n\t\t\t\t\t<span class=\"post-category\"><a href=\"https:\/\/fashionedproject.eu\/es\/category\/news-es\/\" rel=\"tag\" class=\"term-news-es\">News<\/a><\/span>\n\t\t\t\t\t\t\t\t\t\t\t\t\t\t\t\t\n\t\t\t\t\t\t\t\t\t<\/p>\n\t\t\t\t<!-- \/post-meta -->\n\t\t\t\n\t\t\t\n\t\t\t\t<div class=\"entry-content\">\n\n        \n\t\t<p>El pasado 16 de septiembre de 2025 se celebr\u00f3 en el Campus de Alcoy de la Universitat Polit\u00e8cnica de Val\u00e8ncia (UPV) la Conferencia Final del Proyecto Europeo Fashion.ED. El encuentro reuni\u00f3 a profesionales, investigadores y estudiantes del \u00e1mbito textil para presentar los principales resultados alcanzados a lo largo del proyecto.La jornada comenz\u00f3 con la presentaci\u00f3n [&hellip;]<\/p>\n\n\t\t\n\t    \n\t<\/div><!-- \/.entry-content -->\n\t\n\t\t<\/div>\n\t\t<!-- \/.post-content-inner -->\n\t<\/div>\n\t<!-- \/.post-content -->\n\t\n<\/article>\n<!-- \/.post -->\n<article id=\"post-3206\" class=\"post tf_clearfix post-3206 type-post status-publish format-standard has-post-thumbnail hentry category-news-es has-post-title has-post-date has-post-category has-post-tag no-post-comment no-post-author   cat-36 initial-cat\">\n\t    \n\t\t\t\t<figure class=\"post-image tf_clearfix\">\n\t\t\t    \t\t\t\t\t\t\t\t<a href=\"https:\/\/fashionedproject.eu\/es\/evento-final-de-difusion-universidad-de-oradea-rumania\/\">\n\t\t\t\t\t\t\t\t<img loading=\"lazy\" decoding=\"async\" width=\"600\" height=\"450\" src=\"https:\/\/fashionedproject.eu\/wp-content\/uploads\/2025\/10\/15.jpg\" class=\"wp-post-image wp-image-2792\" title=\"15\" alt=\"15\" srcset=\"https:\/\/fashionedproject.eu\/wp-content\/uploads\/2025\/10\/15.jpg 600w, https:\/\/fashionedproject.eu\/wp-content\/uploads\/2025\/10\/15-300x225.jpg 300w\" sizes=\"auto, (max-width: 600px) 100vw, 600px\" \/>\t\t\t\t\t\t\t\t    \t\t\t\t<\/a>\n\t\t\t\t\t\t\t    \t\t\t<\/figure>\n\t\t\t\t<div class=\"post-content\">\n\t\t<div class=\"post-content-inner\">\n\n\t\t\t\t\t\t\t\t<div class=\"post-date-wrap post-date-inline\">\n\t\t<time class=\"post-date entry-date updated\" datetime=\"2025-10-02\">\n\t\t\t\t\t<span class=\"year\">02\/10\/2025<\/span>\n\t\t\t\t<\/time>\n\t<\/div><!-- .post-date-wrap -->\n\t\t\t\t\n\t\t\t<h2 class=\"post-title entry-title\"><a href=\"https:\/\/fashionedproject.eu\/es\/evento-final-de-difusion-universidad-de-oradea-rumania\/\">Evento final de difusi\u00f3n \u2013 Universidad de Oradea \u2013 Ruman\u00eda<\/a><\/h2>\n\t\t\t\t\t\t\t<p class=\"post-meta entry-meta\">\n\t\t\t\t\t\n\t\t\t\t\t<span class=\"post-category\"><a href=\"https:\/\/fashionedproject.eu\/es\/category\/news-es\/\" rel=\"tag\" class=\"term-news-es\">News<\/a><\/span>\n\t\t\t\t\t\t\t\t\t\t\t\t\t\t\t\t\n\t\t\t\t\t\t\t\t\t<\/p>\n\t\t\t\t<!-- \/post-meta -->\n\t\t\t\n\t\t\t\n\t\t\t\t<div class=\"entry-content\">\n\n        \n\t\t<p>El 23 de septiembre de 2025, el Hotel Continental de Oradea acogi\u00f3 el Evento de Difusi\u00f3n del proyecto Erasmus+ Supporting Entrepreneurship in Eco Design (FASHION.ED).\ud83c\udf93 El evento fue organizado por el Departamento de Textiles, Cuero y Gesti\u00f3n Industrial de la Universidad de Oradea, coordinado por la Prof. Asociada Ing. Liliana Indrie, la Prof. Asociada Ing. [&hellip;]<\/p>\n\n\t\t\n\t    \n\t<\/div><!-- \/.entry-content -->\n\t\n\t\t<\/div>\n\t\t<!-- \/.post-content-inner -->\n\t<\/div>\n\t<!-- \/.post-content -->\n\t\n<\/article>\n<!-- \/.post -->\n<article id=\"post-3209\" class=\"post tf_clearfix post-3209 type-post status-publish format-standard has-post-thumbnail hentry category-news-es has-post-title has-post-date has-post-category has-post-tag no-post-comment no-post-author   cat-36 initial-cat\">\n\t    \n\t\t\t\t<figure class=\"post-image tf_clearfix\">\n\t\t\t    \t\t\t\t\t\t\t\t<a href=\"https:\/\/fashionedproject.eu\/es\/simposio-final-del-proyecto-fashion-ed-ecodiseno-y-economia-circular-organizado-por-uniwa-idec-el-18-de-septiembre-de-2025-en-las-instalaciones-de-uniwa\/\">\n\t\t\t\t\t\t\t\t<img loading=\"lazy\" decoding=\"async\" width=\"1600\" height=\"1200\" src=\"https:\/\/fashionedproject.eu\/wp-content\/uploads\/2025\/09\/5.jpg\" class=\"wp-post-image wp-image-2726\" title=\"5\" alt=\"5\" srcset=\"https:\/\/fashionedproject.eu\/wp-content\/uploads\/2025\/09\/5.jpg 1600w, https:\/\/fashionedproject.eu\/wp-content\/uploads\/2025\/09\/5-300x225.jpg 300w, https:\/\/fashionedproject.eu\/wp-content\/uploads\/2025\/09\/5-1024x768.jpg 1024w, https:\/\/fashionedproject.eu\/wp-content\/uploads\/2025\/09\/5-768x576.jpg 768w, https:\/\/fashionedproject.eu\/wp-content\/uploads\/2025\/09\/5-1536x1152.jpg 1536w\" sizes=\"auto, (max-width: 1600px) 100vw, 1600px\" \/>\t\t\t\t\t\t\t\t    \t\t\t\t<\/a>\n\t\t\t\t\t\t\t    \t\t\t<\/figure>\n\t\t\t\t<div class=\"post-content\">\n\t\t<div class=\"post-content-inner\">\n\n\t\t\t\t\t\t\t\t<div class=\"post-date-wrap post-date-inline\">\n\t\t<time class=\"post-date entry-date updated\" datetime=\"2025-09-22\">\n\t\t\t\t\t<span class=\"year\">22\/09\/2025<\/span>\n\t\t\t\t<\/time>\n\t<\/div><!-- .post-date-wrap -->\n\t\t\t\t\n\t\t\t<h2 class=\"post-title entry-title\"><a href=\"https:\/\/fashionedproject.eu\/es\/simposio-final-del-proyecto-fashion-ed-ecodiseno-y-economia-circular-organizado-por-uniwa-idec-el-18-de-septiembre-de-2025-en-las-instalaciones-de-uniwa\/\">Simposio Final del Proyecto FASHION.ED: Ecodise\u00f1o y Econom\u00eda Circular, organizado por UNIWA\u2013IDEC el 18 de septiembre de 2025 en las instalaciones de UNIWA<\/a><\/h2>\n\t\t\t\t\t\t\t<p class=\"post-meta entry-meta\">\n\t\t\t\t\t\n\t\t\t\t\t<span class=\"post-category\"><a href=\"https:\/\/fashionedproject.eu\/es\/category\/news-es\/\" rel=\"tag\" class=\"term-news-es\">News<\/a><\/span>\n\t\t\t\t\t\t\t\t\t\t\t\t\t\t\t\t\n\t\t\t\t\t\t\t\t\t<\/p>\n\t\t\t\t<!-- \/post-meta -->\n\t\t\t\n\t\t\t\n\t\t\t\t<div class=\"entry-content\">\n\n        \n\t\t<p>El Simposio Final del Proyecto FASHION.ED, titulado:\u201cFASHION.ED PROJECT: ECO-DESIGN AND CIRCULAR ECONOMY\u201d,se celebr\u00f3 con gran \u00e9xito el 18 de septiembre de 2025 en el campus Ancient Olive Grove de la Universidad de \u00c1tica Occidental (UNIWA), donde se presentaron los resultados del proyecto.El evento fue organizado por la Universidad de \u00c1tica Occidental (Departamento de Ingenier\u00eda de [&hellip;]<\/p>\n\n\t\t\n\t    \n\t<\/div><!-- \/.entry-content -->\n\t\n\t\t<\/div>\n\t\t<!-- \/.post-content-inner -->\n\t<\/div>\n\t<!-- \/.post-content -->\n\t\n<\/article>\n<!-- \/.post -->\n<article id=\"post-3212\" class=\"post tf_clearfix post-3212 type-post status-publish format-standard has-post-thumbnail hentry category-news-es has-post-title has-post-date has-post-category has-post-tag no-post-comment no-post-author   cat-36 initial-cat\">\n\t    \n\t\t\t\t<figure class=\"post-image tf_clearfix\">\n\t\t\t    \t\t\t\t\t\t\t\t<a href=\"https:\/\/fashionedproject.eu\/es\/conferencia-final-de-fashion-ed-en-lituania\/\">\n\t\t\t\t\t\t\t\t<img loading=\"lazy\" decoding=\"async\" width=\"1920\" height=\"2560\" src=\"https:\/\/fashionedproject.eu\/wp-content\/uploads\/2025\/02\/IMG_2255-scaled.jpg\" class=\"wp-post-image wp-image-1811\" title=\"IMG_2255\" alt=\"IMG_2255\" srcset=\"https:\/\/fashionedproject.eu\/wp-content\/uploads\/2025\/02\/IMG_2255-scaled.jpg 1920w, https:\/\/fashionedproject.eu\/wp-content\/uploads\/2025\/02\/IMG_2255-225x300.jpg 225w, https:\/\/fashionedproject.eu\/wp-content\/uploads\/2025\/02\/IMG_2255-768x1024.jpg 768w, https:\/\/fashionedproject.eu\/wp-content\/uploads\/2025\/02\/IMG_2255-1152x1536.jpg 1152w, https:\/\/fashionedproject.eu\/wp-content\/uploads\/2025\/02\/IMG_2255-1536x2048.jpg 1536w\" sizes=\"auto, (max-width: 1920px) 100vw, 1920px\" \/>\t\t\t\t\t\t\t\t    \t\t\t\t<\/a>\n\t\t\t\t\t\t\t    \t\t\t<\/figure>\n\t\t\t\t<div class=\"post-content\">\n\t\t<div class=\"post-content-inner\">\n\n\t\t\t\t\t\t\t\t<div class=\"post-date-wrap post-date-inline\">\n\t\t<time class=\"post-date entry-date updated\" datetime=\"2025-09-19\">\n\t\t\t\t\t<span class=\"year\">19\/09\/2025<\/span>\n\t\t\t\t<\/time>\n\t<\/div><!-- .post-date-wrap -->\n\t\t\t\t\n\t\t\t<h2 class=\"post-title entry-title\"><a href=\"https:\/\/fashionedproject.eu\/es\/conferencia-final-de-fashion-ed-en-lituania\/\">Conferencia Final de Fashion.ED en Lituania<\/a><\/h2>\n\t\t\t\t\t\t\t<p class=\"post-meta entry-meta\">\n\t\t\t\t\t\n\t\t\t\t\t<span class=\"post-category\"><a href=\"https:\/\/fashionedproject.eu\/es\/category\/news-es\/\" rel=\"tag\" class=\"term-news-es\">News<\/a><\/span>\n\t\t\t\t\t\t\t\t\t\t\t\t\t\t\t\t\n\t\t\t\t\t\t\t\t\t<\/p>\n\t\t\t\t<!-- \/post-meta -->\n\t\t\t\n\t\t\t\n\t\t\t\t<div class=\"entry-content\">\n\n        \n\t\t<p>La Conferencia Final en Lituania, organizada por KTU, se celebr\u00f3 el 10 de septiembre de 2025 en la Biblioteca del Campus de KTU y cont\u00f3 con la participaci\u00f3n de profesionales de empresas lituanas del sector textil y de la moda, miembros de la Asociaci\u00f3n Lituana de Empresas Textiles y de Confecci\u00f3n, as\u00ed como personal acad\u00e9mico [&hellip;]<\/p>\n\n\t\t\n\t    \n\t<\/div><!-- \/.entry-content -->\n\t\n\t\t<\/div>\n\t\t<!-- \/.post-content-inner -->\n\t<\/div>\n\t<!-- \/.post-content -->\n\t\n<\/article>\n<!-- \/.post -->\n<article id=\"post-3215\" class=\"post tf_clearfix post-3215 type-post status-publish format-standard has-post-thumbnail hentry category-news-es has-post-title has-post-date has-post-category has-post-tag no-post-comment no-post-author   cat-36 initial-cat\">\n\t    \n\t\t\t\t<figure class=\"post-image tf_clearfix\">\n\t\t\t    \t\t\t\t\t\t\t\t<a href=\"https:\/\/fashionedproject.eu\/es\/evento-de-networking-de-fashion-ed-paises-bajos\/\">\n\t\t\t\t\t\t\t\t<img loading=\"lazy\" decoding=\"async\" width=\"2000\" height=\"1500\" src=\"https:\/\/fashionedproject.eu\/wp-content\/uploads\/2025\/09\/Afbeelding-van-WhatsApp-op-2025-09-05-om-08.45.38_84f5f3e9.jpg\" class=\"wp-post-image wp-image-2686\" title=\"Afbeelding van WhatsApp op 2025-09-05 om 08.45.38_84f5f3e9\" alt=\"Afbeelding van WhatsApp op 2025-09-05 om 08.45.38_84f5f3e9\" srcset=\"https:\/\/fashionedproject.eu\/wp-content\/uploads\/2025\/09\/Afbeelding-van-WhatsApp-op-2025-09-05-om-08.45.38_84f5f3e9.jpg 2000w, https:\/\/fashionedproject.eu\/wp-content\/uploads\/2025\/09\/Afbeelding-van-WhatsApp-op-2025-09-05-om-08.45.38_84f5f3e9-300x225.jpg 300w, https:\/\/fashionedproject.eu\/wp-content\/uploads\/2025\/09\/Afbeelding-van-WhatsApp-op-2025-09-05-om-08.45.38_84f5f3e9-1024x768.jpg 1024w, https:\/\/fashionedproject.eu\/wp-content\/uploads\/2025\/09\/Afbeelding-van-WhatsApp-op-2025-09-05-om-08.45.38_84f5f3e9-768x576.jpg 768w, https:\/\/fashionedproject.eu\/wp-content\/uploads\/2025\/09\/Afbeelding-van-WhatsApp-op-2025-09-05-om-08.45.38_84f5f3e9-1536x1152.jpg 1536w\" sizes=\"auto, (max-width: 2000px) 100vw, 2000px\" \/>\t\t\t\t\t\t\t\t    \t\t\t\t<\/a>\n\t\t\t\t\t\t\t    \t\t\t<\/figure>\n\t\t\t\t<div class=\"post-content\">\n\t\t<div class=\"post-content-inner\">\n\n\t\t\t\t\t\t\t\t<div class=\"post-date-wrap post-date-inline\">\n\t\t<time class=\"post-date entry-date updated\" datetime=\"2025-09-17\">\n\t\t\t\t\t<span class=\"year\">17\/09\/2025<\/span>\n\t\t\t\t<\/time>\n\t<\/div><!-- .post-date-wrap -->\n\t\t\t\t\n\t\t\t<h2 class=\"post-title entry-title\"><a href=\"https:\/\/fashionedproject.eu\/es\/evento-de-networking-de-fashion-ed-paises-bajos\/\">Evento de Networking de Fashion.ED | Pa\u00edses Bajos<\/a><\/h2>\n\t\t\t\t\t\t\t<p class=\"post-meta entry-meta\">\n\t\t\t\t\t\n\t\t\t\t\t<span class=\"post-category\"><a href=\"https:\/\/fashionedproject.eu\/es\/category\/news-es\/\" rel=\"tag\" class=\"term-news-es\">News<\/a><\/span>\n\t\t\t\t\t\t\t\t\t\t\t\t\t\t\t\t\n\t\t\t\t\t\t\t\t\t<\/p>\n\t\t\t\t<!-- \/post-meta -->\n\t\t\t\n\t\t\t\n\t\t\t\t<div class=\"entry-content\">\n\n        \n\t\t<p>El pasado jueves, Business Development Friesland organiz\u00f3 un inspirador evento de networking en su nueva oficina en Building Z (Zaailand 106), Leeuwarden (Pa\u00edses Bajos), para presentar el proyecto Fashion.ED a colegas de @iqubator y a otros agentes clave.Tras 24 meses de trabajo conjunto, incluyendo sesiones de ideaci\u00f3n, colaboraci\u00f3n y desarrollo, Fashion.ED se acerca a su [&hellip;]<\/p>\n\n\t\t\n\t    \n\t<\/div><!-- \/.entry-content -->\n\t\n\t\t<\/div>\n\t\t<!-- \/.post-content-inner -->\n\t<\/div>\n\t<!-- \/.post-content -->\n\t\n<\/article>\n<!-- \/.post -->\n<article id=\"post-2662\" class=\"post tf_clearfix post-2662 type-post status-publish format-standard has-post-thumbnail hentry category-news-es has-post-title has-post-date has-post-category has-post-tag no-post-comment no-post-author   cat-36 initial-cat\">\n\t    \n\t\t\t\t<figure class=\"post-image tf_clearfix\">\n\t\t\t    \t\t\t\t\t\t\t\t<a href=\"https:\/\/fashionedproject.eu\/es\/final-conference-of-the-fashion-ed-project\/\">\n\t\t\t\t\t\t\t\t<img loading=\"lazy\" decoding=\"async\" width=\"1080\" height=\"1350\" src=\"https:\/\/fashionedproject.eu\/wp-content\/uploads\/2025\/09\/Final-Conference-Alcoy.png\" class=\"wp-post-image wp-image-2665\" title=\"Final Conference Alcoy\" alt=\"Final Conference Alcoy\" srcset=\"https:\/\/fashionedproject.eu\/wp-content\/uploads\/2025\/09\/Final-Conference-Alcoy.png 1080w, https:\/\/fashionedproject.eu\/wp-content\/uploads\/2025\/09\/Final-Conference-Alcoy-240x300.png 240w, https:\/\/fashionedproject.eu\/wp-content\/uploads\/2025\/09\/Final-Conference-Alcoy-819x1024.png 819w, https:\/\/fashionedproject.eu\/wp-content\/uploads\/2025\/09\/Final-Conference-Alcoy-768x960.png 768w\" sizes=\"auto, (max-width: 1080px) 100vw, 1080px\" \/>\t\t\t\t\t\t\t\t    \t\t\t\t<\/a>\n\t\t\t\t\t\t\t    \t\t\t<\/figure>\n\t\t\t\t<div class=\"post-content\">\n\t\t<div class=\"post-content-inner\">\n\n\t\t\t\t\t\t\t\t<div class=\"post-date-wrap post-date-inline\">\n\t\t<time class=\"post-date entry-date updated\" datetime=\"2025-09-15\">\n\t\t\t\t\t<span class=\"year\">15\/09\/2025<\/span>\n\t\t\t\t<\/time>\n\t<\/div><!-- .post-date-wrap -->\n\t\t\t\t\n\t\t\t<h2 class=\"post-title entry-title\"><a href=\"https:\/\/fashionedproject.eu\/es\/final-conference-of-the-fashion-ed-project\/\">Conferencia Final del Proyecto Fashion.ED<\/a><\/h2>\n\t\t\t\t\t\t\t<p class=\"post-meta entry-meta\">\n\t\t\t\t\t\n\t\t\t\t\t<span class=\"post-category\"><a href=\"https:\/\/fashionedproject.eu\/es\/category\/news-es\/\" rel=\"tag\" class=\"term-news-es\">News<\/a><\/span>\n\t\t\t\t\t\t\t\t\t\t\t\t\t\t\t\t\n\t\t\t\t\t\t\t\t\t<\/p>\n\t\t\t\t<!-- \/post-meta -->\n\t\t\t\n\t\t\t\n\t\t\t\t<div class=\"entry-content\">\n\n        \n\t\t<p>El\u00a016 de septiembre de 2025\u00a0tendr\u00e1 lugar la Conferencia Final del proyecto\u00a0Fashion.ED\u00a0en la\u00a0Universitat Polit\u00e8cnica de Val\u00e8ncia (UPV), Campus de Alcoy, dentro del evento\u00a0\u201cTextiles en Transici\u00f3n\u201d, una jornada dedicada a explorar c\u00f3mo la industria textil puede transformarse para generar un impacto positivo. Todos los socios del proyecto se reunir\u00e1n en Alcoy para\u00a0presentar los resultados alcanzados a lo [&hellip;]<\/p>\n\n\t\t\n\t    \n\t<\/div><!-- \/.entry-content -->\n\t\n\t\t<\/div>\n\t\t<!-- \/.post-content-inner -->\n\t<\/div>\n\t<!-- \/.post-content -->\n\t\n<\/article>\n<!-- \/.post -->\n<\/div><!-- .builder-posts-wrap -->\n            <p class=\"tf_load_more tf_textc tf_clear\"><a data-id=\"tb_l3x7299\" href=\"https:\/\/fashionedproject.eu\/es\/wp-json\/wp\/v2\/pages\/1273\/page\/2\/\" data-page=\"1\" class=\"load-more-button\">Load More<\/a><\/p>        <\/div>\n    <!-- \/module post -->\n\t\t\t\t<\/div><!-- .tb-column-inner -->\n\t\t\t\t\t\t<\/div><!-- .module_column -->\n\t\t\t\t\t\t<\/div><!-- .row_inner -->\n\t\t<\/div><!-- .module_row -->\n\t\t\t\t<\/div>\n<!--\/themify_builder_content-->","protected":false},"excerpt":{"rendered":"","protected":false},"author":1,"featured_media":0,"parent":0,"menu_order":0,"comment_status":"closed","ping_status":"closed","template":"","meta":{"footnotes":""},"class_list":["post-1273","page","type-page","status-publish","hentry","has-post-title","has-post-date","has-post-category","has-post-tag","has-post-comment","has-post-author","","initial-cat"],"builder_content":"<img src=\"https:\/\/fashionedproject.eu\/wp-content\/uploads\/2025\/12\/sp-6.png\" title=\"sp (6)\" alt=\"sp (6)\" srcset=\"https:\/\/fashionedproject.eu\/wp-content\/uploads\/2025\/12\/sp-6.png 1600w, https:\/\/fashionedproject.eu\/wp-content\/uploads\/2025\/12\/sp-6-300x65.png 300w, https:\/\/fashionedproject.eu\/wp-content\/uploads\/2025\/12\/sp-6-1024x220.png 1024w, https:\/\/fashionedproject.eu\/wp-content\/uploads\/2025\/12\/sp-6-768x165.png 768w, https:\/\/fashionedproject.eu\/wp-content\/uploads\/2025\/12\/sp-6-1536x330.png 1536w\" sizes=\"(max-width: 1600px) 100vw, 1600px\" \/>","_links":{"self":[{"href":"https:\/\/fashionedproject.eu\/es\/wp-json\/wp\/v2\/pages\/1273","targetHints":{"allow":["GET"]}}],"collection":[{"href":"https:\/\/fashionedproject.eu\/es\/wp-json\/wp\/v2\/pages"}],"about":[{"href":"https:\/\/fashionedproject.eu\/es\/wp-json\/wp\/v2\/types\/page"}],"author":[{"embeddable":true,"href":"https:\/\/fashionedproject.eu\/es\/wp-json\/wp\/v2\/users\/1"}],"replies":[{"embeddable":true,"href":"https:\/\/fashionedproject.eu\/es\/wp-json\/wp\/v2\/comments?post=1273"}],"version-history":[{"count":8,"href":"https:\/\/fashionedproject.eu\/es\/wp-json\/wp\/v2\/pages\/1273\/revisions"}],"predecessor-version":[{"id":3926,"href":"https:\/\/fashionedproject.eu\/es\/wp-json\/wp\/v2\/pages\/1273\/revisions\/3926"}],"wp:attachment":[{"href":"https:\/\/fashionedproject.eu\/es\/wp-json\/wp\/v2\/media?parent=1273"}],"curies":[{"name":"wp","href":"https:\/\/api.w.org\/{rel}","templated":true}]}}