{"id":1266,"date":"2024-01-29T10:48:34","date_gmt":"2024-01-29T08:48:34","guid":{"rendered":"https:\/\/fashionedproject.eu\/partners\/"},"modified":"2025-12-03T15:15:01","modified_gmt":"2025-12-03T13:15:01","slug":"partners","status":"publish","type":"page","link":"https:\/\/fashionedproject.eu\/lt\/partners\/","title":{"rendered":"Partneriai"},"content":{"rendered":"<!--themify_builder_content-->\n<div id=\"themify_builder_content-1266\" data-postid=\"1266\" class=\"themify_builder_content themify_builder_content-1266 themify_builder tf_clear\">\n    \t\t\t\t<!-- module_row -->\n\t\t<div  data-css_id=\"cnn6662\" data-lazy=\"1\" class=\"module_row themify_builder_row fullwidth tb_cnn6662 tb_first tf_w tf_clearfix\">\n\t\t\t\t\t<div class=\"row_inner col_align_top tb_col_count_1 tf_box tf_rel\">\n\t\t\t\t\t<div  data-lazy=\"1\" class=\"module_column tb-column col-full tb_tzuh662 first\">\n\t\t\t\t\t\t\t\t\t<div class=\"tb-column-inner tf_box tf_w\">\n\t\t\t\t<!-- module image -->\n<div  class=\"module module-image tb_0zls625   image-top auto_fullwidth tf_mw\" data-lazy=\"1\">\n        <div class=\"image-wrap tf_rel tf_mw\">\n\t\t    <img loading=\"lazy\" decoding=\"async\" width=\"1600\" height=\"344\" src=\"https:\/\/fashionedproject.eu\/wp-content\/uploads\/2025\/12\/lt-4.png\" class=\"wp-post-image wp-image-3865\" title=\"lt (4)\" alt=\"lt (4)\" srcset=\"https:\/\/fashionedproject.eu\/wp-content\/uploads\/2025\/12\/lt-4.png 1600w, https:\/\/fashionedproject.eu\/wp-content\/uploads\/2025\/12\/lt-4-300x65.png 300w, https:\/\/fashionedproject.eu\/wp-content\/uploads\/2025\/12\/lt-4-1024x220.png 1024w, https:\/\/fashionedproject.eu\/wp-content\/uploads\/2025\/12\/lt-4-768x165.png 768w, https:\/\/fashionedproject.eu\/wp-content\/uploads\/2025\/12\/lt-4-1536x330.png 1536w\" sizes=\"auto, (max-width: 1600px) 100vw, 1600px\" \/>\t\n\t\t<\/div>\n\t<!-- \/image-wrap -->\n    \n    \t<\/div>\n<!-- \/module image -->\t\t\t\t<\/div><!-- .tb-column-inner -->\n\t\t\t\t\t\t<\/div><!-- .module_column -->\n\t\t\t\t\t\t<\/div><!-- .row_inner -->\n\t\t<\/div><!-- .module_row -->\n\t\t\t\t\t\t\t\t<!-- module_row -->\n\t\t<div  data-css_id=\"0q9r76\" data-lazy=\"1\" class=\"module_row themify_builder_row fullwidth_row_container tb_0q9r76 tf_w tf_clearfix\">\n\t\t\t\t\t<div class=\"row_inner col_align_middle tb_col_count_2 tf_box tf_rel\">\n\t\t\t\t\t<div  data-lazy=\"1\" class=\"module_column tb-column col4-2 tb_yrjv76 first\">\n\t\t\t\t\t\t\t\t\t<div class=\"tb-column-inner tf_box tf_w\">\n\t\t\t\t<!-- module text -->\n<div  class=\"module module-text tb_9hzj76   \" data-lazy=\"1\">\n        <div  class=\"tb_text_wrap\">\n    <h3>UNIVERSITAT POLITECNICA DE VALENCIA<br>(UPV, Ispanija)<\/h3>\n<p>UPV yra vie\u0161oji auk\u0161toji mokykla, aktyviai dalyvaujanti tarptautinio bendradarbiavimo ir mobilumo projektuose. UPV priima beveik 30 000 student\u0173 ir dirba daugiau nei 4 000 \u017emoni\u0173 (d\u0117stytoj\u0173, tyrim\u0173 ir administracinio personalo). Tai pirmasis technologij\u0173 universitetas Ispanijoje pagal tarptautinius reitingus (pvz., \u0160anchajaus pasaulio universitet\u0173 reiting\u0105) ir si\u016blo 45 bakalauro studij\u0173 programas, daugiau nei 85 oficialius magistro laipsnius ir 30 doktorant\u016bros program\u0173.<\/p>    <\/div>\n<\/div>\n<!-- \/module text --><!-- module buttons -->\n<div  class=\"module module-buttons tb_ni5j947 buttons-horizontal solid  circle\" data-lazy=\"1\">\n\t\t<div class=\"module-buttons-item tf_inline_b\">\n\t\t\t\t\t\t<a href=\"https:\/\/www.upv.es\/\" class=\"ui builder_button green\" >\n\t\t\t\t\t\t\t\t<span class=\"tf_inline_b tf_vmiddle\">Apsilankykite svetain\u0117je<\/span>\n\t\t\t\t\t\t\t\t\t\t\t\t<\/a>\n\t\t\t\t\t\t<\/div>\n\t\t\t<\/div>\n<!-- \/module buttons -->\n\t\t\t\t<\/div><!-- .tb-column-inner -->\n\t\t\t\t\t\t<\/div><!-- .module_column -->\n\t\t\t\t\t<div  data-lazy=\"1\" class=\"module_column tb-column col4-2 tb_r0oi76 last\">\n\t\t\t\t\t\t\t\t\t<div class=\"tb-column-inner tf_box tf_w\">\n\t\t\t\t<!-- module image -->\n<div  class=\"module module-image tb_v1ni76 rounded  image-center tf_mw\" data-lazy=\"1\" data-lax-translate-y=\"(vh*1) 0,(vh*0) -140\" data-lax=\"true\">\n        <div class=\"image-wrap tf_rel tf_mw\">\n\t\t    <a href=\"https:\/\/www.youtube.com\/watch?v=vcfNpDtVqOw\"\n\t        class=\"lightbox-builder themify_lightbox\" data-zoom-config=\"600px|px\"\t       >\n\t\t   \t\t<img loading=\"lazy\" decoding=\"async\" src=\"https:\/\/fashionedproject.eu\/wp-content\/uploads\/2024\/01\/Frame-27-367x190.png\" width=\"367\" height=\"190\" class=\"wp-post-image wp-image-869\" title=\"Frame 27\" alt=\"Frame 27\" srcset=\"https:\/\/fashionedproject.eu\/wp-content\/uploads\/2024\/01\/Frame-27.png 367w, https:\/\/fashionedproject.eu\/wp-content\/uploads\/2024\/01\/Frame-27-300x155.png 300w, https:\/\/fashionedproject.eu\/wp-content\/uploads\/2024\/01\/Frame-27-600x310.png 600w\" sizes=\"auto, (max-width: 367px) 100vw, 367px\" \/>\t    <\/a>\n\t\n\t\t<\/div>\n\t<!-- \/image-wrap -->\n    \n    \t<\/div>\n<!-- \/module image --><!-- module text -->\n<div  class=\"module module-text tb_8rmn290   \" data-lazy=\"1\">\n        <div  class=\"tb_text_wrap\">\n    <p style=\"text-align: center;\">\u012esik\u016br\u0119s Valensijoje, Ispanijoje <br>Telefono nr. +34 963 87 70 00 <br>E. pa\u0161tas: pdiazga@upv.es<\/p>    <\/div>\n<\/div>\n<!-- \/module text -->\t\t\t\t<\/div><!-- .tb-column-inner -->\n\t\t\t\t\t\t<\/div><!-- .module_column -->\n\t\t\t\t\t\t<\/div><!-- .row_inner -->\n\t\t<\/div><!-- .module_row -->\n\t\t\t\t\t\t\t\t<!-- module_row -->\n\t\t<div  data-css_id=\"1gma275\" data-lazy=\"1\" class=\"module_row themify_builder_row fullwidth_row_container tb_1gma275 tf_w tf_clearfix\">\n\t\t\t\t\t<div class=\"row_inner col_align_middle tb_col_count_2 tf_box tf_rel\">\n\t\t\t\t\t<div  data-lazy=\"1\" class=\"module_column tb-column col4-2 tb_1wh0276 first\">\n\t\t\t\t\t\t\t\t\t<div class=\"tb-column-inner tf_box tf_w\">\n\t\t\t\t<!-- module image -->\n<div  class=\"module module-image tb_mk6t276 rounded  image-center tf_mw\" data-lazy=\"1\" data-lax-translate-y=\"(vh*1) 0,(vh*0) -140\" data-lax=\"true\">\n        <div class=\"image-wrap tf_rel tf_mw\">\n\t\t    <a href=\"https:\/\/www.youtube.com\/watch?v=vcfNpDtVqOw\"\n\t        class=\"lightbox-builder themify_lightbox\" data-zoom-config=\"600px|px\"\t       >\n\t\t   \t\t<img loading=\"lazy\" decoding=\"async\" src=\"https:\/\/fashionedproject.eu\/wp-content\/uploads\/2024\/01\/Frame-27-1-367x190.png\" width=\"367\" height=\"190\" class=\"wp-post-image wp-image-864\" title=\"Frame 27 (1)\" alt=\"Frame 27 (1)\" srcset=\"https:\/\/fashionedproject.eu\/wp-content\/uploads\/2024\/01\/Frame-27-1.png 367w, https:\/\/fashionedproject.eu\/wp-content\/uploads\/2024\/01\/Frame-27-1-300x155.png 300w, https:\/\/fashionedproject.eu\/wp-content\/uploads\/2024\/01\/Frame-27-1-600x310.png 600w\" sizes=\"auto, (max-width: 367px) 100vw, 367px\" \/>\t    <\/a>\n\t\n\t\t<\/div>\n\t<!-- \/image-wrap -->\n    \n    \t<\/div>\n<!-- \/module image --><!-- module text -->\n<div  class=\"module module-text tb_zvmc706   \" data-lazy=\"1\">\n        <div  class=\"tb_text_wrap\">\n    <p style=\"text-align: center;\">\u012esik\u016br\u0119s At\u0117nuose, Graikijoje <br>Telefono nr. +30 210 5381100 <br>E. pa\u0161tas: gprin@uniwa.gr<\/p>    <\/div>\n<\/div>\n<!-- \/module text -->\t\t\t\t<\/div><!-- .tb-column-inner -->\n\t\t\t\t\t\t<\/div><!-- .module_column -->\n\t\t\t\t\t<div  data-lazy=\"1\" class=\"module_column tb-column col4-2 tb_5gey276 last\">\n\t\t\t\t\t\t\t\t\t<div class=\"tb-column-inner tf_box tf_w\">\n\t\t\t\t<!-- module text -->\n<div  class=\"module module-text tb_nwqr276   \" data-lazy=\"1\">\n        <div  class=\"tb_text_wrap\">\n    <h3>PANEPISTIMIO DYTIKIS ATTIKIS<br>(PADA, Graikija)<\/h3>\n<p>Vakar\u0173 Atikos universitetas buvo \u012fkurtas 2018 m. Jis yra Pir\u0117jo taikom\u0173j\u0173 moksl\u0173 universiteto ir At\u0117n\u0173 taikom\u0173j\u0173 moksl\u0173 universiteto sujungimo rezultatas. Naujasis universitetas yra tre\u010dias pagal dyd\u012f Graikijoje. Universitetas, pagr\u012fstas ilgamet\u0117mis ir s\u0117kmingomis steigiam\u0173j\u0173 institut\u0173 tradicijomis, teikia auk\u0161to lygio bakalauro ir magistrant\u016bros studijas kartu su intensyvia moksline veikla konkre\u010diose srityse. UNIWA palaiko nuolatines partnerystes su kitais \u0161alies ir u\u017esienio \u0161vietimo ir tyrim\u0173 institutais, siekdama nuolat gerinti studij\u0173 ir tyrim\u0173 lyg\u012f. UNIWA aktyviai dalyvauja keliose nacionalin\u0117se ir Europos S\u0105jungos tarptautinio bendradarbiavimo, tyrim\u0173 ir \u017eini\u0173 sklaidos programose.<\/p>    <\/div>\n<\/div>\n<!-- \/module text --><!-- module buttons -->\n<div  class=\"module module-buttons tb_ncok618 buttons-horizontal solid  circle\" data-lazy=\"1\">\n\t\t<div class=\"module-buttons-item tf_inline_b\">\n\t\t\t\t\t\t<a href=\"https:\/\/www.uniwa.gr\/\" class=\"ui builder_button green\" >\n\t\t\t\t\t\t\t\t<span class=\"tf_inline_b tf_vmiddle\">Apsilankykite svetain\u0117je<\/span>\n\t\t\t\t\t\t\t\t\t\t\t\t<\/a>\n\t\t\t\t\t\t<\/div>\n\t\t\t<\/div>\n<!-- \/module buttons -->\n\t\t\t\t<\/div><!-- .tb-column-inner -->\n\t\t\t\t\t\t<\/div><!-- .module_column -->\n\t\t\t\t\t\t<\/div><!-- .row_inner -->\n\t\t<\/div><!-- .module_row -->\n\t\t\t\t\t\t\t\t<!-- module_row -->\n\t\t<div  data-css_id=\"yo2f947\" data-lazy=\"1\" class=\"module_row themify_builder_row fullwidth_row_container tb_yo2f947 tf_w tf_clearfix\">\n\t\t\t\t\t<div class=\"row_inner col_align_middle tb_col_count_2 tf_box tf_rel\">\n\t\t\t\t\t<div  data-lazy=\"1\" class=\"module_column tb-column col4-2 tb_nvlx947 first\">\n\t\t\t\t\t\t\t\t\t<div class=\"tb-column-inner tf_box tf_w\">\n\t\t\t\t<!-- module text -->\n<div  class=\"module module-text tb_qect947   \" data-lazy=\"1\">\n        <div  class=\"tb_text_wrap\">\n    <h3>KAUNO TECHNOLOGIJOS UNIVERSITETAS<br>(KTU, Lietuva)<\/h3>\n<p>1922 metais \u012fkurtas Kauno technologijos universitetas (KTU) yra did\u017eiausias ir seniausias technologij\u0173 universitetas Lietuvoje ir vienas did\u017eiausi\u0173 Baltijos \u0161alyse. Tai vienas i\u0161kiliausi\u0173 Lietuvos universitet\u0173, u\u017e\u0117m\u0119s lyderio pozicijas daugelyje mokslini\u0173 tyrim\u0173 ir studij\u0173 kryp\u010di\u0173. KTU yra tarp 4% geriausi\u0173 pasaulio universitet\u0173. Integruodamas \u0161vietim\u0105, mokslinius tyrimus ir versl\u0105, KTU savo veikl\u0105 orientuoja \u012f \u017emogaus gyvenimo kokyb\u0117s gerinim\u0105, valstybingumo raidos spartinim\u0105.<\/p>    <\/div>\n<\/div>\n<!-- \/module text --><!-- module buttons -->\n<div  class=\"module module-buttons tb_1v1r737 buttons-horizontal solid  circle\" data-lazy=\"1\">\n\t\t<div class=\"module-buttons-item tf_inline_b\">\n\t\t\t\t\t\t<a href=\"https:\/\/en.ktu.edu\/\" class=\"ui builder_button green\" >\n\t\t\t\t\t\t\t\t<span class=\"tf_inline_b tf_vmiddle\">Apsilankykite svetain\u0117je<\/span>\n\t\t\t\t\t\t\t\t\t\t\t\t<\/a>\n\t\t\t\t\t\t<\/div>\n\t\t\t<\/div>\n<!-- \/module buttons -->\n\t\t\t\t<\/div><!-- .tb-column-inner -->\n\t\t\t\t\t\t<\/div><!-- .module_column -->\n\t\t\t\t\t<div  data-lazy=\"1\" class=\"module_column tb-column col4-2 tb_zz77947 last\">\n\t\t\t\t\t\t\t\t\t<div class=\"tb-column-inner tf_box tf_w\">\n\t\t\t\t<!-- module image -->\n<div  class=\"module module-image tb_lxtq947 rounded  image-center tf_mw\" data-lazy=\"1\" data-lax-translate-y=\"(vh*1) 0,(vh*0) -140\" data-lax=\"true\">\n        <div class=\"image-wrap tf_rel tf_mw\">\n\t\t    <a href=\"https:\/\/www.youtube.com\/watch?v=vcfNpDtVqOw\"\n\t        class=\"lightbox-builder themify_lightbox\" data-zoom-config=\"600px|px\"\t       >\n\t\t   \t\t<img loading=\"lazy\" decoding=\"async\" src=\"https:\/\/fashionedproject.eu\/wp-content\/uploads\/2024\/01\/Frame-27-2-367x190.png\" width=\"367\" height=\"190\" class=\"wp-post-image wp-image-859\" title=\"Frame 27 (2)\" alt=\"Frame 27 (2)\" srcset=\"https:\/\/fashionedproject.eu\/wp-content\/uploads\/2024\/01\/Frame-27-2.png 367w, https:\/\/fashionedproject.eu\/wp-content\/uploads\/2024\/01\/Frame-27-2-300x155.png 300w, https:\/\/fashionedproject.eu\/wp-content\/uploads\/2024\/01\/Frame-27-2-600x310.png 600w\" sizes=\"auto, (max-width: 367px) 100vw, 367px\" \/>\t    <\/a>\n\t\n\t\t<\/div>\n\t<!-- \/image-wrap -->\n    \n    \t<\/div>\n<!-- \/module image --><!-- module text -->\n<div  class=\"module module-text tb_yn0d626   \" data-lazy=\"1\">\n        <div  class=\"tb_text_wrap\">\n    <p style=\"text-align: center;\">\u012esik\u016br\u0119s Kaune, Lietuva <br>Telefono nr. +370 (37) 300 000 <br>E. pa\u0161tas:ktu@ktu.lt<\/p>    <\/div>\n<\/div>\n<!-- \/module text -->\t\t\t\t<\/div><!-- .tb-column-inner -->\n\t\t\t\t\t\t<\/div><!-- .module_column -->\n\t\t\t\t\t\t<\/div><!-- .row_inner -->\n\t\t<\/div><!-- .module_row -->\n\t\t\t\t\t\t\t\t<!-- module_row -->\n\t\t<div  data-css_id=\"u182325\" data-lazy=\"1\" class=\"module_row themify_builder_row fullwidth_row_container tb_u182325 tf_w tf_clearfix\">\n\t\t\t\t\t<div class=\"row_inner col_align_middle tb_col_count_2 tf_box tf_rel\">\n\t\t\t\t\t<div  data-lazy=\"1\" class=\"module_column tb-column col4-2 tb_68mm325 first\">\n\t\t\t\t\t\t\t\t\t<div class=\"tb-column-inner tf_box tf_w\">\n\t\t\t\t<!-- module image -->\n<div  class=\"module module-image tb_qvra325 rounded  image-center tf_mw\" data-lazy=\"1\" data-lax-translate-y=\"(vh*1) 0,(vh*0) -140\" data-lax=\"true\">\n        <div class=\"image-wrap tf_rel tf_mw\">\n\t\t    <a href=\"https:\/\/www.youtube.com\/watch?v=vcfNpDtVqOw\"\n\t        class=\"lightbox-builder themify_lightbox\" data-zoom-config=\"600px|px\"\t       >\n\t\t   \t\t<img loading=\"lazy\" decoding=\"async\" src=\"https:\/\/fashionedproject.eu\/wp-content\/uploads\/2024\/01\/Frame-27-3-367x190.png\" width=\"367\" height=\"190\" class=\"wp-post-image wp-image-854\" title=\"Frame 27 (3)\" alt=\"Frame 27 (3)\" srcset=\"https:\/\/fashionedproject.eu\/wp-content\/uploads\/2024\/01\/Frame-27-3.png 367w, https:\/\/fashionedproject.eu\/wp-content\/uploads\/2024\/01\/Frame-27-3-300x155.png 300w, https:\/\/fashionedproject.eu\/wp-content\/uploads\/2024\/01\/Frame-27-3-600x310.png 600w\" sizes=\"auto, (max-width: 367px) 100vw, 367px\" \/>\t    <\/a>\n\t\n\t\t<\/div>\n\t<!-- \/image-wrap -->\n    \n    \t<\/div>\n<!-- \/module image --><!-- module text -->\n<div  class=\"module module-text tb_j2pn866   \" data-lazy=\"1\">\n        <div  class=\"tb_text_wrap\">\n    <div class=\"uk-width-1-3@m uk-first-column\">\n<p style=\"text-align: center;\">\u012esik\u016br\u0119s Oradea, Rumunija <br>Telefono nr. +40 259 432830 <br>El. pa\u0161tas: rectorat@uoradea.ro<\/p>\n<\/div>    <\/div>\n<\/div>\n<!-- \/module text -->\t\t\t\t<\/div><!-- .tb-column-inner -->\n\t\t\t\t\t\t<\/div><!-- .module_column -->\n\t\t\t\t\t<div  data-lazy=\"1\" class=\"module_column tb-column col4-2 tb_74nb325 last\">\n\t\t\t\t\t\t\t\t\t<div class=\"tb-column-inner tf_box tf_w\">\n\t\t\t\t<!-- module text -->\n<div  class=\"module module-text tb_um1z325   \" data-lazy=\"1\">\n        <div  class=\"tb_text_wrap\">\n    <h3>UNIVERSITATEA DIN ORADEA<br>(ORADEA, Rumunija)<\/h3>\n<p>Oradea universitetas yra suskirstytas \u012f 15 fakultet\u0173, kuriuose yra daug bakalauro, magistro, doktorant\u016bros ir magistrant\u016bros studij\u0173 program\u0173, 49 katedros, 27 tyrim\u0173 padaliniai, ir si\u016blo 106 bakalauro studij\u0173 programas, daugiau nei 66 magistro studij\u0173 programas ir 7 doktorant\u016bros mokyklas. Pagal trij\u0173 pakop\u0173 Bolonijos strukt\u016br\u0105 ir \u012f student\u0105 orientuot\u0105 pedagogik\u0105 d\u0117stoma 20514 bakalauro ir magistrant\u016bros studij\u0173 studentams. Inovatyv\u016bs moksliniai tyrimai, \u017eini\u0173 perdavimas ir verslumo veikla yra labai svarb\u016bs universiteto misijai ir tikslams, kaip rodo jo MTEP padalini\u0173 ir grupi\u0173 rezultatai.<\/p>    <\/div>\n<\/div>\n<!-- \/module text --><!-- module buttons -->\n<div  class=\"module module-buttons tb_9mhr192 buttons-horizontal solid  circle\" data-lazy=\"1\">\n\t\t<div class=\"module-buttons-item tf_inline_b\">\n\t\t\t\t\t\t<a href=\"https:\/\/www.uoradea.ro\/\" class=\"ui builder_button green\" >\n\t\t\t\t\t\t\t\t<span class=\"tf_inline_b tf_vmiddle\">Apsilankykite svetain\u0117je<\/span>\n\t\t\t\t\t\t\t\t\t\t\t\t<\/a>\n\t\t\t\t\t\t<\/div>\n\t\t\t<\/div>\n<!-- \/module buttons -->\n\t\t\t\t<\/div><!-- .tb-column-inner -->\n\t\t\t\t\t\t<\/div><!-- .module_column -->\n\t\t\t\t\t\t<\/div><!-- .row_inner -->\n\t\t<\/div><!-- .module_row -->\n\t\t\t\t\t\t\t\t<!-- module_row -->\n\t\t<div  data-css_id=\"9div627\" data-lazy=\"1\" class=\"module_row themify_builder_row fullwidth_row_container tb_9div627 tf_w tf_clearfix\">\n\t\t\t\t\t<div class=\"row_inner col_align_middle tb_col_count_2 tf_box tf_rel\">\n\t\t\t\t\t<div  data-lazy=\"1\" class=\"module_column tb-column col4-2 tb_irgg627 first\">\n\t\t\t\t\t\t\t\t\t<div class=\"tb-column-inner tf_box tf_w\">\n\t\t\t\t<!-- module text -->\n<div  class=\"module module-text tb_rbvl628   \" data-lazy=\"1\">\n        <div  class=\"tb_text_wrap\">\n    <h3>IDEC Symvouloi Epicheiriseon Efarmoges Ypsilis Technologias Ekpaidefsi Anonymi Etaireia (IDEC, Graikija) \u00a0<\/h3>\n<p>IDEC yra mokym\u0173 konsultacij\u0173 \u012fmon\u0117, \u012fsik\u016brusi Pir\u0117juje, Graikijoje, \u012fsteigta nuo 1989 m. Jos veikl\u0105 sudaro mokymai, vadybos konsultacijos, kokyb\u0117s u\u017etikrinimas, vertinimas ir skaitmenini\u0173 sprendim\u0173 k\u016brimas tiek priva\u010diam, tiek vie\u0161ajam sektoriui. IDEC klientai yra MV\u012e ir didesn\u0117s Graikijos \u012fmon\u0117s i\u0161 \u012fvairi\u0173 sektori\u0173. IDEC bendradarbiauja su daugiau nei 800 institut\u0173 visoje Europoje ir apie 300 konkre\u010di\u0173 sri\u010di\u0173 ekspert\u0173.<\/p>    <\/div>\n<\/div>\n<!-- \/module text --><!-- module buttons -->\n<div  class=\"module module-buttons tb_2m75298 buttons-horizontal solid  circle\" data-lazy=\"1\">\n\t\t<div class=\"module-buttons-item tf_inline_b\">\n\t\t\t\t\t\t<a href=\"https:\/\/idec.gr\/\" class=\"ui builder_button green\" >\n\t\t\t\t\t\t\t\t<span class=\"tf_inline_b tf_vmiddle\">Apsilankykite svetain\u0117je<\/span>\n\t\t\t\t\t\t\t\t\t\t\t\t<\/a>\n\t\t\t\t\t\t<\/div>\n\t\t\t<\/div>\n<!-- \/module buttons -->\n\t\t\t\t<\/div><!-- .tb-column-inner -->\n\t\t\t\t\t\t<\/div><!-- .module_column -->\n\t\t\t\t\t<div  data-lazy=\"1\" class=\"module_column tb-column col4-2 tb_xaoo628 last\">\n\t\t\t\t\t\t\t\t\t<div class=\"tb-column-inner tf_box tf_w\">\n\t\t\t\t<!-- module image -->\n<div  class=\"module module-image tb_2tgm628 rounded  image-center tf_mw\" data-lazy=\"1\" data-lax-translate-y=\"(vh*1) 0,(vh*0) -140\" data-lax=\"true\">\n        <div class=\"image-wrap tf_rel tf_mw\">\n\t\t    <a href=\"https:\/\/www.youtube.com\/watch?v=vcfNpDtVqOw\"\n\t        class=\"lightbox-builder themify_lightbox\" data-zoom-config=\"600px|px\"\t       >\n\t\t   \t\t<img loading=\"lazy\" decoding=\"async\" src=\"https:\/\/fashionedproject.eu\/wp-content\/uploads\/2024\/01\/Frame-27-4-367x190.png\" width=\"367\" height=\"190\" class=\"wp-post-image wp-image-849\" title=\"Frame 27 (4)\" alt=\"Frame 27 (4)\" srcset=\"https:\/\/fashionedproject.eu\/wp-content\/uploads\/2024\/01\/Frame-27-4.png 367w, https:\/\/fashionedproject.eu\/wp-content\/uploads\/2024\/01\/Frame-27-4-300x155.png 300w, https:\/\/fashionedproject.eu\/wp-content\/uploads\/2024\/01\/Frame-27-4-600x310.png 600w\" sizes=\"auto, (max-width: 367px) 100vw, 367px\" \/>\t    <\/a>\n\t\n\t\t<\/div>\n\t<!-- \/image-wrap -->\n    \n    \t<\/div>\n<!-- \/module image --><!-- module text -->\n<div  class=\"module module-text tb_8jvj249   \" data-lazy=\"1\">\n        <div  class=\"tb_text_wrap\">\n    <div class=\"uk-width-1-3@m uk-first-column\">\n<p style=\"text-align: center;\">\u012esik\u016br\u0119s Pir\u0117juje, Graikijoje <br>Telefono nr. +30 210 4286227 <br>E. pa\u0161tas: info@idec.gr<\/p>\n<\/div>    <\/div>\n<\/div>\n<!-- \/module text -->\t\t\t\t<\/div><!-- .tb-column-inner -->\n\t\t\t\t\t\t<\/div><!-- .module_column -->\n\t\t\t\t\t\t<\/div><!-- .row_inner -->\n\t\t<\/div><!-- .module_row -->\n\t\t\t\t\t\t\t\t<!-- module_row -->\n\t\t<div  data-css_id=\"kz64140\" data-lazy=\"1\" class=\"module_row themify_builder_row fullwidth_row_container tb_kz64140 tf_w tf_clearfix\">\n\t\t\t\t\t<div class=\"row_inner col_align_middle tb_col_count_2 tf_box tf_rel\">\n\t\t\t\t\t<div  data-lazy=\"1\" class=\"module_column tb-column col4-2 tb_vuh1140 first\">\n\t\t\t\t\t\t\t\t\t<div class=\"tb-column-inner tf_box tf_w\">\n\t\t\t\t<!-- module image -->\n<div  class=\"module module-image tb_m3ub140 rounded  image-center tf_mw\" data-lazy=\"1\" data-lax-translate-y=\"(vh*1) 0,(vh*0) -140\" data-lax=\"true\">\n        <div class=\"image-wrap tf_rel tf_mw\">\n\t\t    <a href=\"https:\/\/www.youtube.com\/watch?v=vcfNpDtVqOw\"\n\t        class=\"lightbox-builder themify_lightbox\" data-zoom-config=\"600px|px\"\t       >\n\t\t   \t\t<img loading=\"lazy\" decoding=\"async\" src=\"https:\/\/fashionedproject.eu\/wp-content\/uploads\/2024\/01\/Frame-27-5-343x178.png\" width=\"343\" height=\"178\" class=\"wp-post-image wp-image-844\" title=\"Frame 27 (5)\" alt=\"Frame 27 (5)\" srcset=\"https:\/\/fashionedproject.eu\/wp-content\/uploads\/2024\/01\/Frame-27-5.png 343w, https:\/\/fashionedproject.eu\/wp-content\/uploads\/2024\/01\/Frame-27-5-300x156.png 300w, https:\/\/fashionedproject.eu\/wp-content\/uploads\/2024\/01\/Frame-27-5-600x311.png 600w\" sizes=\"auto, (max-width: 343px) 100vw, 343px\" \/>\t    <\/a>\n\t\n\t\t<\/div>\n\t<!-- \/image-wrap -->\n    \n    \t<\/div>\n<!-- \/module image --><!-- module text -->\n<div  class=\"module module-text tb_yje374   \" data-lazy=\"1\">\n        <div  class=\"tb_text_wrap\">\n    <p style=\"text-align: center;\">\u012esik\u016br\u0119s Leeuwarden, Nyderlandai <br>Telefono nr. +31 58 845 80 45 <br>El. pa\u0161tas: info@bdfriesland.nl<\/p>    <\/div>\n<\/div>\n<!-- \/module text -->\t\t\t\t<\/div><!-- .tb-column-inner -->\n\t\t\t\t\t\t<\/div><!-- .module_column -->\n\t\t\t\t\t<div  data-lazy=\"1\" class=\"module_column tb-column col4-2 tb_45k0140 last\">\n\t\t\t\t\t\t\t\t\t<div class=\"tb-column-inner tf_box tf_w\">\n\t\t\t\t<!-- module text -->\n<div  class=\"module module-text tb_1osk140   \" data-lazy=\"1\">\n        <div  class=\"tb_text_wrap\">\n    <h3>STICHTING BUSINESS DEVELOPMENT FRIESLAND (BDF, Nyderlandai)<\/h3>\n<p>Verslo pl\u0117tros Friesland (BDF) i\u0161 Nyderland\u0173 rengia, kuria, projektuoja ir teikia praktin\u012f mokym\u0105, padedant\u012f \u017emon\u0117ms ir organizacijoms augti. Mes patys imam\u0117s iniciatyvos tai daryti ir da\u017enai sulaukiame \u012fmoni\u0173, mokykl\u0173, universitet\u0173 ar vyriausybi\u0173 pra\u0161ym\u0173 paremti j\u0173 pastangas. BDF sudaro ry\u0161\u012f tarp verslo, \u0161vietimo ir vald\u017eios bei padeda organizacijoms \u012fgyvendinti j\u0173 ekonominius, tarptautinius ir socialinius siekius. <\/p>    <\/div>\n<\/div>\n<!-- \/module text --><!-- module buttons -->\n<div  class=\"module module-buttons tb_rh7u582 buttons-horizontal solid  circle\" data-lazy=\"1\">\n\t\t<div class=\"module-buttons-item tf_inline_b\">\n\t\t\t\t\t\t<a href=\"https:\/\/www.bdfriesland.nl\/\" class=\"ui builder_button green\" >\n\t\t\t\t\t\t\t\t<span class=\"tf_inline_b tf_vmiddle\">Apsilankykite svetain\u0117je<\/span>\n\t\t\t\t\t\t\t\t\t\t\t\t<\/a>\n\t\t\t\t\t\t<\/div>\n\t\t\t<\/div>\n<!-- \/module buttons -->\n\t\t\t\t<\/div><!-- .tb-column-inner -->\n\t\t\t\t\t\t<\/div><!-- .module_column -->\n\t\t\t\t\t\t<\/div><!-- .row_inner -->\n\t\t<\/div><!-- .module_row -->\n\t\t\t\t<\/div>\n<!--\/themify_builder_content-->","protected":false},"excerpt":{"rendered":"<p>UNIVERSITAT POLITECNICA DE VALENCIA(UPV, Ispanija) UPV yra vie\u0161oji auk\u0161toji mokykla, aktyviai dalyvaujanti tarptautinio bendradarbiavimo ir mobilumo projektuose. UPV priima beveik 30 000 student\u0173 ir dirba daugiau nei 4 000 \u017emoni\u0173 (d\u0117stytoj\u0173, tyrim\u0173 ir administracinio personalo). Tai pirmasis technologij\u0173 universitetas Ispanijoje pagal tarptautinius reitingus (pvz., \u0160anchajaus pasaulio universitet\u0173 reiting\u0105) ir si\u016blo 45 bakalauro studij\u0173 programas, daugiau [&hellip;]<\/p>\n","protected":false},"author":1,"featured_media":0,"parent":0,"menu_order":0,"comment_status":"closed","ping_status":"closed","template":"","meta":{"footnotes":""},"class_list":["post-1266","page","type-page","status-publish","hentry","has-post-title","has-post-date","has-post-category","has-post-tag","has-post-comment","has-post-author",""],"builder_content":"<img src=\"https:\/\/fashionedproject.eu\/wp-content\/uploads\/2025\/12\/lt-4.png\" title=\"lt (4)\" alt=\"lt (4)\" srcset=\"https:\/\/fashionedproject.eu\/wp-content\/uploads\/2025\/12\/lt-4.png 1600w, https:\/\/fashionedproject.eu\/wp-content\/uploads\/2025\/12\/lt-4-300x65.png 300w, https:\/\/fashionedproject.eu\/wp-content\/uploads\/2025\/12\/lt-4-1024x220.png 1024w, https:\/\/fashionedproject.eu\/wp-content\/uploads\/2025\/12\/lt-4-768x165.png 768w, https:\/\/fashionedproject.eu\/wp-content\/uploads\/2025\/12\/lt-4-1536x330.png 1536w\" sizes=\"(max-width: 1600px) 100vw, 1600px\" \/>\n<h3>UNIVERSITAT POLITECNICA DE VALENCIA<br>(UPV, Ispanija)<\/h3> <p>UPV yra vie\u0161oji auk\u0161toji mokykla, aktyviai dalyvaujanti tarptautinio bendradarbiavimo ir mobilumo projektuose. UPV priima beveik 30 000 student\u0173 ir dirba daugiau nei 4 000 \u017emoni\u0173 (d\u0117stytoj\u0173, tyrim\u0173 ir administracinio personalo). Tai pirmasis technologij\u0173 universitetas Ispanijoje pagal tarptautinius reitingus (pvz., \u0160anchajaus pasaulio universitet\u0173 reiting\u0105) ir si\u016blo 45 bakalauro studij\u0173 programas, daugiau nei 85 oficialius magistro laipsnius ir 30 doktorant\u016bros program\u0173.<\/p>\n<a href=\"https:\/\/www.upv.es\/\" > Apsilankykite svetain\u0117je <\/a>\n<a href=\"https:\/\/www.youtube.com\/watch?v=vcfNpDtVqOw\" data-zoom-config=\"600px|px\" > <img src=\"https:\/\/fashionedproject.eu\/wp-content\/uploads\/2024\/01\/Frame-27-367x190.png\" width=\"367\" height=\"190\" title=\"Frame 27\" alt=\"Frame 27\" srcset=\"https:\/\/fashionedproject.eu\/wp-content\/uploads\/2024\/01\/Frame-27.png 367w, https:\/\/fashionedproject.eu\/wp-content\/uploads\/2024\/01\/Frame-27-300x155.png 300w, https:\/\/fashionedproject.eu\/wp-content\/uploads\/2024\/01\/Frame-27-600x310.png 600w\" sizes=\"(max-width: 367px) 100vw, 367px\" \/> <\/a>\n<p style=\"text-align: center;\">\u012esik\u016br\u0119s Valensijoje, Ispanijoje <br>Telefono nr. +34 963 87 70 00 <br>E. pa\u0161tas: pdiazga@upv.es<\/p>\n<a href=\"https:\/\/www.youtube.com\/watch?v=vcfNpDtVqOw\" data-zoom-config=\"600px|px\" > <img src=\"https:\/\/fashionedproject.eu\/wp-content\/uploads\/2024\/01\/Frame-27-1-367x190.png\" width=\"367\" height=\"190\" title=\"Frame 27 (1)\" alt=\"Frame 27 (1)\" srcset=\"https:\/\/fashionedproject.eu\/wp-content\/uploads\/2024\/01\/Frame-27-1.png 367w, https:\/\/fashionedproject.eu\/wp-content\/uploads\/2024\/01\/Frame-27-1-300x155.png 300w, https:\/\/fashionedproject.eu\/wp-content\/uploads\/2024\/01\/Frame-27-1-600x310.png 600w\" sizes=\"(max-width: 367px) 100vw, 367px\" \/> <\/a>\n<p style=\"text-align: center;\">\u012esik\u016br\u0119s At\u0117nuose, Graikijoje <br>Telefono nr. +30 210 5381100 <br>E. pa\u0161tas: gprin@uniwa.gr<\/p>\n<h3>PANEPISTIMIO DYTIKIS ATTIKIS<br>(PADA, Graikija)<\/h3> <p>Vakar\u0173 Atikos universitetas buvo \u012fkurtas 2018 m. Jis yra Pir\u0117jo taikom\u0173j\u0173 moksl\u0173 universiteto ir At\u0117n\u0173 taikom\u0173j\u0173 moksl\u0173 universiteto sujungimo rezultatas. Naujasis universitetas yra tre\u010dias pagal dyd\u012f Graikijoje. Universitetas, pagr\u012fstas ilgamet\u0117mis ir s\u0117kmingomis steigiam\u0173j\u0173 institut\u0173 tradicijomis, teikia auk\u0161to lygio bakalauro ir magistrant\u016bros studijas kartu su intensyvia moksline veikla konkre\u010diose srityse. UNIWA palaiko nuolatines partnerystes su kitais \u0161alies ir u\u017esienio \u0161vietimo ir tyrim\u0173 institutais, siekdama nuolat gerinti studij\u0173 ir tyrim\u0173 lyg\u012f. UNIWA aktyviai dalyvauja keliose nacionalin\u0117se ir Europos S\u0105jungos tarptautinio bendradarbiavimo, tyrim\u0173 ir \u017eini\u0173 sklaidos programose.<\/p>\n<a href=\"https:\/\/www.uniwa.gr\/\" > Apsilankykite svetain\u0117je <\/a>\n<h3>KAUNO TECHNOLOGIJOS UNIVERSITETAS<br>(KTU, Lietuva)<\/h3> <p>1922 metais \u012fkurtas Kauno technologijos universitetas (KTU) yra did\u017eiausias ir seniausias technologij\u0173 universitetas Lietuvoje ir vienas did\u017eiausi\u0173 Baltijos \u0161alyse. Tai vienas i\u0161kiliausi\u0173 Lietuvos universitet\u0173, u\u017e\u0117m\u0119s lyderio pozicijas daugelyje mokslini\u0173 tyrim\u0173 ir studij\u0173 kryp\u010di\u0173. KTU yra tarp 4% geriausi\u0173 pasaulio universitet\u0173. Integruodamas \u0161vietim\u0105, mokslinius tyrimus ir versl\u0105, KTU savo veikl\u0105 orientuoja \u012f \u017emogaus gyvenimo kokyb\u0117s gerinim\u0105, valstybingumo raidos spartinim\u0105.<\/p>\n<a href=\"https:\/\/en.ktu.edu\/\" > Apsilankykite svetain\u0117je <\/a>\n<a href=\"https:\/\/www.youtube.com\/watch?v=vcfNpDtVqOw\" data-zoom-config=\"600px|px\" > <img src=\"https:\/\/fashionedproject.eu\/wp-content\/uploads\/2024\/01\/Frame-27-2-367x190.png\" width=\"367\" height=\"190\" title=\"Frame 27 (2)\" alt=\"Frame 27 (2)\" srcset=\"https:\/\/fashionedproject.eu\/wp-content\/uploads\/2024\/01\/Frame-27-2.png 367w, https:\/\/fashionedproject.eu\/wp-content\/uploads\/2024\/01\/Frame-27-2-300x155.png 300w, https:\/\/fashionedproject.eu\/wp-content\/uploads\/2024\/01\/Frame-27-2-600x310.png 600w\" sizes=\"(max-width: 367px) 100vw, 367px\" \/> <\/a>\n<p style=\"text-align: center;\">\u012esik\u016br\u0119s Kaune, Lietuva <br>Telefono nr. +370 (37) 300 000 <br>E. pa\u0161tas:ktu@ktu.lt<\/p>\n<a href=\"https:\/\/www.youtube.com\/watch?v=vcfNpDtVqOw\" data-zoom-config=\"600px|px\" > <img src=\"https:\/\/fashionedproject.eu\/wp-content\/uploads\/2024\/01\/Frame-27-3-367x190.png\" width=\"367\" height=\"190\" title=\"Frame 27 (3)\" alt=\"Frame 27 (3)\" srcset=\"https:\/\/fashionedproject.eu\/wp-content\/uploads\/2024\/01\/Frame-27-3.png 367w, https:\/\/fashionedproject.eu\/wp-content\/uploads\/2024\/01\/Frame-27-3-300x155.png 300w, https:\/\/fashionedproject.eu\/wp-content\/uploads\/2024\/01\/Frame-27-3-600x310.png 600w\" sizes=\"(max-width: 367px) 100vw, 367px\" \/> <\/a>\n<p style=\"text-align: center;\">\u012esik\u016br\u0119s Oradea, Rumunija <br>Telefono nr. +40 259 432830 <br>El. pa\u0161tas: rectorat@uoradea.ro<\/p>\n<h3>UNIVERSITATEA DIN ORADEA<br>(ORADEA, Rumunija)<\/h3> <p>Oradea universitetas yra suskirstytas \u012f 15 fakultet\u0173, kuriuose yra daug bakalauro, magistro, doktorant\u016bros ir magistrant\u016bros studij\u0173 program\u0173, 49 katedros, 27 tyrim\u0173 padaliniai, ir si\u016blo 106 bakalauro studij\u0173 programas, daugiau nei 66 magistro studij\u0173 programas ir 7 doktorant\u016bros mokyklas. Pagal trij\u0173 pakop\u0173 Bolonijos strukt\u016br\u0105 ir \u012f student\u0105 orientuot\u0105 pedagogik\u0105 d\u0117stoma 20514 bakalauro ir magistrant\u016bros studij\u0173 studentams. Inovatyv\u016bs moksliniai tyrimai, \u017eini\u0173 perdavimas ir verslumo veikla yra labai svarb\u016bs universiteto misijai ir tikslams, kaip rodo jo MTEP padalini\u0173 ir grupi\u0173 rezultatai.<\/p>\n<a href=\"https:\/\/www.uoradea.ro\/\" > Apsilankykite svetain\u0117je <\/a>\n<h3>IDEC Symvouloi Epicheiriseon Efarmoges Ypsilis Technologias Ekpaidefsi Anonymi Etaireia (IDEC, Graikija) \u00a0<\/h3> <p>IDEC yra mokym\u0173 konsultacij\u0173 \u012fmon\u0117, \u012fsik\u016brusi Pir\u0117juje, Graikijoje, \u012fsteigta nuo 1989 m. Jos veikl\u0105 sudaro mokymai, vadybos konsultacijos, kokyb\u0117s u\u017etikrinimas, vertinimas ir skaitmenini\u0173 sprendim\u0173 k\u016brimas tiek priva\u010diam, tiek vie\u0161ajam sektoriui. IDEC klientai yra MV\u012e ir didesn\u0117s Graikijos \u012fmon\u0117s i\u0161 \u012fvairi\u0173 sektori\u0173. IDEC bendradarbiauja su daugiau nei 800 institut\u0173 visoje Europoje ir apie 300 konkre\u010di\u0173 sri\u010di\u0173 ekspert\u0173.<\/p>\n<a href=\"https:\/\/idec.gr\/\" > Apsilankykite svetain\u0117je <\/a>\n<a href=\"https:\/\/www.youtube.com\/watch?v=vcfNpDtVqOw\" data-zoom-config=\"600px|px\" > <img src=\"https:\/\/fashionedproject.eu\/wp-content\/uploads\/2024\/01\/Frame-27-4-367x190.png\" width=\"367\" height=\"190\" title=\"Frame 27 (4)\" alt=\"Frame 27 (4)\" srcset=\"https:\/\/fashionedproject.eu\/wp-content\/uploads\/2024\/01\/Frame-27-4.png 367w, https:\/\/fashionedproject.eu\/wp-content\/uploads\/2024\/01\/Frame-27-4-300x155.png 300w, https:\/\/fashionedproject.eu\/wp-content\/uploads\/2024\/01\/Frame-27-4-600x310.png 600w\" sizes=\"(max-width: 367px) 100vw, 367px\" \/> <\/a>\n<p style=\"text-align: center;\">\u012esik\u016br\u0119s Pir\u0117juje, Graikijoje <br>Telefono nr. +30 210 4286227 <br>E. pa\u0161tas: info@idec.gr<\/p>\n<a href=\"https:\/\/www.youtube.com\/watch?v=vcfNpDtVqOw\" data-zoom-config=\"600px|px\" > <img src=\"https:\/\/fashionedproject.eu\/wp-content\/uploads\/2024\/01\/Frame-27-5-343x178.png\" width=\"343\" height=\"178\" title=\"Frame 27 (5)\" alt=\"Frame 27 (5)\" srcset=\"https:\/\/fashionedproject.eu\/wp-content\/uploads\/2024\/01\/Frame-27-5.png 343w, https:\/\/fashionedproject.eu\/wp-content\/uploads\/2024\/01\/Frame-27-5-300x156.png 300w, https:\/\/fashionedproject.eu\/wp-content\/uploads\/2024\/01\/Frame-27-5-600x311.png 600w\" sizes=\"(max-width: 343px) 100vw, 343px\" \/> <\/a>\n<p style=\"text-align: center;\">\u012esik\u016br\u0119s Leeuwarden, Nyderlandai <br>Telefono nr. +31 58 845 80 45 <br>El. pa\u0161tas: info@bdfriesland.nl<\/p>\n<h3>STICHTING BUSINESS DEVELOPMENT FRIESLAND (BDF, Nyderlandai)<\/h3> <p>Verslo pl\u0117tros Friesland (BDF) i\u0161 Nyderland\u0173 rengia, kuria, projektuoja ir teikia praktin\u012f mokym\u0105, padedant\u012f \u017emon\u0117ms ir organizacijoms augti. Mes patys imam\u0117s iniciatyvos tai daryti ir da\u017enai sulaukiame \u012fmoni\u0173, mokykl\u0173, universitet\u0173 ar vyriausybi\u0173 pra\u0161ym\u0173 paremti j\u0173 pastangas. BDF sudaro ry\u0161\u012f tarp verslo, \u0161vietimo ir vald\u017eios bei padeda organizacijoms \u012fgyvendinti j\u0173 ekonominius, tarptautinius ir socialinius siekius. <\/p>\n<a href=\"https:\/\/www.bdfriesland.nl\/\" > Apsilankykite svetain\u0117je <\/a>","_links":{"self":[{"href":"https:\/\/fashionedproject.eu\/lt\/wp-json\/wp\/v2\/pages\/1266","targetHints":{"allow":["GET"]}}],"collection":[{"href":"https:\/\/fashionedproject.eu\/lt\/wp-json\/wp\/v2\/pages"}],"about":[{"href":"https:\/\/fashionedproject.eu\/lt\/wp-json\/wp\/v2\/types\/page"}],"author":[{"embeddable":true,"href":"https:\/\/fashionedproject.eu\/lt\/wp-json\/wp\/v2\/users\/1"}],"replies":[{"embeddable":true,"href":"https:\/\/fashionedproject.eu\/lt\/wp-json\/wp\/v2\/comments?post=1266"}],"version-history":[{"count":16,"href":"https:\/\/fashionedproject.eu\/lt\/wp-json\/wp\/v2\/pages\/1266\/revisions"}],"predecessor-version":[{"id":3888,"href":"https:\/\/fashionedproject.eu\/lt\/wp-json\/wp\/v2\/pages\/1266\/revisions\/3888"}],"wp:attachment":[{"href":"https:\/\/fashionedproject.eu\/lt\/wp-json\/wp\/v2\/media?parent=1266"}],"curies":[{"name":"wp","href":"https:\/\/api.w.org\/{rel}","templated":true}]}}