{"id":1134,"date":"2024-01-29T10:48:13","date_gmt":"2024-01-29T08:48:13","guid":{"rendered":"https:\/\/fashionedproject.eu\/eco-design-challenge\/"},"modified":"2025-12-03T15:11:12","modified_gmt":"2025-12-03T13:11:12","slug":"eco-design-challenge","status":"publish","type":"page","link":"https:\/\/fashionedproject.eu\/ro\/eco-design-challenge\/","title":{"rendered":"Provoc\u0103ri eco-design"},"content":{"rendered":"<!--themify_builder_content-->\n<div id=\"themify_builder_content-1134\" data-postid=\"1134\" class=\"themify_builder_content themify_builder_content-1134 themify_builder tf_clear\">\n    \t\t\t\t<!-- module_row -->\n\t\t<div  data-css_id=\"r5o6581\" data-lazy=\"1\" class=\"module_row themify_builder_row fullwidth tb_r5o6581 tb_first tf_w tf_clearfix\">\n\t\t\t\t\t<div class=\"row_inner col_align_top tb_col_count_1 tf_box tf_rel\">\n\t\t\t\t\t<div  data-lazy=\"1\" class=\"module_column tb-column col-full tb_2zyd581 first\">\n\t\t\t\t\t\t\t\t\t<div class=\"tb-column-inner tf_box tf_w\">\n\t\t\t\t<!-- module image -->\n<div  class=\"module module-image tb_l61b129   image-top auto_fullwidth tf_mw\" data-lazy=\"1\">\n        <div class=\"image-wrap tf_rel tf_mw\">\n\t\t    <img loading=\"lazy\" decoding=\"async\" width=\"1600\" height=\"344\" src=\"https:\/\/fashionedproject.eu\/wp-content\/uploads\/2025\/12\/sp-3.png\" class=\"wp-post-image wp-image-3831\" title=\"sp (3)\" alt=\"sp (3)\" srcset=\"https:\/\/fashionedproject.eu\/wp-content\/uploads\/2025\/12\/sp-3.png 1600w, https:\/\/fashionedproject.eu\/wp-content\/uploads\/2025\/12\/sp-3-300x65.png 300w, https:\/\/fashionedproject.eu\/wp-content\/uploads\/2025\/12\/sp-3-1024x220.png 1024w, https:\/\/fashionedproject.eu\/wp-content\/uploads\/2025\/12\/sp-3-768x165.png 768w, https:\/\/fashionedproject.eu\/wp-content\/uploads\/2025\/12\/sp-3-1536x330.png 1536w\" sizes=\"auto, (max-width: 1600px) 100vw, 1600px\" \/>\t\n\t\t<\/div>\n\t<!-- \/image-wrap -->\n    \n    \t<\/div>\n<!-- \/module image -->\t\t\t\t<\/div><!-- .tb-column-inner -->\n\t\t\t\t\t\t<\/div><!-- .module_column -->\n\t\t\t\t\t\t<\/div><!-- .row_inner -->\n\t\t<\/div><!-- .module_row -->\n\t\t\t\t\t\t\t\t<!-- module_row -->\n\t\t<div  data-css_id=\"4np2975\" data-lazy=\"1\" class=\"module_row themify_builder_row fullwidth tb_4np2975 tf_w tf_clearfix\">\n\t\t\t\t\t<div class=\"row_inner col_align_top tb_col_count_2 tf_box tf_rel\">\n\t\t\t\t\t<div  data-lazy=\"1\" class=\"module_column tb-column col4-3 tb_y3f6975 first\">\n\t\t\t\t\t\t\t\t\t<div class=\"tb-column-inner tf_box tf_w\">\n\t\t\t\t<!-- module text -->\n<div  class=\"module module-text tb_l7ya320   \" data-lazy=\"1\">\n        <div  class=\"tb_text_wrap\">\n    <p>\u00cen cadrul proiectului s-a organizat o competi\u021bie adresat\u0103 tinerilor cu spirit antreprenorial, la care au participat studen\u021bi din institu\u021biile partenere, prezent\u00e2nd idei inovatoare \u00een domeniul eco-designului textil.<\/p>\n<p>Autorii propunerilor c\u00e2\u0219tig\u0103toare au beneficiat de o formare specializat\u0103 \u00een planificarea afacerilor, menit\u0103 s\u0103 le dezvolte cuno\u0219tin\u021bele \u0219i competen\u021bele necesare pentru a crea \u00eentreprinderi de mod\u0103 sustenabile, bazate pe principiile eco-designului.<\/p>\n<p>Ca rezultat al programului de formare, participan\u021bii au reu\u0219it s\u0103 \u00ee\u0219i definitiveze planurile de afaceri \u0219i s\u0103 \u00ee\u0219i prezinte proiectele finale, demonstr\u00e2nd aplicarea practic\u0103 a principiilor \u00eenv\u0103\u021bate.<\/p>\n<p>Proiectele c\u00e2\u0219tig\u0103toare ale competi\u021biei au fost anun\u021bate \u00een cadrul Conferin\u021bei Finale, desf\u0103\u0219urate la 16 septembrie, la Alcoy, iar autorii acestora vor beneficia de sprijin personalizat pentru a-\u0219i transforma ideile \u00een realitate \u2014 contribuind astfel la transformarea propunerilor inovatoare \u00een afaceri reale \u0219i sustenabile.<\/p>\n<p style=\"text-align: left;\"><strong>Regulile competi\u021biei \u00a0<\/strong><a href=\"https:\/\/fashionedproject.eu\/wp-content\/uploads\/2024\/11\/Fashion.ED_WP4_Rules-of-the-Competition.pdf\" target=\"_blank\" rel=\"noopener\">Descarc\u0103 PDF<\/a><\/p>    <\/div>\n<\/div>\n<!-- \/module text --><!-- module buttons -->\n<div  class=\"module module-buttons tb_iyt2336 buttons-horizontal solid  circle\" data-lazy=\"1\">\n\t\t<div class=\"module-buttons-item tf_inline_b\">\n\t\t\t\t\t\t<a href=\"https:\/\/docs.google.com\/forms\/d\/e\/1FAIpQLSfWeFThnTyoyuVG35t8m7FOL4BccOAjrhgkG22epzL_MQ9VmA\/viewform\" class=\"ui builder_button green\" target=\"_blank\" rel=\"noopener\">\n\t\t\t\t\t\t\t\t<span class=\"tf_inline_b tf_vmiddle\">Particip\u0103 la provocare - Termen limit\u0103 expirat<\/span>\n\t\t\t\t\t\t\t\t\t\t\t\t<\/a>\n\t\t\t\t\t\t<\/div>\n\t\t\t<\/div>\n<!-- \/module buttons -->\n<!-- module buttons -->\n<div  class=\"module module-buttons tb_hyht572 buttons-horizontal solid  circle\" data-lazy=\"1\">\n\t\t<div class=\"module-buttons-item tf_inline_b\">\n\t\t\t\t\t\t<a href=\"https:\/\/youtube.com\/playlist?list=PL_y5gWx3ldc5ZjobhjgeBg78-65LSXZis&#038;si=0Mkhcp8is_b0VQQk\" class=\"ui builder_button green\" target=\"_blank\" rel=\"noopener\">\n\t\t\t\t\t\t\t\t<span class=\"tf_inline_b tf_vmiddle\">Participants' Pitch Videos<\/span>\n\t\t\t\t\t\t\t\t\t\t\t\t<\/a>\n\t\t\t\t\t\t<\/div>\n\t\t\t<\/div>\n<!-- \/module buttons -->\n\t\t\t\t<\/div><!-- .tb-column-inner -->\n\t\t\t\t\t\t<\/div><!-- .module_column -->\n\t\t\t\t\t<div  data-lazy=\"1\" class=\"module_column tb-column col4-1 tb_dfpr740 last\">\n\t\t\t\t\t\t\t\t\t<div class=\"tb-column-inner tf_box tf_w\">\n\t\t\t\t<!-- module image -->\n<div  class=\"module module-image tb_kqk8105   image-right tf_mw\" data-lazy=\"1\">\n        <div class=\"image-wrap tf_rel tf_mw\">\n\t\t    <img loading=\"lazy\" decoding=\"async\" src=\"https:\/\/fashionedproject.eu\/wp-content\/uploads\/2024\/01\/Frame-27-6-232x244.png\" width=\"232\" height=\"244\" class=\"wp-post-image wp-image-900\" title=\"Frame 27 (6)\" alt=\"Frame 27 (6)\">\t\n\t\t<\/div>\n\t<!-- \/image-wrap -->\n    \n    \t<\/div>\n<!-- \/module image -->\t\t\t\t<\/div><!-- .tb-column-inner -->\n\t\t\t\t\t\t<\/div><!-- .module_column -->\n\t\t\t\t\t\t<\/div><!-- .row_inner -->\n\t\t<\/div><!-- .module_row -->\n\t\t\t\t\t\t\t\t<!-- module_row -->\n\t\t<div  data-css_id=\"osc6343\" data-lazy=\"1\" class=\"module_row themify_builder_row fullwidth tb_osc6343 tf_w tf_clearfix\">\n\t\t\t\t\t<div class=\"row_inner col_align_top tb_col_count_1 tf_box tf_rel\">\n\t\t\t\t\t<div  data-lazy=\"1\" class=\"module_column tb-column col-full tb_8tzc343 first\">\n\t\t\t\t\t\t\t\t\t<div class=\"tb-column-inner tf_box tf_w\">\n\t\t\t\t<!-- module text -->\n<div  class=\"module module-text tb_1bjp343   \" data-lazy=\"1\">\n        <div  class=\"tb_text_wrap\">\n    <p>Mai jos g\u0103si\u021bi c\u00e2teva materiale utile pentru elaborarea planurilor de afaceri durabile, care au fost prezentate \u00een cadrul cursului de formare din Leeuwarden, Olanda.<\/p>\n<p><a href=\"https:\/\/fashionedproject.eu\/wp-content\/uploads\/2025\/04\/How-to-make-your-business-plan.pdf\" target=\"_blank\" rel=\"noopener\">Cum s\u0103 v\u0103 elabora\u021bi planul de afaceri<\/a><\/p>\n<p><a href=\"https:\/\/fashionedproject.eu\/wp-content\/uploads\/2025\/04\/Fashion.ED_How-to-pitch.pdf\">Cum s\u0103 prezenta\u021bi<\/a><\/p>\n<p><a href=\"https:\/\/fashionedproject.eu\/wp-content\/uploads\/2025\/04\/Value-Proposition-Canvas-Innovation.pdf\">Canvasul propunerii de valoare<\/a><\/p>\n<p><a href=\"https:\/\/fashionedproject.eu\/wp-content\/uploads\/2025\/04\/SustainableBusinessModelCanvas.pdf\">Canvasul modelului de afaceri durabil<\/a><\/p>\n<p><a href=\"https:\/\/fashionedproject.eu\/wp-content\/uploads\/2025\/04\/Fashion.-ED-Business-plan-start-to-think.pdf\">Planul de afaceri: \u00eencepe\u021bi s\u0103 v\u0103 g\u00e2ndi\u021bi<\/a><\/p>\n<p><a href=\"https:\/\/fashionedproject.eu\/wp-content\/uploads\/2025\/04\/PITCH-CANVAS-ENGLISH-PP-scaled.jpg\">Pristatymo kanvasas<\/a><\/p>    <\/div>\n<\/div>\n<!-- \/module text -->\t\t\t\t<\/div><!-- .tb-column-inner -->\n\t\t\t\t\t\t<\/div><!-- .module_column -->\n\t\t\t\t\t\t<\/div><!-- .row_inner -->\n\t\t<\/div><!-- .module_row -->\n\t\t\t\t<\/div>\n<!--\/themify_builder_content-->","protected":false},"excerpt":{"rendered":"<p>\u00cen cadrul proiectului s-a organizat o competi\u021bie adresat\u0103 tinerilor cu spirit antreprenorial, la care au participat studen\u021bi din institu\u021biile partenere, prezent\u00e2nd idei inovatoare \u00een domeniul eco-designului textil. Autorii propunerilor c\u00e2\u0219tig\u0103toare au beneficiat de o formare specializat\u0103 \u00een planificarea afacerilor, menit\u0103 s\u0103 le dezvolte cuno\u0219tin\u021bele \u0219i competen\u021bele necesare pentru a crea \u00eentreprinderi de mod\u0103 sustenabile, bazate [&hellip;]<\/p>\n","protected":false},"author":1,"featured_media":0,"parent":0,"menu_order":0,"comment_status":"closed","ping_status":"closed","template":"","meta":{"footnotes":""},"class_list":["post-1134","page","type-page","status-publish","hentry","has-post-title","has-post-date","has-post-category","has-post-tag","has-post-comment","has-post-author",""],"builder_content":"<img src=\"https:\/\/fashionedproject.eu\/wp-content\/uploads\/2025\/12\/sp-3.png\" title=\"sp (3)\" alt=\"sp (3)\" srcset=\"https:\/\/fashionedproject.eu\/wp-content\/uploads\/2025\/12\/sp-3.png 1600w, https:\/\/fashionedproject.eu\/wp-content\/uploads\/2025\/12\/sp-3-300x65.png 300w, https:\/\/fashionedproject.eu\/wp-content\/uploads\/2025\/12\/sp-3-1024x220.png 1024w, https:\/\/fashionedproject.eu\/wp-content\/uploads\/2025\/12\/sp-3-768x165.png 768w, https:\/\/fashionedproject.eu\/wp-content\/uploads\/2025\/12\/sp-3-1536x330.png 1536w\" sizes=\"(max-width: 1600px) 100vw, 1600px\" \/>\n<p>\u00cen cadrul proiectului s-a organizat o competi\u021bie adresat\u0103 tinerilor cu spirit antreprenorial, la care au participat studen\u021bi din institu\u021biile partenere, prezent\u00e2nd idei inovatoare \u00een domeniul eco-designului textil.<\/p> <p>Autorii propunerilor c\u00e2\u0219tig\u0103toare au beneficiat de o formare specializat\u0103 \u00een planificarea afacerilor, menit\u0103 s\u0103 le dezvolte cuno\u0219tin\u021bele \u0219i competen\u021bele necesare pentru a crea \u00eentreprinderi de mod\u0103 sustenabile, bazate pe principiile eco-designului.<\/p> <p>Ca rezultat al programului de formare, participan\u021bii au reu\u0219it s\u0103 \u00ee\u0219i definitiveze planurile de afaceri \u0219i s\u0103 \u00ee\u0219i prezinte proiectele finale, demonstr\u00e2nd aplicarea practic\u0103 a principiilor \u00eenv\u0103\u021bate.<\/p> <p>Proiectele c\u00e2\u0219tig\u0103toare ale competi\u021biei au fost anun\u021bate \u00een cadrul Conferin\u021bei Finale, desf\u0103\u0219urate la 16 septembrie, la Alcoy, iar autorii acestora vor beneficia de sprijin personalizat pentru a-\u0219i transforma ideile \u00een realitate \u2014 contribuind astfel la transformarea propunerilor inovatoare \u00een afaceri reale \u0219i sustenabile.<\/p> <p style=\"text-align: left;\"><strong>Regulile competi\u021biei \u00a0<\/strong><a href=\"https:\/\/fashionedproject.eu\/wp-content\/uploads\/2024\/11\/Fashion.ED_WP4_Rules-of-the-Competition.pdf\" target=\"_blank\" rel=\"noopener\">Descarc\u0103 PDF<\/a><\/p>\n<a href=\"https:\/\/docs.google.com\/forms\/d\/e\/1FAIpQLSfWeFThnTyoyuVG35t8m7FOL4BccOAjrhgkG22epzL_MQ9VmA\/viewform\" target=\"_blank\" rel=\"noopener\"> Particip\u0103 la provocare - Termen limit\u0103 expirat <\/a>\n<a href=\"https:\/\/youtube.com\/playlist?list=PL_y5gWx3ldc5ZjobhjgeBg78-65LSXZis&#038;si=0Mkhcp8is_b0VQQk\" target=\"_blank\" rel=\"noopener\"> Participants' Pitch Videos <\/a>\n<img src=\"https:\/\/fashionedproject.eu\/wp-content\/uploads\/2024\/01\/Frame-27-6-232x244.png\" width=\"232\" height=\"244\" title=\"Frame 27 (6)\" alt=\"Frame 27 (6)\">\n<p>Mai jos g\u0103si\u021bi c\u00e2teva materiale utile pentru elaborarea planurilor de afaceri durabile, care au fost prezentate \u00een cadrul cursului de formare din Leeuwarden, Olanda.<\/p> <p><a href=\"https:\/\/fashionedproject.eu\/wp-content\/uploads\/2025\/04\/How-to-make-your-business-plan.pdf\" target=\"_blank\" rel=\"noopener\">Cum s\u0103 v\u0103 elabora\u021bi planul de afaceri<\/a><\/p> <p><a href=\"https:\/\/fashionedproject.eu\/wp-content\/uploads\/2025\/04\/Fashion.ED_How-to-pitch.pdf\">Cum s\u0103 prezenta\u021bi<\/a><\/p> <p><a href=\"https:\/\/fashionedproject.eu\/wp-content\/uploads\/2025\/04\/Value-Proposition-Canvas-Innovation.pdf\">Canvasul propunerii de valoare<\/a><\/p> <p><a href=\"https:\/\/fashionedproject.eu\/wp-content\/uploads\/2025\/04\/SustainableBusinessModelCanvas.pdf\">Canvasul modelului de afaceri durabil<\/a><\/p> <p><a href=\"https:\/\/fashionedproject.eu\/wp-content\/uploads\/2025\/04\/Fashion.-ED-Business-plan-start-to-think.pdf\">Planul de afaceri: \u00eencepe\u021bi s\u0103 v\u0103 g\u00e2ndi\u021bi<\/a><\/p> <p><a href=\"https:\/\/fashionedproject.eu\/wp-content\/uploads\/2025\/04\/PITCH-CANVAS-ENGLISH-PP-scaled.jpg\">Pristatymo kanvasas<\/a><\/p>","_links":{"self":[{"href":"https:\/\/fashionedproject.eu\/ro\/wp-json\/wp\/v2\/pages\/1134","targetHints":{"allow":["GET"]}}],"collection":[{"href":"https:\/\/fashionedproject.eu\/ro\/wp-json\/wp\/v2\/pages"}],"about":[{"href":"https:\/\/fashionedproject.eu\/ro\/wp-json\/wp\/v2\/types\/page"}],"author":[{"embeddable":true,"href":"https:\/\/fashionedproject.eu\/ro\/wp-json\/wp\/v2\/users\/1"}],"replies":[{"embeddable":true,"href":"https:\/\/fashionedproject.eu\/ro\/wp-json\/wp\/v2\/comments?post=1134"}],"version-history":[{"count":13,"href":"https:\/\/fashionedproject.eu\/ro\/wp-json\/wp\/v2\/pages\/1134\/revisions"}],"predecessor-version":[{"id":3854,"href":"https:\/\/fashionedproject.eu\/ro\/wp-json\/wp\/v2\/pages\/1134\/revisions\/3854"}],"wp:attachment":[{"href":"https:\/\/fashionedproject.eu\/ro\/wp-json\/wp\/v2\/media?parent=1134"}],"curies":[{"name":"wp","href":"https:\/\/api.w.org\/{rel}","templated":true}]}}