{"id":1139,"date":"2024-01-29T10:48:34","date_gmt":"2024-01-29T08:48:34","guid":{"rendered":"https:\/\/fashionedproject.eu\/partners\/"},"modified":"2025-12-03T15:15:16","modified_gmt":"2025-12-03T13:15:16","slug":"partners","status":"publish","type":"page","link":"https:\/\/fashionedproject.eu\/ro\/partners\/","title":{"rendered":"Parteneri"},"content":{"rendered":"<!--themify_builder_content-->\n<div id=\"themify_builder_content-1139\" data-postid=\"1139\" class=\"themify_builder_content themify_builder_content-1139 themify_builder tf_clear\">\n    \t\t\t\t<!-- module_row -->\n\t\t<div  data-css_id=\"cnn6662\" data-lazy=\"1\" class=\"module_row themify_builder_row fullwidth tb_cnn6662 tb_first tf_w tf_clearfix\">\n\t\t\t\t\t<div class=\"row_inner col_align_top tb_col_count_1 tf_box tf_rel\">\n\t\t\t\t\t<div  data-lazy=\"1\" class=\"module_column tb-column col-full tb_tzuh662 first\">\n\t\t\t\t\t\t\t\t\t<div class=\"tb-column-inner tf_box tf_w\">\n\t\t\t\t<!-- module image -->\n<div  class=\"module module-image tb_0zls625   image-top auto_fullwidth tf_mw\" data-lazy=\"1\">\n        <div class=\"image-wrap tf_rel tf_mw\">\n\t\t    <img loading=\"lazy\" decoding=\"async\" width=\"1600\" height=\"344\" src=\"https:\/\/fashionedproject.eu\/wp-content\/uploads\/2025\/12\/ro-2.png\" class=\"wp-post-image wp-image-3872\" title=\"ro (2)\" alt=\"ro (2)\" srcset=\"https:\/\/fashionedproject.eu\/wp-content\/uploads\/2025\/12\/ro-2.png 1600w, https:\/\/fashionedproject.eu\/wp-content\/uploads\/2025\/12\/ro-2-300x65.png 300w, https:\/\/fashionedproject.eu\/wp-content\/uploads\/2025\/12\/ro-2-1024x220.png 1024w, https:\/\/fashionedproject.eu\/wp-content\/uploads\/2025\/12\/ro-2-768x165.png 768w, https:\/\/fashionedproject.eu\/wp-content\/uploads\/2025\/12\/ro-2-1536x330.png 1536w\" sizes=\"auto, (max-width: 1600px) 100vw, 1600px\" \/>\t\n\t\t<\/div>\n\t<!-- \/image-wrap -->\n    \n    \t<\/div>\n<!-- \/module image -->\t\t\t\t<\/div><!-- .tb-column-inner -->\n\t\t\t\t\t\t<\/div><!-- .module_column -->\n\t\t\t\t\t\t<\/div><!-- .row_inner -->\n\t\t<\/div><!-- .module_row -->\n\t\t\t\t\t\t\t\t<!-- module_row -->\n\t\t<div  data-css_id=\"0q9r76\" data-lazy=\"1\" class=\"module_row themify_builder_row fullwidth_row_container tb_0q9r76 tf_w tf_clearfix\">\n\t\t\t\t\t<div class=\"row_inner col_align_middle tb_col_count_2 tf_box tf_rel\">\n\t\t\t\t\t<div  data-lazy=\"1\" class=\"module_column tb-column col4-2 tb_yrjv76 first\">\n\t\t\t\t\t\t\t\t\t<div class=\"tb-column-inner tf_box tf_w\">\n\t\t\t\t<!-- module text -->\n<div  class=\"module module-text tb_9hzj76   \" data-lazy=\"1\">\n        <div  class=\"tb_text_wrap\">\n    <h3>Universitatea Politehnic\u0103 din Valencia (UPV, Spania)<\/h3>\n<p>UPV este o institu\u021bie de \u00eenv\u0103\u021b\u0103m\u00e2nt superior public\u0103 implicat\u0103 activ \u00een proiecte de cooperare \u0219i mobilitate interna\u021bional\u0103. UPV g\u0103zduie\u0219te aproape 30.000 de studen\u021bi \u0219i are peste 4.000 de angaja\u021bi (personal didactic, de cercetare \u0219i administrativ). Este prima universitate tehnologic\u0103 din Spania conform clasamentelor interna\u021bionale (de exemplu, Clasamentul Shanghai al Universit\u0103\u021bilor Lumii) \u0219i ofer\u0103 45 de programe de licen\u021b\u0103, peste 85 de programe de masterat \u0219i 30 de programe de doctorat.<\/p>    <\/div>\n<\/div>\n<!-- \/module text --><!-- module buttons -->\n<div  class=\"module module-buttons tb_ni5j947 buttons-horizontal solid  circle\" data-lazy=\"1\">\n\t\t<div class=\"module-buttons-item tf_inline_b\">\n\t\t\t\t\t\t<a href=\"https:\/\/www.upv.es\/\" class=\"ui builder_button green\" >\n\t\t\t\t\t\t\t\t<span class=\"tf_inline_b tf_vmiddle\">Vizita\u021bi site-ul web<\/span>\n\t\t\t\t\t\t\t\t\t\t\t\t<\/a>\n\t\t\t\t\t\t<\/div>\n\t\t\t<\/div>\n<!-- \/module buttons -->\n\t\t\t\t<\/div><!-- .tb-column-inner -->\n\t\t\t\t\t\t<\/div><!-- .module_column -->\n\t\t\t\t\t<div  data-lazy=\"1\" class=\"module_column tb-column col4-2 tb_r0oi76 last\">\n\t\t\t\t\t\t\t\t\t<div class=\"tb-column-inner tf_box tf_w\">\n\t\t\t\t<!-- module image -->\n<div  class=\"module module-image tb_v1ni76 rounded  image-center tf_mw\" data-lazy=\"1\" data-lax-translate-y=\"(vh*1) 0,(vh*0) -140\" data-lax=\"true\">\n        <div class=\"image-wrap tf_rel tf_mw\">\n\t\t    <a href=\"https:\/\/www.youtube.com\/watch?v=vcfNpDtVqOw\"\n\t        class=\"lightbox-builder themify_lightbox\" data-zoom-config=\"600px|px\"\t       >\n\t\t   \t\t<img loading=\"lazy\" decoding=\"async\" src=\"https:\/\/fashionedproject.eu\/wp-content\/uploads\/2024\/01\/Frame-27-367x190.png\" width=\"367\" height=\"190\" class=\"wp-post-image wp-image-870\" title=\"Frame 27\" alt=\"Frame 27\" srcset=\"https:\/\/fashionedproject.eu\/wp-content\/uploads\/2024\/01\/Frame-27.png 367w, https:\/\/fashionedproject.eu\/wp-content\/uploads\/2024\/01\/Frame-27-300x155.png 300w, https:\/\/fashionedproject.eu\/wp-content\/uploads\/2024\/01\/Frame-27-600x310.png 600w\" sizes=\"auto, (max-width: 367px) 100vw, 367px\" \/>\t    <\/a>\n\t\n\t\t<\/div>\n\t<!-- \/image-wrap -->\n    \n    \t<\/div>\n<!-- \/module image --><!-- module text -->\n<div  class=\"module module-text tb_8rmn290   \" data-lazy=\"1\">\n        <div  class=\"tb_text_wrap\">\n    <p style=\"text-align: center;\">Cu sediul \u00een Valencia, Spania<br \/>Telefon: +34 963 87 70 00<br \/>Email: pdiazga@upv.es<\/p>    <\/div>\n<\/div>\n<!-- \/module text -->\t\t\t\t<\/div><!-- .tb-column-inner -->\n\t\t\t\t\t\t<\/div><!-- .module_column -->\n\t\t\t\t\t\t<\/div><!-- .row_inner -->\n\t\t<\/div><!-- .module_row -->\n\t\t\t\t\t\t\t\t<!-- module_row -->\n\t\t<div  data-css_id=\"1gma275\" data-lazy=\"1\" class=\"module_row themify_builder_row fullwidth_row_container tb_1gma275 tf_w tf_clearfix\">\n\t\t\t\t\t<div class=\"row_inner col_align_middle tb_col_count_2 tf_box tf_rel\">\n\t\t\t\t\t<div  data-lazy=\"1\" class=\"module_column tb-column col4-2 tb_1wh0276 first\">\n\t\t\t\t\t\t\t\t\t<div class=\"tb-column-inner tf_box tf_w\">\n\t\t\t\t<!-- module image -->\n<div  class=\"module module-image tb_mk6t276 rounded  image-center tf_mw\" data-lazy=\"1\" data-lax-translate-y=\"(vh*1) 0,(vh*0) -140\" data-lax=\"true\">\n        <div class=\"image-wrap tf_rel tf_mw\">\n\t\t    <a href=\"https:\/\/www.youtube.com\/watch?v=vcfNpDtVqOw\"\n\t        class=\"lightbox-builder themify_lightbox\" data-zoom-config=\"600px|px\"\t       >\n\t\t   \t\t<img loading=\"lazy\" decoding=\"async\" src=\"https:\/\/fashionedproject.eu\/wp-content\/uploads\/2024\/01\/Frame-27-1-367x190.png\" width=\"367\" height=\"190\" class=\"wp-post-image wp-image-865\" title=\"Frame 27 (1)\" alt=\"Frame 27 (1)\" srcset=\"https:\/\/fashionedproject.eu\/wp-content\/uploads\/2024\/01\/Frame-27-1.png 367w, https:\/\/fashionedproject.eu\/wp-content\/uploads\/2024\/01\/Frame-27-1-300x155.png 300w, https:\/\/fashionedproject.eu\/wp-content\/uploads\/2024\/01\/Frame-27-1-600x310.png 600w\" sizes=\"auto, (max-width: 367px) 100vw, 367px\" \/>\t    <\/a>\n\t\n\t\t<\/div>\n\t<!-- \/image-wrap -->\n    \n    \t<\/div>\n<!-- \/module image --><!-- module text -->\n<div  class=\"module module-text tb_zvmc706   \" data-lazy=\"1\">\n        <div  class=\"tb_text_wrap\">\n    <p style=\"text-align: center;\">Cu sediul \u00een Atena, Grecia<br \/>Telefon: +30 210 5381100<br \/>Email: gprin@uniwa.gr<\/p>    <\/div>\n<\/div>\n<!-- \/module text -->\t\t\t\t<\/div><!-- .tb-column-inner -->\n\t\t\t\t\t\t<\/div><!-- .module_column -->\n\t\t\t\t\t<div  data-lazy=\"1\" class=\"module_column tb-column col4-2 tb_5gey276 last\">\n\t\t\t\t\t\t\t\t\t<div class=\"tb-column-inner tf_box tf_w\">\n\t\t\t\t<!-- module text -->\n<div  class=\"module module-text tb_nwqr276   \" data-lazy=\"1\">\n        <div  class=\"tb_text_wrap\">\n    <h3>Universitatea West Attica (PADA, Grecia)<\/h3>\n<p>Universitatea West Attica a fost \u00eenfiin\u021bat\u0103 \u00een 2018. Este rezultatul fuziunii dintre Universitatea de \u0218tiin\u021be Aplicate din Pireu \u0219i Universitatea de \u0218tiin\u021be Aplicate din Atena. Noua universitate este a treia universitate ca m\u0103rime din Grecia. Baz\u00e2ndu-se pe tradi\u021bia lung\u0103 \u0219i de succes a institutelor constitutive, universitatea ofer\u0103 o educa\u021bie de licen\u021b\u0103 \u0219i postuniversitar\u0103 de \u00eenalt\u0103 calitate, combinat\u0103 cu activit\u0103\u021bi intensive de cercetare \u00een domenii specifice. UNIWA men\u021bine parteneriate stabile cu alte institu\u021bii educa\u021bionale \u0219i de cercetare interne \u0219i interna\u021bionale pentru a \u00eembun\u0103t\u0103\u021bi continuu nivelul studiilor \u0219i cercet\u0103rii. UNIWA particip\u0103 activ \u00een mai multe programe na\u021bionale \u0219i ale Uniunii Europene pentru cooperare interna\u021bional\u0103, cercetare \u0219i diseminare a cuno\u0219tin\u021belor.<\/p>    <\/div>\n<\/div>\n<!-- \/module text --><!-- module buttons -->\n<div  class=\"module module-buttons tb_ncok618 buttons-horizontal solid  circle\" data-lazy=\"1\">\n\t\t<div class=\"module-buttons-item tf_inline_b\">\n\t\t\t\t\t\t<a href=\"https:\/\/www.uniwa.gr\/\" class=\"ui builder_button green\" >\n\t\t\t\t\t\t\t\t<span class=\"tf_inline_b tf_vmiddle\">Vizita\u021bi site-ul web<\/span>\n\t\t\t\t\t\t\t\t\t\t\t\t<\/a>\n\t\t\t\t\t\t<\/div>\n\t\t\t<\/div>\n<!-- \/module buttons -->\n\t\t\t\t<\/div><!-- .tb-column-inner -->\n\t\t\t\t\t\t<\/div><!-- .module_column -->\n\t\t\t\t\t\t<\/div><!-- .row_inner -->\n\t\t<\/div><!-- .module_row -->\n\t\t\t\t\t\t\t\t<!-- module_row -->\n\t\t<div  data-css_id=\"yo2f947\" data-lazy=\"1\" class=\"module_row themify_builder_row fullwidth_row_container tb_yo2f947 tf_w tf_clearfix\">\n\t\t\t\t\t<div class=\"row_inner col_align_middle tb_col_count_2 tf_box tf_rel\">\n\t\t\t\t\t<div  data-lazy=\"1\" class=\"module_column tb-column col4-2 tb_nvlx947 first\">\n\t\t\t\t\t\t\t\t\t<div class=\"tb-column-inner tf_box tf_w\">\n\t\t\t\t<!-- module text -->\n<div  class=\"module module-text tb_qect947   \" data-lazy=\"1\">\n        <div  class=\"tb_text_wrap\">\n    <h3>Universitatea de Tehnologie din Kaunas (KTU, Lituania)<\/h3>\n<p>Fondat\u0103 \u00een 1922, Universitatea de Tehnologie din Kaunas (KTU) este cea mai mare \u0219i cea mai veche universitate tehnologic\u0103 din Lituania, \u0219i una dintre cele mai mari din statele baltice. Este una dintre universit\u0103\u021bile remarcabile din Lituania, care a ocupat pozi\u021bia de lider \u00een multe domenii ale studiilor \u0219i cercet\u0103rilor \u0219tiin\u021bifice. KTU se afl\u0103 \u00een primele 4% din universit\u0103\u021bile din lume. Prin integrarea educa\u021biei, cercet\u0103rii \u0219i afacerilor, KTU \u00ee\u0219i concentreaz\u0103 activit\u0103\u021bile pe \u00eembun\u0103t\u0103\u021birea calit\u0103\u021bii vie\u021bii umane \u0219i accelerarea dezvolt\u0103rii statului.<\/p>    <\/div>\n<\/div>\n<!-- \/module text --><!-- module buttons -->\n<div  class=\"module module-buttons tb_1v1r737 buttons-horizontal solid  circle\" data-lazy=\"1\">\n\t\t<div class=\"module-buttons-item tf_inline_b\">\n\t\t\t\t\t\t<a href=\"https:\/\/en.ktu.edu\/\" class=\"ui builder_button green\" >\n\t\t\t\t\t\t\t\t<span class=\"tf_inline_b tf_vmiddle\">Vizita\u021bi site-ul web<\/span>\n\t\t\t\t\t\t\t\t\t\t\t\t<\/a>\n\t\t\t\t\t\t<\/div>\n\t\t\t<\/div>\n<!-- \/module buttons -->\n\t\t\t\t<\/div><!-- .tb-column-inner -->\n\t\t\t\t\t\t<\/div><!-- .module_column -->\n\t\t\t\t\t<div  data-lazy=\"1\" class=\"module_column tb-column col4-2 tb_zz77947 last\">\n\t\t\t\t\t\t\t\t\t<div class=\"tb-column-inner tf_box tf_w\">\n\t\t\t\t<!-- module image -->\n<div  class=\"module module-image tb_lxtq947 rounded  image-center tf_mw\" data-lazy=\"1\" data-lax-translate-y=\"(vh*1) 0,(vh*0) -140\" data-lax=\"true\">\n        <div class=\"image-wrap tf_rel tf_mw\">\n\t\t    <a href=\"https:\/\/www.youtube.com\/watch?v=vcfNpDtVqOw\"\n\t        class=\"lightbox-builder themify_lightbox\" data-zoom-config=\"600px|px\"\t       >\n\t\t   \t\t<img loading=\"lazy\" decoding=\"async\" src=\"https:\/\/fashionedproject.eu\/wp-content\/uploads\/2024\/01\/Frame-27-2-367x190.png\" width=\"367\" height=\"190\" class=\"wp-post-image wp-image-860\" title=\"Frame 27 (2)\" alt=\"Frame 27 (2)\" srcset=\"https:\/\/fashionedproject.eu\/wp-content\/uploads\/2024\/01\/Frame-27-2.png 367w, https:\/\/fashionedproject.eu\/wp-content\/uploads\/2024\/01\/Frame-27-2-300x155.png 300w, https:\/\/fashionedproject.eu\/wp-content\/uploads\/2024\/01\/Frame-27-2-600x310.png 600w\" sizes=\"auto, (max-width: 367px) 100vw, 367px\" \/>\t    <\/a>\n\t\n\t\t<\/div>\n\t<!-- \/image-wrap -->\n    \n    \t<\/div>\n<!-- \/module image --><!-- module text -->\n<div  class=\"module module-text tb_yn0d626   \" data-lazy=\"1\">\n        <div  class=\"tb_text_wrap\">\n    <p style=\"text-align: center;\">Cu sediul \u00een Kaunas, Lituania<br \/>Telefon: +370 (37) 300 000<br \/>Email: rectorat@uoradea.ro<\/p>    <\/div>\n<\/div>\n<!-- \/module text -->\t\t\t\t<\/div><!-- .tb-column-inner -->\n\t\t\t\t\t\t<\/div><!-- .module_column -->\n\t\t\t\t\t\t<\/div><!-- .row_inner -->\n\t\t<\/div><!-- .module_row -->\n\t\t\t\t\t\t\t\t<!-- module_row -->\n\t\t<div  data-css_id=\"u182325\" data-lazy=\"1\" class=\"module_row themify_builder_row fullwidth_row_container tb_u182325 tf_w tf_clearfix\">\n\t\t\t\t\t<div class=\"row_inner col_align_middle tb_col_count_2 tf_box tf_rel\">\n\t\t\t\t\t<div  data-lazy=\"1\" class=\"module_column tb-column col4-2 tb_68mm325 first\">\n\t\t\t\t\t\t\t\t\t<div class=\"tb-column-inner tf_box tf_w\">\n\t\t\t\t<!-- module image -->\n<div  class=\"module module-image tb_qvra325 rounded  image-center tf_mw\" data-lazy=\"1\" data-lax-translate-y=\"(vh*1) 0,(vh*0) -140\" data-lax=\"true\">\n        <div class=\"image-wrap tf_rel tf_mw\">\n\t\t    <a href=\"https:\/\/www.youtube.com\/watch?v=vcfNpDtVqOw\"\n\t        class=\"lightbox-builder themify_lightbox\" data-zoom-config=\"600px|px\"\t       >\n\t\t   \t\t<img loading=\"lazy\" decoding=\"async\" src=\"https:\/\/fashionedproject.eu\/wp-content\/uploads\/2024\/01\/Frame-27-3-367x190.png\" width=\"367\" height=\"190\" class=\"wp-post-image wp-image-855\" title=\"Frame 27 (3)\" alt=\"Frame 27 (3)\" srcset=\"https:\/\/fashionedproject.eu\/wp-content\/uploads\/2024\/01\/Frame-27-3.png 367w, https:\/\/fashionedproject.eu\/wp-content\/uploads\/2024\/01\/Frame-27-3-300x155.png 300w, https:\/\/fashionedproject.eu\/wp-content\/uploads\/2024\/01\/Frame-27-3-600x310.png 600w\" sizes=\"auto, (max-width: 367px) 100vw, 367px\" \/>\t    <\/a>\n\t\n\t\t<\/div>\n\t<!-- \/image-wrap -->\n    \n    \t<\/div>\n<!-- \/module image --><!-- module text -->\n<div  class=\"module module-text tb_j2pn866   \" data-lazy=\"1\">\n        <div  class=\"tb_text_wrap\">\n    <div class=\"uk-width-1-3@m uk-first-column\">\n<p style=\"text-align: center;\">Cu sediul \u00een Oradea, Rom\u00e2nia<br \/>Telefon: +40 259 432830<br \/>Email: rectorat@uoradea.ro<\/p>\n<\/div>    <\/div>\n<\/div>\n<!-- \/module text -->\t\t\t\t<\/div><!-- .tb-column-inner -->\n\t\t\t\t\t\t<\/div><!-- .module_column -->\n\t\t\t\t\t<div  data-lazy=\"1\" class=\"module_column tb-column col4-2 tb_74nb325 last\">\n\t\t\t\t\t\t\t\t\t<div class=\"tb-column-inner tf_box tf_w\">\n\t\t\t\t<!-- module text -->\n<div  class=\"module module-text tb_um1z325   \" data-lazy=\"1\">\n        <div  class=\"tb_text_wrap\">\n    <h3>UNIVERSITATEA DIN ORADEA <br \/>(ORADEA, Romania)\u00a0<\/h3>\n<p>Universitatea din Oradea este structurat\u0103 \u00een 15 facult\u0103\u021bi, oferind o gam\u0103 larg\u0103 de programe de licen\u021b\u0103, masterat \u0219i doctorat, 49 de departamente, 27 de centre de cercetare \u0219i ofer\u0103 106 programe de licen\u021b\u0103, peste 66 programe de masterat \u0219i 7 \u0219coli doctorale. Universitatea are aproximativ 20.514 studen\u021bi la programele de studii universitare de licen\u021b\u0103, masterat \u0219i doctorat. Cercetarea \u0219i inovarea, transferul de cuno\u0219tin\u021be, precum \u0219i activit\u0103\u021bile antreprenoriale sunt centrale pentru misiunea \u0219i obiectivele universit\u0103\u021bii, a\u0219a cum este demonstrat de rezultatele unit\u0103\u021bilor \u0219i grupurilor sale de cercetare \u0219i dezvoltare.<\/p>    <\/div>\n<\/div>\n<!-- \/module text --><!-- module buttons -->\n<div  class=\"module module-buttons tb_9mhr192 buttons-horizontal solid  circle\" data-lazy=\"1\">\n\t\t<div class=\"module-buttons-item tf_inline_b\">\n\t\t\t\t\t\t<a href=\"https:\/\/www.uoradea.ro\/\" class=\"ui builder_button green\" >\n\t\t\t\t\t\t\t\t<span class=\"tf_inline_b tf_vmiddle\">Vizita\u021bi site-ul web<\/span>\n\t\t\t\t\t\t\t\t\t\t\t\t<\/a>\n\t\t\t\t\t\t<\/div>\n\t\t\t<\/div>\n<!-- \/module buttons -->\n\t\t\t\t<\/div><!-- .tb-column-inner -->\n\t\t\t\t\t\t<\/div><!-- .module_column -->\n\t\t\t\t\t\t<\/div><!-- .row_inner -->\n\t\t<\/div><!-- .module_row -->\n\t\t\t\t\t\t\t\t<!-- module_row -->\n\t\t<div  data-css_id=\"9div627\" data-lazy=\"1\" class=\"module_row themify_builder_row fullwidth_row_container tb_9div627 tf_w tf_clearfix\">\n\t\t\t\t\t<div class=\"row_inner col_align_middle tb_col_count_2 tf_box tf_rel\">\n\t\t\t\t\t<div  data-lazy=\"1\" class=\"module_column tb-column col4-2 tb_irgg627 first\">\n\t\t\t\t\t\t\t\t\t<div class=\"tb-column-inner tf_box tf_w\">\n\t\t\t\t<!-- module text -->\n<div  class=\"module module-text tb_rbvl628   \" data-lazy=\"1\">\n        <div  class=\"tb_text_wrap\">\n    <h3>IDEC Symvouloi Epicheiriseon Efarmoges Ypsilis Technologias Ekpaidefsi Anonymi Etaireia <br \/>(IDEC, Grecia)\u00a0<\/h3>\n<p>IDEC este o companie de consultan\u021b\u0103 \u0219i formare situat\u0103 \u00een Pireu, Grecia, \u00eenfiin\u021bat\u0103 din 1989. Activit\u0103\u021bile sale constau \u00een formare, consultan\u021b\u0103 \u00een management, asigurarea calit\u0103\u021bii, evaluare \u0219i dezvoltare de solu\u021bii digitale pentru sectorul privat \u0219i public. Clien\u021bii IDEC sunt at\u00e2t \u00eentreprinderi mici \u0219i mijlocii, c\u00e2t \u0219i cele mai mari companii grece\u0219ti dintr-o gam\u0103 larg\u0103 de sectoare. IDEC colaboreaz\u0103 cu peste 800 de institute din \u00eentreaga Europ\u0103 \u0219i cu aproximativ 300 de exper\u021bi \u00een domenii specifice.<\/p>    <\/div>\n<\/div>\n<!-- \/module text --><!-- module buttons -->\n<div  class=\"module module-buttons tb_2m75298 buttons-horizontal solid  circle\" data-lazy=\"1\">\n\t\t<div class=\"module-buttons-item tf_inline_b\">\n\t\t\t\t\t\t<a href=\"https:\/\/idec.gr\/\" class=\"ui builder_button green\" >\n\t\t\t\t\t\t\t\t<span class=\"tf_inline_b tf_vmiddle\">Vizita\u021bi site-ul web<\/span>\n\t\t\t\t\t\t\t\t\t\t\t\t<\/a>\n\t\t\t\t\t\t<\/div>\n\t\t\t<\/div>\n<!-- \/module buttons -->\n\t\t\t\t<\/div><!-- .tb-column-inner -->\n\t\t\t\t\t\t<\/div><!-- .module_column -->\n\t\t\t\t\t<div  data-lazy=\"1\" class=\"module_column tb-column col4-2 tb_xaoo628 last\">\n\t\t\t\t\t\t\t\t\t<div class=\"tb-column-inner tf_box tf_w\">\n\t\t\t\t<!-- module image -->\n<div  class=\"module module-image tb_2tgm628 rounded  image-center tf_mw\" data-lazy=\"1\" data-lax-translate-y=\"(vh*1) 0,(vh*0) -140\" data-lax=\"true\">\n        <div class=\"image-wrap tf_rel tf_mw\">\n\t\t    <a href=\"https:\/\/www.youtube.com\/watch?v=vcfNpDtVqOw\"\n\t        class=\"lightbox-builder themify_lightbox\" data-zoom-config=\"600px|px\"\t       >\n\t\t   \t\t<img loading=\"lazy\" decoding=\"async\" src=\"https:\/\/fashionedproject.eu\/wp-content\/uploads\/2024\/01\/Frame-27-4-367x190.png\" width=\"367\" height=\"190\" class=\"wp-post-image wp-image-850\" title=\"Frame 27 (4)\" alt=\"Frame 27 (4)\" srcset=\"https:\/\/fashionedproject.eu\/wp-content\/uploads\/2024\/01\/Frame-27-4.png 367w, https:\/\/fashionedproject.eu\/wp-content\/uploads\/2024\/01\/Frame-27-4-300x155.png 300w, https:\/\/fashionedproject.eu\/wp-content\/uploads\/2024\/01\/Frame-27-4-600x310.png 600w\" sizes=\"auto, (max-width: 367px) 100vw, 367px\" \/>\t    <\/a>\n\t\n\t\t<\/div>\n\t<!-- \/image-wrap -->\n    \n    \t<\/div>\n<!-- \/module image --><!-- module text -->\n<div  class=\"module module-text tb_8jvj249   \" data-lazy=\"1\">\n        <div  class=\"tb_text_wrap\">\n    <div class=\"uk-width-1-3@m uk-first-column\">\n<p style=\"text-align: center;\"><br \/>Cu sediul \u00een Pireu, Grecia<br \/>Telefon: +30 210 4286227<br \/>Email: info@idec.gr<\/p>\n<\/div>    <\/div>\n<\/div>\n<!-- \/module text -->\t\t\t\t<\/div><!-- .tb-column-inner -->\n\t\t\t\t\t\t<\/div><!-- .module_column -->\n\t\t\t\t\t\t<\/div><!-- .row_inner -->\n\t\t<\/div><!-- .module_row -->\n\t\t\t\t\t\t\t\t<!-- module_row -->\n\t\t<div  data-css_id=\"kz64140\" data-lazy=\"1\" class=\"module_row themify_builder_row fullwidth_row_container tb_kz64140 tf_w tf_clearfix\">\n\t\t\t\t\t<div class=\"row_inner col_align_middle tb_col_count_2 tf_box tf_rel\">\n\t\t\t\t\t<div  data-lazy=\"1\" class=\"module_column tb-column col4-2 tb_vuh1140 first\">\n\t\t\t\t\t\t\t\t\t<div class=\"tb-column-inner tf_box tf_w\">\n\t\t\t\t<!-- module image -->\n<div  class=\"module module-image tb_m3ub140 rounded  image-center tf_mw\" data-lazy=\"1\" data-lax-translate-y=\"(vh*1) 0,(vh*0) -140\" data-lax=\"true\">\n        <div class=\"image-wrap tf_rel tf_mw\">\n\t\t    <a href=\"https:\/\/www.youtube.com\/watch?v=vcfNpDtVqOw\"\n\t        class=\"lightbox-builder themify_lightbox\" data-zoom-config=\"600px|px\"\t       >\n\t\t   \t\t<img loading=\"lazy\" decoding=\"async\" src=\"https:\/\/fashionedproject.eu\/wp-content\/uploads\/2024\/01\/Frame-27-5-343x178.png\" width=\"343\" height=\"178\" class=\"wp-post-image wp-image-845\" title=\"Frame 27 (5)\" alt=\"Frame 27 (5)\" srcset=\"https:\/\/fashionedproject.eu\/wp-content\/uploads\/2024\/01\/Frame-27-5.png 343w, https:\/\/fashionedproject.eu\/wp-content\/uploads\/2024\/01\/Frame-27-5-300x156.png 300w, https:\/\/fashionedproject.eu\/wp-content\/uploads\/2024\/01\/Frame-27-5-600x311.png 600w\" sizes=\"auto, (max-width: 343px) 100vw, 343px\" \/>\t    <\/a>\n\t\n\t\t<\/div>\n\t<!-- \/image-wrap -->\n    \n    \t<\/div>\n<!-- \/module image --><!-- module text -->\n<div  class=\"module module-text tb_yje374   \" data-lazy=\"1\">\n        <div  class=\"tb_text_wrap\">\n    <p style=\"text-align: center;\">Cu sediul \u00een Leeuwarden, \u021a\u0103rile de Jos<br \/>Telefon: +31\u00a0 58 845 80 45<br \/>Email: info@bdfriesland.nl<\/p>    <\/div>\n<\/div>\n<!-- \/module text -->\t\t\t\t<\/div><!-- .tb-column-inner -->\n\t\t\t\t\t\t<\/div><!-- .module_column -->\n\t\t\t\t\t<div  data-lazy=\"1\" class=\"module_column tb-column col4-2 tb_45k0140 last\">\n\t\t\t\t\t\t\t\t\t<div class=\"tb-column-inner tf_box tf_w\">\n\t\t\t\t<!-- module text -->\n<div  class=\"module module-text tb_1osk140   \" data-lazy=\"1\">\n        <div  class=\"tb_text_wrap\">\n    <h3>STICHTING BUSINESS DEVELOPMENT FRIESLAND (BDF, \u021a\u0103rile de Jos)<\/h3>\n<p>Business Development Friesland (BDF) din Olanda preg\u0103te\u0219te, dezvolt\u0103, proiecteaz\u0103 \u0219i ofer\u0103 educa\u021bie practic\u0103 pentru a ajuta persoanele \u0219i organiza\u021biile s\u0103 se dezvolte. BDF ia ini\u021biative proprii \u00een acest sens \u0219i sunt adesea solicita\u021bi de c\u0103tre companii, \u0219coli, universit\u0103\u021bi sau guvern pentru a-i sprijini \u00een eforturile lor. BDF formeaz\u0103 leg\u0103tura \u00eentre afaceri, educa\u021bie \u0219i guvern \u0219i sprijin\u0103 organiza\u021biile \u00een realizarea ambi\u021biilor lor economice, interna\u021bionale \u0219i sociale.<\/p>    <\/div>\n<\/div>\n<!-- \/module text --><!-- module buttons -->\n<div  class=\"module module-buttons tb_rh7u582 buttons-horizontal solid  circle\" data-lazy=\"1\">\n\t\t<div class=\"module-buttons-item tf_inline_b\">\n\t\t\t\t\t\t<a href=\"https:\/\/www.bdfriesland.nl\/\" class=\"ui builder_button green\" >\n\t\t\t\t\t\t\t\t<span class=\"tf_inline_b tf_vmiddle\">Vizita\u021bi site-ul web<\/span>\n\t\t\t\t\t\t\t\t\t\t\t\t<\/a>\n\t\t\t\t\t\t<\/div>\n\t\t\t<\/div>\n<!-- \/module buttons -->\n\t\t\t\t<\/div><!-- .tb-column-inner -->\n\t\t\t\t\t\t<\/div><!-- .module_column -->\n\t\t\t\t\t\t<\/div><!-- .row_inner -->\n\t\t<\/div><!-- .module_row -->\n\t\t\t\t<\/div>\n<!--\/themify_builder_content-->","protected":false},"excerpt":{"rendered":"<p>Universitatea Politehnic\u0103 din Valencia (UPV, Spania) UPV este o institu\u021bie de \u00eenv\u0103\u021b\u0103m\u00e2nt superior public\u0103 implicat\u0103 activ \u00een proiecte de cooperare \u0219i mobilitate interna\u021bional\u0103. UPV g\u0103zduie\u0219te aproape 30.000 de studen\u021bi \u0219i are peste 4.000 de angaja\u021bi (personal didactic, de cercetare \u0219i administrativ). Este prima universitate tehnologic\u0103 din Spania conform clasamentelor interna\u021bionale (de exemplu, Clasamentul Shanghai al [&hellip;]<\/p>\n","protected":false},"author":1,"featured_media":0,"parent":0,"menu_order":0,"comment_status":"closed","ping_status":"closed","template":"","meta":{"footnotes":""},"class_list":["post-1139","page","type-page","status-publish","hentry","has-post-title","has-post-date","has-post-category","has-post-tag","has-post-comment","has-post-author",""],"builder_content":"<img src=\"https:\/\/fashionedproject.eu\/wp-content\/uploads\/2025\/12\/ro-2.png\" title=\"ro (2)\" alt=\"ro (2)\" srcset=\"https:\/\/fashionedproject.eu\/wp-content\/uploads\/2025\/12\/ro-2.png 1600w, https:\/\/fashionedproject.eu\/wp-content\/uploads\/2025\/12\/ro-2-300x65.png 300w, https:\/\/fashionedproject.eu\/wp-content\/uploads\/2025\/12\/ro-2-1024x220.png 1024w, https:\/\/fashionedproject.eu\/wp-content\/uploads\/2025\/12\/ro-2-768x165.png 768w, https:\/\/fashionedproject.eu\/wp-content\/uploads\/2025\/12\/ro-2-1536x330.png 1536w\" sizes=\"(max-width: 1600px) 100vw, 1600px\" \/>\n<h3>Universitatea Politehnic\u0103 din Valencia (UPV, Spania)<\/h3> <p>UPV este o institu\u021bie de \u00eenv\u0103\u021b\u0103m\u00e2nt superior public\u0103 implicat\u0103 activ \u00een proiecte de cooperare \u0219i mobilitate interna\u021bional\u0103. UPV g\u0103zduie\u0219te aproape 30.000 de studen\u021bi \u0219i are peste 4.000 de angaja\u021bi (personal didactic, de cercetare \u0219i administrativ). Este prima universitate tehnologic\u0103 din Spania conform clasamentelor interna\u021bionale (de exemplu, Clasamentul Shanghai al Universit\u0103\u021bilor Lumii) \u0219i ofer\u0103 45 de programe de licen\u021b\u0103, peste 85 de programe de masterat \u0219i 30 de programe de doctorat.<\/p>\n<a href=\"https:\/\/www.upv.es\/\" > Vizita\u021bi site-ul web <\/a>\n<a href=\"https:\/\/www.youtube.com\/watch?v=vcfNpDtVqOw\" data-zoom-config=\"600px|px\" > <img src=\"https:\/\/fashionedproject.eu\/wp-content\/uploads\/2024\/01\/Frame-27-367x190.png\" width=\"367\" height=\"190\" title=\"Frame 27\" alt=\"Frame 27\" srcset=\"https:\/\/fashionedproject.eu\/wp-content\/uploads\/2024\/01\/Frame-27.png 367w, https:\/\/fashionedproject.eu\/wp-content\/uploads\/2024\/01\/Frame-27-300x155.png 300w, https:\/\/fashionedproject.eu\/wp-content\/uploads\/2024\/01\/Frame-27-600x310.png 600w\" sizes=\"(max-width: 367px) 100vw, 367px\" \/> <\/a>\n<p style=\"text-align: center;\">Cu sediul \u00een Valencia, Spania<br \/>Telefon: +34 963 87 70 00<br \/>Email: pdiazga@upv.es<\/p>\n<a href=\"https:\/\/www.youtube.com\/watch?v=vcfNpDtVqOw\" data-zoom-config=\"600px|px\" > <img src=\"https:\/\/fashionedproject.eu\/wp-content\/uploads\/2024\/01\/Frame-27-1-367x190.png\" width=\"367\" height=\"190\" title=\"Frame 27 (1)\" alt=\"Frame 27 (1)\" srcset=\"https:\/\/fashionedproject.eu\/wp-content\/uploads\/2024\/01\/Frame-27-1.png 367w, https:\/\/fashionedproject.eu\/wp-content\/uploads\/2024\/01\/Frame-27-1-300x155.png 300w, https:\/\/fashionedproject.eu\/wp-content\/uploads\/2024\/01\/Frame-27-1-600x310.png 600w\" sizes=\"(max-width: 367px) 100vw, 367px\" \/> <\/a>\n<p style=\"text-align: center;\">Cu sediul \u00een Atena, Grecia<br \/>Telefon: +30 210 5381100<br \/>Email: gprin@uniwa.gr<\/p>\n<h3>Universitatea West Attica (PADA, Grecia)<\/h3> <p>Universitatea West Attica a fost \u00eenfiin\u021bat\u0103 \u00een 2018. Este rezultatul fuziunii dintre Universitatea de \u0218tiin\u021be Aplicate din Pireu \u0219i Universitatea de \u0218tiin\u021be Aplicate din Atena. Noua universitate este a treia universitate ca m\u0103rime din Grecia. Baz\u00e2ndu-se pe tradi\u021bia lung\u0103 \u0219i de succes a institutelor constitutive, universitatea ofer\u0103 o educa\u021bie de licen\u021b\u0103 \u0219i postuniversitar\u0103 de \u00eenalt\u0103 calitate, combinat\u0103 cu activit\u0103\u021bi intensive de cercetare \u00een domenii specifice. UNIWA men\u021bine parteneriate stabile cu alte institu\u021bii educa\u021bionale \u0219i de cercetare interne \u0219i interna\u021bionale pentru a \u00eembun\u0103t\u0103\u021bi continuu nivelul studiilor \u0219i cercet\u0103rii. UNIWA particip\u0103 activ \u00een mai multe programe na\u021bionale \u0219i ale Uniunii Europene pentru cooperare interna\u021bional\u0103, cercetare \u0219i diseminare a cuno\u0219tin\u021belor.<\/p>\n<a href=\"https:\/\/www.uniwa.gr\/\" > Vizita\u021bi site-ul web <\/a>\n<h3>Universitatea de Tehnologie din Kaunas (KTU, Lituania)<\/h3> <p>Fondat\u0103 \u00een 1922, Universitatea de Tehnologie din Kaunas (KTU) este cea mai mare \u0219i cea mai veche universitate tehnologic\u0103 din Lituania, \u0219i una dintre cele mai mari din statele baltice. Este una dintre universit\u0103\u021bile remarcabile din Lituania, care a ocupat pozi\u021bia de lider \u00een multe domenii ale studiilor \u0219i cercet\u0103rilor \u0219tiin\u021bifice. KTU se afl\u0103 \u00een primele 4% din universit\u0103\u021bile din lume. Prin integrarea educa\u021biei, cercet\u0103rii \u0219i afacerilor, KTU \u00ee\u0219i concentreaz\u0103 activit\u0103\u021bile pe \u00eembun\u0103t\u0103\u021birea calit\u0103\u021bii vie\u021bii umane \u0219i accelerarea dezvolt\u0103rii statului.<\/p>\n<a href=\"https:\/\/en.ktu.edu\/\" > Vizita\u021bi site-ul web <\/a>\n<a href=\"https:\/\/www.youtube.com\/watch?v=vcfNpDtVqOw\" data-zoom-config=\"600px|px\" > <img src=\"https:\/\/fashionedproject.eu\/wp-content\/uploads\/2024\/01\/Frame-27-2-367x190.png\" width=\"367\" height=\"190\" title=\"Frame 27 (2)\" alt=\"Frame 27 (2)\" srcset=\"https:\/\/fashionedproject.eu\/wp-content\/uploads\/2024\/01\/Frame-27-2.png 367w, https:\/\/fashionedproject.eu\/wp-content\/uploads\/2024\/01\/Frame-27-2-300x155.png 300w, https:\/\/fashionedproject.eu\/wp-content\/uploads\/2024\/01\/Frame-27-2-600x310.png 600w\" sizes=\"(max-width: 367px) 100vw, 367px\" \/> <\/a>\n<p style=\"text-align: center;\">Cu sediul \u00een Kaunas, Lituania<br \/>Telefon: +370 (37) 300 000<br \/>Email: rectorat@uoradea.ro<\/p>\n<a href=\"https:\/\/www.youtube.com\/watch?v=vcfNpDtVqOw\" data-zoom-config=\"600px|px\" > <img src=\"https:\/\/fashionedproject.eu\/wp-content\/uploads\/2024\/01\/Frame-27-3-367x190.png\" width=\"367\" height=\"190\" title=\"Frame 27 (3)\" alt=\"Frame 27 (3)\" srcset=\"https:\/\/fashionedproject.eu\/wp-content\/uploads\/2024\/01\/Frame-27-3.png 367w, https:\/\/fashionedproject.eu\/wp-content\/uploads\/2024\/01\/Frame-27-3-300x155.png 300w, https:\/\/fashionedproject.eu\/wp-content\/uploads\/2024\/01\/Frame-27-3-600x310.png 600w\" sizes=\"(max-width: 367px) 100vw, 367px\" \/> <\/a>\n<p style=\"text-align: center;\">Cu sediul \u00een Oradea, Rom\u00e2nia<br \/>Telefon: +40 259 432830<br \/>Email: rectorat@uoradea.ro<\/p>\n<h3>UNIVERSITATEA DIN ORADEA <br \/>(ORADEA, Romania)\u00a0<\/h3> <p>Universitatea din Oradea este structurat\u0103 \u00een 15 facult\u0103\u021bi, oferind o gam\u0103 larg\u0103 de programe de licen\u021b\u0103, masterat \u0219i doctorat, 49 de departamente, 27 de centre de cercetare \u0219i ofer\u0103 106 programe de licen\u021b\u0103, peste 66 programe de masterat \u0219i 7 \u0219coli doctorale. Universitatea are aproximativ 20.514 studen\u021bi la programele de studii universitare de licen\u021b\u0103, masterat \u0219i doctorat. Cercetarea \u0219i inovarea, transferul de cuno\u0219tin\u021be, precum \u0219i activit\u0103\u021bile antreprenoriale sunt centrale pentru misiunea \u0219i obiectivele universit\u0103\u021bii, a\u0219a cum este demonstrat de rezultatele unit\u0103\u021bilor \u0219i grupurilor sale de cercetare \u0219i dezvoltare.<\/p>\n<a href=\"https:\/\/www.uoradea.ro\/\" > Vizita\u021bi site-ul web <\/a>\n<h3>IDEC Symvouloi Epicheiriseon Efarmoges Ypsilis Technologias Ekpaidefsi Anonymi Etaireia <br \/>(IDEC, Grecia)\u00a0<\/h3> <p>IDEC este o companie de consultan\u021b\u0103 \u0219i formare situat\u0103 \u00een Pireu, Grecia, \u00eenfiin\u021bat\u0103 din 1989. Activit\u0103\u021bile sale constau \u00een formare, consultan\u021b\u0103 \u00een management, asigurarea calit\u0103\u021bii, evaluare \u0219i dezvoltare de solu\u021bii digitale pentru sectorul privat \u0219i public. Clien\u021bii IDEC sunt at\u00e2t \u00eentreprinderi mici \u0219i mijlocii, c\u00e2t \u0219i cele mai mari companii grece\u0219ti dintr-o gam\u0103 larg\u0103 de sectoare. IDEC colaboreaz\u0103 cu peste 800 de institute din \u00eentreaga Europ\u0103 \u0219i cu aproximativ 300 de exper\u021bi \u00een domenii specifice.<\/p>\n<a href=\"https:\/\/idec.gr\/\" > Vizita\u021bi site-ul web <\/a>\n<a href=\"https:\/\/www.youtube.com\/watch?v=vcfNpDtVqOw\" data-zoom-config=\"600px|px\" > <img src=\"https:\/\/fashionedproject.eu\/wp-content\/uploads\/2024\/01\/Frame-27-4-367x190.png\" width=\"367\" height=\"190\" title=\"Frame 27 (4)\" alt=\"Frame 27 (4)\" srcset=\"https:\/\/fashionedproject.eu\/wp-content\/uploads\/2024\/01\/Frame-27-4.png 367w, https:\/\/fashionedproject.eu\/wp-content\/uploads\/2024\/01\/Frame-27-4-300x155.png 300w, https:\/\/fashionedproject.eu\/wp-content\/uploads\/2024\/01\/Frame-27-4-600x310.png 600w\" sizes=\"(max-width: 367px) 100vw, 367px\" \/> <\/a>\n<p style=\"text-align: center;\"><br \/>Cu sediul \u00een Pireu, Grecia<br \/>Telefon: +30 210 4286227<br \/>Email: info@idec.gr<\/p>\n<a href=\"https:\/\/www.youtube.com\/watch?v=vcfNpDtVqOw\" data-zoom-config=\"600px|px\" > <img src=\"https:\/\/fashionedproject.eu\/wp-content\/uploads\/2024\/01\/Frame-27-5-343x178.png\" width=\"343\" height=\"178\" title=\"Frame 27 (5)\" alt=\"Frame 27 (5)\" srcset=\"https:\/\/fashionedproject.eu\/wp-content\/uploads\/2024\/01\/Frame-27-5.png 343w, https:\/\/fashionedproject.eu\/wp-content\/uploads\/2024\/01\/Frame-27-5-300x156.png 300w, https:\/\/fashionedproject.eu\/wp-content\/uploads\/2024\/01\/Frame-27-5-600x311.png 600w\" sizes=\"(max-width: 343px) 100vw, 343px\" \/> <\/a>\n<p style=\"text-align: center;\">Cu sediul \u00een Leeuwarden, \u021a\u0103rile de Jos<br \/>Telefon: +31\u00a0 58 845 80 45<br \/>Email: info@bdfriesland.nl<\/p>\n<h3>STICHTING BUSINESS DEVELOPMENT FRIESLAND (BDF, \u021a\u0103rile de Jos)<\/h3> <p>Business Development Friesland (BDF) din Olanda preg\u0103te\u0219te, dezvolt\u0103, proiecteaz\u0103 \u0219i ofer\u0103 educa\u021bie practic\u0103 pentru a ajuta persoanele \u0219i organiza\u021biile s\u0103 se dezvolte. BDF ia ini\u021biative proprii \u00een acest sens \u0219i sunt adesea solicita\u021bi de c\u0103tre companii, \u0219coli, universit\u0103\u021bi sau guvern pentru a-i sprijini \u00een eforturile lor. BDF formeaz\u0103 leg\u0103tura \u00eentre afaceri, educa\u021bie \u0219i guvern \u0219i sprijin\u0103 organiza\u021biile \u00een realizarea ambi\u021biilor lor economice, interna\u021bionale \u0219i sociale.<\/p>\n<a href=\"https:\/\/www.bdfriesland.nl\/\" > Vizita\u021bi site-ul web <\/a>","_links":{"self":[{"href":"https:\/\/fashionedproject.eu\/ro\/wp-json\/wp\/v2\/pages\/1139","targetHints":{"allow":["GET"]}}],"collection":[{"href":"https:\/\/fashionedproject.eu\/ro\/wp-json\/wp\/v2\/pages"}],"about":[{"href":"https:\/\/fashionedproject.eu\/ro\/wp-json\/wp\/v2\/types\/page"}],"author":[{"embeddable":true,"href":"https:\/\/fashionedproject.eu\/ro\/wp-json\/wp\/v2\/users\/1"}],"replies":[{"embeddable":true,"href":"https:\/\/fashionedproject.eu\/ro\/wp-json\/wp\/v2\/comments?post=1139"}],"version-history":[{"count":11,"href":"https:\/\/fashionedproject.eu\/ro\/wp-json\/wp\/v2\/pages\/1139\/revisions"}],"predecessor-version":[{"id":3889,"href":"https:\/\/fashionedproject.eu\/ro\/wp-json\/wp\/v2\/pages\/1139\/revisions\/3889"}],"wp:attachment":[{"href":"https:\/\/fashionedproject.eu\/ro\/wp-json\/wp\/v2\/media?parent=1139"}],"curies":[{"name":"wp","href":"https:\/\/api.w.org\/{rel}","templated":true}]}}